{"id":4726,"date":"2022-07-26T18:52:07","date_gmt":"2022-07-26T16:52:07","guid":{"rendered":"https:\/\/25anys.uic.es\/blog\/"},"modified":"2023-03-30T10:52:20","modified_gmt":"2023-03-30T08:52:20","slug":"blog","status":"publish","type":"page","link":"https:\/\/25anys.uic.es\/en\/blog\/","title":{"rendered":"Blog"},"content":{"rendered":"\t\t<div data-elementor-type=\"wp-page\" data-elementor-id=\"4726\" class=\"elementor elementor-4726 elementor-1645\" data-elementor-post-type=\"page\">\n\t\t\t\t\t\t<section class=\"elementor-section elementor-top-section elementor-element elementor-element-3de4578 elementor-section-boxed elementor-section-height-default elementor-section-height-default parallax_section_no qode_elementor_container_no\" data-id=\"3de4578\" data-element_type=\"section\" data-e-type=\"section\" data-settings=\"{&quot;background_background&quot;:&quot;classic&quot;}\">\n\t\t\t\t\t\t<div class=\"elementor-container elementor-column-gap-default\">\n\t\t\t\t\t<div class=\"elementor-column elementor-col-100 elementor-top-column elementor-element elementor-element-8db6efa\" data-id=\"8db6efa\" data-element_type=\"column\" data-e-type=\"column\">\n\t\t\t<div class=\"elementor-widget-wrap elementor-element-populated\">\n\t\t\t\t\t\t<div class=\"elementor-element elementor-element-329910b elementor-widget elementor-widget-heading\" data-id=\"329910b\" data-element_type=\"widget\" data-e-type=\"widget\" data-widget_type=\"heading.default\">\n\t\t\t\t<div class=\"elementor-widget-container\">\n\t\t\t\t\t<h2 class=\"elementor-heading-title elementor-size-default\"><a href=\"\/blog\">Blog<\/a><\/h2>\t\t\t\t<\/div>\n\t\t\t\t<\/div>\n\t\t\t\t<div class=\"elementor-element elementor-element-3cb3950 elementor-widget elementor-widget-heading\" data-id=\"3cb3950\" data-element_type=\"widget\" data-e-type=\"widget\" data-widget_type=\"heading.default\">\n\t\t\t\t<div class=\"elementor-widget-container\">\n\t\t\t\t\t<h2 class=\"elementor-heading-title elementor-size-default\">It\u2019s news<\/h2>\t\t\t\t<\/div>\n\t\t\t\t<\/div>\n\t\t\t\t<div class=\"elementor-element elementor-element-530b00b elementor-widget-divider--view-line elementor-widget elementor-widget-divider\" data-id=\"530b00b\" data-element_type=\"widget\" data-e-type=\"widget\" data-widget_type=\"divider.default\">\n\t\t\t\t<div class=\"elementor-widget-container\">\n\t\t\t\t\t\t\t<div class=\"elementor-divider\">\n\t\t\t<span class=\"elementor-divider-separator\">\n\t\t\t\t\t\t<\/span>\n\t\t<\/div>\n\t\t\t\t\t\t<\/div>\n\t\t\t\t<\/div>\n\t\t\t\t<div class=\"elementor-element elementor-element-2e75288 elementor-hidden-mobile elementor-widget elementor-widget-heading\" data-id=\"2e75288\" data-element_type=\"widget\" data-e-type=\"widget\" data-widget_type=\"heading.default\">\n\t\t\t\t<div class=\"elementor-widget-container\">\n\t\t\t\t\t<h2 class=\"elementor-heading-title elementor-size-default\">HIGHLIGHTS<\/h2>\t\t\t\t<\/div>\n\t\t\t\t<\/div>\n\t\t\t\t<div class=\"elementor-element elementor-element-f28d001 elementor-hidden-widescreen elementor-hidden-desktop elementor-hidden-tablet elementor-widget elementor-widget-heading\" data-id=\"f28d001\" data-element_type=\"widget\" data-e-type=\"widget\" data-widget_type=\"heading.default\">\n\t\t\t\t<div class=\"elementor-widget-container\">\n\t\t\t\t\t<h2 class=\"elementor-heading-title elementor-size-default\">HIGH<br>LIGHTS<\/h2>\t\t\t\t<\/div>\n\t\t\t\t<\/div>\n\t\t\t\t<div class=\"elementor-element elementor-element-6c7f982 elementor-widget elementor-widget-heading\" data-id=\"6c7f982\" data-element_type=\"widget\" data-e-type=\"widget\" data-widget_type=\"heading.default\">\n\t\t\t\t<div class=\"elementor-widget-container\">\n\t\t\t\t\t<h2 class=\"elementor-heading-title elementor-size-default\">Relive the most special moments of this commemorative year, in the words of its protagonists.<\/h2>\t\t\t\t<\/div>\n\t\t\t\t<\/div>\n\t\t\t\t\t<\/div>\n\t\t<\/div>\n\t\t\t\t\t<\/div>\n\t\t<\/section>\n\t\t\t\t<section class=\"elementor-section elementor-top-section elementor-element elementor-element-3d5fb69 elementor-section-boxed elementor-section-height-default elementor-section-height-default parallax_section_no qode_elementor_container_no\" data-id=\"3d5fb69\" data-element_type=\"section\" data-e-type=\"section\" data-settings=\"{&quot;background_background&quot;:&quot;classic&quot;,&quot;motion_fx_motion_fx_scrolling&quot;:&quot;yes&quot;,&quot;motion_fx_devices&quot;:[&quot;widescreen&quot;,&quot;desktop&quot;,&quot;tablet&quot;,&quot;mobile&quot;]}\">\n\t\t\t\t\t\t\t<div class=\"elementor-background-overlay\"><\/div>\n\t\t\t\t\t\t\t<div class=\"elementor-container elementor-column-gap-extended\">\n\t\t\t\t\t<div class=\"elementor-column elementor-col-100 elementor-top-column elementor-element elementor-element-f75661d\" data-id=\"f75661d\" data-element_type=\"column\" data-e-type=\"column\">\n\t\t\t<div class=\"elementor-widget-wrap elementor-element-populated\">\n\t\t\t\t\t\t<section class=\"elementor-section elementor-inner-section elementor-element elementor-element-9ec8432 elementor-section-boxed elementor-section-height-default elementor-section-height-default parallax_section_no qode_elementor_container_no\" data-id=\"9ec8432\" data-element_type=\"section\" data-e-type=\"section\">\n\t\t\t\t\t\t<div class=\"elementor-container elementor-column-gap-default\">\n\t\t\t\t\t<div class=\"elementor-column elementor-col-33 elementor-inner-column elementor-element elementor-element-15841f8\" data-id=\"15841f8\" data-element_type=\"column\" data-e-type=\"column\">\n\t\t\t<div class=\"elementor-widget-wrap elementor-element-populated\">\n\t\t\t\t\t\t<div class=\"elementor-element elementor-element-5192b76 elementor-align-right elementor-tablet-align-left elementor-widget elementor-widget-button\" data-id=\"5192b76\" data-element_type=\"widget\" data-e-type=\"widget\" data-widget_type=\"button.default\">\n\t\t\t\t<div class=\"elementor-widget-container\">\n\t\t\t\t\t\t\t\t\t<div class=\"elementor-button-wrapper\">\n\t\t\t\t\t<a class=\"elementor-button elementor-button-link elementor-size-xs\" href=\"https:\/\/25anys.uic.es\/en\/category\/news\/\/\">\n\t\t\t\t\t\t<span class=\"elementor-button-content-wrapper\">\n\t\t\t\t\t\t\t\t\t<span class=\"elementor-button-text\">News<\/span>\n\t\t\t\t\t<\/span>\n\t\t\t\t\t<\/a>\n\t\t\t\t<\/div>\n\t\t\t\t\t\t\t\t<\/div>\n\t\t\t\t<\/div>\n\t\t\t\t\t<\/div>\n\t\t<\/div>\n\t\t\t\t<div class=\"elementor-column elementor-col-33 elementor-inner-column elementor-element elementor-element-1a02b50\" data-id=\"1a02b50\" data-element_type=\"column\" data-e-type=\"column\">\n\t\t\t<div class=\"elementor-widget-wrap elementor-element-populated\">\n\t\t\t\t\t\t<div class=\"elementor-element elementor-element-81cd13f elementor-align-right elementor-tablet-align-left elementor-widget elementor-widget-button\" data-id=\"81cd13f\" data-element_type=\"widget\" data-e-type=\"widget\" data-widget_type=\"button.default\">\n\t\t\t\t<div class=\"elementor-widget-container\">\n\t\t\t\t\t\t\t\t\t<div class=\"elementor-button-wrapper\">\n\t\t\t\t\t<a class=\"elementor-button elementor-button-link elementor-size-xs\" href=\"https:\/\/25anys.uic.es\/category\/veus\/\">\n\t\t\t\t\t\t<span class=\"elementor-button-content-wrapper\">\n\t\t\t\t\t\t\t\t\t<span class=\"elementor-button-text\">Voices<\/span>\n\t\t\t\t\t<\/span>\n\t\t\t\t\t<\/a>\n\t\t\t\t<\/div>\n\t\t\t\t\t\t\t\t<\/div>\n\t\t\t\t<\/div>\n\t\t\t\t\t<\/div>\n\t\t<\/div>\n\t\t\t\t<div class=\"elementor-column elementor-col-33 elementor-inner-column elementor-element elementor-element-3ebea94\" data-id=\"3ebea94\" data-element_type=\"column\" data-e-type=\"column\">\n\t\t\t<div class=\"elementor-widget-wrap elementor-element-populated\">\n\t\t\t\t\t\t<div class=\"elementor-element elementor-element-a82c2eb elementor-align-right elementor-tablet-align-left elementor-widget elementor-widget-button\" data-id=\"a82c2eb\" data-element_type=\"widget\" data-e-type=\"widget\" data-widget_type=\"button.default\">\n\t\t\t\t<div class=\"elementor-widget-container\">\n\t\t\t\t\t\t\t\t\t<div class=\"elementor-button-wrapper\">\n\t\t\t\t\t<a class=\"elementor-button elementor-button-link elementor-size-xs\" href=\"https:\/\/25anys.uic.es\/en\/category\/in-depth-en\/\">\n\t\t\t\t\t\t<span class=\"elementor-button-content-wrapper\">\n\t\t\t\t\t\t\t\t\t<span class=\"elementor-button-text\">In depth<\/span>\n\t\t\t\t\t<\/span>\n\t\t\t\t\t<\/a>\n\t\t\t\t<\/div>\n\t\t\t\t\t\t\t\t<\/div>\n\t\t\t\t<\/div>\n\t\t\t\t\t<\/div>\n\t\t<\/div>\n\t\t\t\t\t<\/div>\n\t\t<\/section>\n\t\t\t\t<div class=\"elementor-element elementor-element-9847ec8 elementor-widget elementor-widget-qi_addons_for_elementor_blog_list\" data-id=\"9847ec8\" data-element_type=\"widget\" data-e-type=\"widget\" data-widget_type=\"qi_addons_for_elementor_blog_list.default\">\n\t\t\t\t<div class=\"elementor-widget-container\">\n\t\t\t\t\t<div class=\"qodef-shortcode qodef-m qodef-addons-blog-list qodef-info-no-icons qodef-image--hover-zoom qodef-qi-grid qodef-layout--qi-columns qodef-col-num--1 qodef-item-layout--side-image qodef-responsive--predefined\" >\n\t<div class=\"qodef-grid-inner\">\n\t\t<article class=\"qodef-e qodef-blog-item qodef-grid-item qodef-item--custom post-8641 post type-post status-publish format-standard has-post-thumbnail hentry category-in-depth-en tag-25-years tag-global-meeting-en tag-uic-barcelona-en tag-uic-bcn-en tag-universitat-internacional-de-barcelona-en\">\n\t<div class=\"qodef-e-inner\">\n\t\t<div class=\"qodef-e-media\">\n\t\t<div class=\"qodef-e-media-image\">\n\t\t<a itemprop=\"url\" href=\"https:\/\/25anys.uic.es\/en\/2-5-minutes-that-summarised-25-years-of-history\/\">\n\t\t\t<img fetchpriority=\"high\" decoding=\"async\" src=\"https:\/\/25anys.uic.es\/wp-content\/uploads\/2023\/06\/230621-GLOBAL-MEETING-UIC-BARCELONA-126-500x300.jpg\" alt=\"GLOBAL MEETING UIC BARCELONA\" width=\"500\" height=\"300\" \/>\t\t<\/a>\n\t\t\t<\/div>\n<\/div>\n\t\t<div class=\"qodef-e-content\">\n\t\t\t\t\t\t\t<div class=\"qodef-e-info qodef-info--top\">\n\t\t\t\t\t<div class=\"qodef-e-info-item qodef-e-info-category\">\n\t\t<a href=\"https:\/\/25anys.uic.es\/en\/category\/in-depth-en\/\" rel=\"category tag\">In depth<\/a><\/div>\n\t\t\t\t<\/div>\n\t\t\t\t\t\t<div class=\"qodef-e-text\">\n\t\t\t\t<h5 itemprop=\"name\" class=\"qodef-e-title entry-title\">\n\t<a itemprop=\"url\" class=\"qodef-e-title-link\" href=\"https:\/\/25anys.uic.es\/en\/2-5-minutes-that-summarised-25-years-of-history\/\">\n\t\t2.5 minutes that summarised 25 years of history\t<\/a>\n<\/h5>\n\t\t<p itemprop=\"description\" class=\"qodef-e-excerpt\">\n\t\t\tTwo and half minutes. Maybe three. Or four. It doesn\u2019t matter. Two-plus minutes in which Joel Bueno, a young man with spastic cerebral palsy who once told his parents that he wanted to be a musician, received a standing ovation.\t\t<\/p>\n\t\t\t\t<\/div>\n\t\t\t\t\t<\/div>\n\t<\/div>\n<\/article>\n<article class=\"qodef-e qodef-blog-item qodef-grid-item qodef-item--custom post-8143 post type-post status-publish format-standard has-post-thumbnail hentry category-voices-en tag-bruera-en tag-honoris-causa-en tag-interview tag-uic-en\">\n\t<div class=\"qodef-e-inner\">\n\t\t<div class=\"qodef-e-media\">\n\t\t<div class=\"qodef-e-media-image\">\n\t\t<a itemprop=\"url\" href=\"https:\/\/25anys.uic.es\/en\/interview-with-dr-eduardo-bruera-new-doctor-honoris-causa-of-the-university\/\">\n\t\t\t<img decoding=\"async\" src=\"https:\/\/25anys.uic.es\/wp-content\/uploads\/2023\/06\/Eduardo_Bruera_01_1920x1280-1-500x300.jpg\" alt=\"\" width=\"500\" height=\"300\" \/>\t\t<\/a>\n\t\t\t<\/div>\n<\/div>\n\t\t<div class=\"qodef-e-content\">\n\t\t\t\t\t\t\t<div class=\"qodef-e-info qodef-info--top\">\n\t\t\t\t\t<div class=\"qodef-e-info-item qodef-e-info-category\">\n\t\t<a href=\"https:\/\/25anys.uic.es\/en\/category\/voices-en\/\" rel=\"category tag\">Voices<\/a><\/div>\n\t\t\t\t<\/div>\n\t\t\t\t\t\t<div class=\"qodef-e-text\">\n\t\t\t\t<h5 itemprop=\"name\" class=\"qodef-e-title entry-title\">\n\t<a itemprop=\"url\" class=\"qodef-e-title-link\" href=\"https:\/\/25anys.uic.es\/en\/interview-with-dr-eduardo-bruera-new-doctor-honoris-causa-of-the-university\/\">\n\t\tInterview with Dr Eduardo Bruera, new doctor honoris causa of the University\t<\/a>\n<\/h5>\n\t\t<p itemprop=\"description\" class=\"qodef-e-excerpt\">\n\t\t\t\u201cArtificial intelligence cannot replace the ability that palliative care doctors have to listen and support.\u201d\t\t<\/p>\n\t\t\t\t<\/div>\n\t\t\t\t\t<\/div>\n\t<\/div>\n<\/article>\n<article class=\"qodef-e qodef-blog-item qodef-grid-item qodef-item--custom post-6728 post type-post status-publish format-standard has-post-thumbnail hentry category-voices-en\">\n\t<div class=\"qodef-e-inner\">\n\t\t<div class=\"qodef-e-media\">\n\t\t<div class=\"qodef-e-media-image\">\n\t\t<a itemprop=\"url\" href=\"https:\/\/25anys.uic.es\/en\/we-interview-sara-eltokhy\/\">\n\t\t\t<img decoding=\"async\" src=\"https:\/\/25anys.uic.es\/wp-content\/uploads\/2023\/03\/Sara_Eltoky-500x300.jpg\" alt=\"Sara Eltoky de UIC Barcelona\" width=\"500\" height=\"300\" \/>\t\t<\/a>\n\t\t\t<\/div>\n<\/div>\n\t\t<div class=\"qodef-e-content\">\n\t\t\t\t\t\t\t<div class=\"qodef-e-info qodef-info--top\">\n\t\t\t\t\t<div class=\"qodef-e-info-item qodef-e-info-category\">\n\t\t<a href=\"https:\/\/25anys.uic.es\/en\/category\/voices-en\/\" rel=\"category tag\">Voices<\/a><\/div>\n\t\t\t\t<\/div>\n\t\t\t\t\t\t<div class=\"qodef-e-text\">\n\t\t\t\t<h5 itemprop=\"name\" class=\"qodef-e-title entry-title\">\n\t<a itemprop=\"url\" class=\"qodef-e-title-link\" href=\"https:\/\/25anys.uic.es\/en\/we-interview-sara-eltokhy\/\">\n\t\tWe interview Sara Eltokhy\t<\/a>\n<\/h5>\n\t\t<p itemprop=\"description\" class=\"qodef-e-excerpt\">\n\t\t\tSara Eltokhy is a PHD student through the RMIT European Doctoral Innovators (REDI) Programme, funded through the European Union\u2019s Marie Curie COFUND Grant Programme. The project is led by RMIT Europe, the European hub of the Royal Melbourne Institute of Technology (RMIT University) and coordinated by UIC Barcelona School of Architecture professor Dr. Carmen Mendoza-Arroyo.\t\t<\/p>\n\t\t\t\t<\/div>\n\t\t\t\t\t<\/div>\n\t<\/div>\n<\/article>\n<article class=\"qodef-e qodef-blog-item qodef-grid-item qodef-item--custom post-7258 post type-post status-publish format-standard has-post-thumbnail hentry category-news-en\">\n\t<div class=\"qodef-e-inner\">\n\t\t<div class=\"qodef-e-media\">\n\t\t<div class=\"qodef-e-media-image\">\n\t\t<a itemprop=\"url\" href=\"https:\/\/25anys.uic.es\/en\/unique-women-legacy-of-four-pioneering-artists-with-cases-singulares\/\">\n\t\t\t<img loading=\"lazy\" decoding=\"async\" src=\"https:\/\/25anys.uic.es\/wp-content\/uploads\/2023\/03\/Judith_Urbano-500x300.jpg\" alt=\"Judith Urbano, degana de la Facultat d&#039;Humanitats de UIC Barcelona\" width=\"500\" height=\"300\" \/>\t\t<\/a>\n\t\t\t<\/div>\n<\/div>\n\t\t<div class=\"qodef-e-content\">\n\t\t\t\t\t\t\t<div class=\"qodef-e-info qodef-info--top\">\n\t\t\t\t\t<div class=\"qodef-e-info-item qodef-e-info-category\">\n\t\t<a href=\"https:\/\/25anys.uic.es\/en\/category\/news-en\/\" rel=\"category tag\">News<\/a><\/div>\n\t\t\t\t<\/div>\n\t\t\t\t\t\t<div class=\"qodef-e-text\">\n\t\t\t\t<h5 itemprop=\"name\" class=\"qodef-e-title entry-title\">\n\t<a itemprop=\"url\" class=\"qodef-e-title-link\" href=\"https:\/\/25anys.uic.es\/en\/unique-women-legacy-of-four-pioneering-artists-with-cases-singulares\/\">\n\t\t\u201cUnique Women: Legacy of Four Pioneering Artists\u201d with Cases Singulares\t<\/a>\n<\/h5>\n\t\t<p itemprop=\"description\" class=\"qodef-e-excerpt\">\n\t\t\tOn International Women\u2019s Day, Cases Singulars organised a conference at UIC Barcelona: \u201cWomen artists paint unique women.\u201d The current edition looked at the artistic careers of four pioneering women of the late nineteenth century: actress Sarah Bernhardt, writer Dolors Monserd\u00e0, dancer Lo\u00efe Fuller and modernist painter Llu\u00efsa Vidal.\t\t<\/p>\n\t\t\t\t<\/div>\n\t\t\t\t\t<\/div>\n\t<\/div>\n<\/article>\n<article class=\"qodef-e qodef-blog-item qodef-grid-item qodef-item--custom post-7120 post type-post status-publish format-standard has-post-thumbnail hentry category-news-en\">\n\t<div class=\"qodef-e-inner\">\n\t\t<div class=\"qodef-e-media\">\n\t\t<div class=\"qodef-e-media-image\">\n\t\t<a itemprop=\"url\" href=\"https:\/\/25anys.uic.es\/en\/women-and-science-exhibition\/\">\n\t\t\t<img loading=\"lazy\" decoding=\"async\" src=\"https:\/\/25anys.uic.es\/wp-content\/uploads\/2023\/03\/Expo_donaiciencia_2023_1200x800-500x300.jpg\" alt=\"Exposici\u00f3 &quot;Dona i ci\u00e8ncia&quot; de UIC Barcelona\" width=\"500\" height=\"300\" \/>\t\t<\/a>\n\t\t\t<\/div>\n<\/div>\n\t\t<div class=\"qodef-e-content\">\n\t\t\t\t\t\t\t<div class=\"qodef-e-info qodef-info--top\">\n\t\t\t\t\t<div class=\"qodef-e-info-item qodef-e-info-category\">\n\t\t<a href=\"https:\/\/25anys.uic.es\/en\/category\/news-en\/\" rel=\"category tag\">News<\/a><\/div>\n\t\t\t\t<\/div>\n\t\t\t\t\t\t<div class=\"qodef-e-text\">\n\t\t\t\t<h5 itemprop=\"name\" class=\"qodef-e-title entry-title\">\n\t<a itemprop=\"url\" class=\"qodef-e-title-link\" href=\"https:\/\/25anys.uic.es\/en\/women-and-science-exhibition\/\">\n\t\t\u2018Women and Science\u2019 Exhibition\t<\/a>\n<\/h5>\n\t\t<p itemprop=\"description\" class=\"qodef-e-excerpt\">\n\t\t\tTo mark International Day of Women and Girls in Science on 11 February, the exhibition \u2018Women and Science\u2019 was held on both UIC Barcelona campuses until 8 March to commemorate and recognise the careers of all the women of our university who have contributed to advances in science and technology.\t\t<\/p>\n\t\t\t\t<\/div>\n\t\t\t\t\t<\/div>\n\t<\/div>\n<\/article>\n<article class=\"qodef-e qodef-blog-item qodef-grid-item qodef-item--custom post-7126 post type-post status-publish format-standard has-post-thumbnail hentry category-in-depth-en\">\n\t<div class=\"qodef-e-inner\">\n\t\t<div class=\"qodef-e-media\">\n\t\t<div class=\"qodef-e-media-image\">\n\t\t<a itemprop=\"url\" href=\"https:\/\/25anys.uic.es\/en\/know-the-equality-unit\/\">\n\t\t\t<img loading=\"lazy\" decoding=\"async\" src=\"https:\/\/25anys.uic.es\/wp-content\/uploads\/2023\/03\/GRUP_UNITAT_IGUALTAT_200727-500x300.jpg\" alt=\"Equip de la Unitat d&#039;Igualtat de UIC Barcelona\" width=\"500\" height=\"300\" \/>\t\t<\/a>\n\t\t\t<\/div>\n<\/div>\n\t\t<div class=\"qodef-e-content\">\n\t\t\t\t\t\t\t<div class=\"qodef-e-info qodef-info--top\">\n\t\t\t\t\t<div class=\"qodef-e-info-item qodef-e-info-category\">\n\t\t<a href=\"https:\/\/25anys.uic.es\/en\/category\/in-depth-en\/\" rel=\"category tag\">In depth<\/a><\/div>\n\t\t\t\t<\/div>\n\t\t\t\t\t\t<div class=\"qodef-e-text\">\n\t\t\t\t<h5 itemprop=\"name\" class=\"qodef-e-title entry-title\">\n\t<a itemprop=\"url\" class=\"qodef-e-title-link\" href=\"https:\/\/25anys.uic.es\/en\/know-the-equality-unit\/\">\n\t\tKnow the Equality Unit\t<\/a>\n<\/h5>\n\t\t<p itemprop=\"description\" class=\"qodef-e-excerpt\">\n\t\t\tTrue to its ideology, UIC Barcelona remains firm its commitment to equal opportunities and the principle of non-discrimination. With this in mind, the Equality Office aims to ensure the improvement of the working conditions of all the workers that make up this institution.\t\t<\/p>\n\t\t\t\t<\/div>\n\t\t\t\t\t<\/div>\n\t<\/div>\n<\/article>\n<article class=\"qodef-e qodef-blog-item qodef-grid-item qodef-item--custom post-7122 post type-post status-publish format-standard has-post-thumbnail hentry category-news-en\">\n\t<div class=\"qodef-e-inner\">\n\t\t<div class=\"qodef-e-media\">\n\t\t<div class=\"qodef-e-media-image\">\n\t\t<a itemprop=\"url\" href=\"https:\/\/25anys.uic.es\/en\/the-presence-of-women-in-uic-barcelona\/\">\n\t\t\t<img loading=\"lazy\" decoding=\"async\" src=\"https:\/\/25anys.uic.es\/wp-content\/uploads\/2023\/03\/DIRCOM-8M-2023_Web_Agenda_1200x800-500x300.jpg\" alt=\"\" width=\"500\" height=\"300\" \/>\t\t<\/a>\n\t\t\t<\/div>\n<\/div>\n\t\t<div class=\"qodef-e-content\">\n\t\t\t\t\t\t\t<div class=\"qodef-e-info qodef-info--top\">\n\t\t\t\t\t<div class=\"qodef-e-info-item qodef-e-info-category\">\n\t\t<a href=\"https:\/\/25anys.uic.es\/en\/category\/news-en\/\" rel=\"category tag\">News<\/a><\/div>\n\t\t\t\t<\/div>\n\t\t\t\t\t\t<div class=\"qodef-e-text\">\n\t\t\t\t<h5 itemprop=\"name\" class=\"qodef-e-title entry-title\">\n\t<a itemprop=\"url\" class=\"qodef-e-title-link\" href=\"https:\/\/25anys.uic.es\/en\/the-presence-of-women-in-uic-barcelona\/\">\n\t\tThe presence of women in UIC Barcelona\t<\/a>\n<\/h5>\n\t\t<p itemprop=\"description\" class=\"qodef-e-excerpt\">\n\t\t\tIn our university, the presence of women is above the university average. For example, there is gender parity on the Board of Governors and faculty boards of the University. As for research, almost 70% of European projects are led by women, and 40% of the institutes and research centres of the University are led by women.\t\t<\/p>\n\t\t\t\t<\/div>\n\t\t\t\t\t<\/div>\n\t<\/div>\n<\/article>\n<article class=\"qodef-e qodef-blog-item qodef-grid-item qodef-item--custom post-7128 post type-post status-publish format-standard has-post-thumbnail hentry category-voices-en\">\n\t<div class=\"qodef-e-inner\">\n\t\t<div class=\"qodef-e-media\">\n\t\t<div class=\"qodef-e-media-image\">\n\t\t<a itemprop=\"url\" href=\"https:\/\/25anys.uic.es\/en\/we-interview-dr-dr-consuelo-leon-director-of-the-uic-barcelona-equality-office\/\">\n\t\t\t<img loading=\"lazy\" decoding=\"async\" src=\"https:\/\/25anys.uic.es\/wp-content\/uploads\/2023\/03\/CHELO_LEON_200727-500x300.jpg\" alt=\"Consuelo Le\u00f3n, directora de la Unitat d&#039;Igualtat de UIC Barcelona\" width=\"500\" height=\"300\" \/>\t\t<\/a>\n\t\t\t<\/div>\n<\/div>\n\t\t<div class=\"qodef-e-content\">\n\t\t\t\t\t\t\t<div class=\"qodef-e-info qodef-info--top\">\n\t\t\t\t\t<div class=\"qodef-e-info-item qodef-e-info-category\">\n\t\t<a href=\"https:\/\/25anys.uic.es\/en\/category\/voices-en\/\" rel=\"category tag\">Voices<\/a><\/div>\n\t\t\t\t<\/div>\n\t\t\t\t\t\t<div class=\"qodef-e-text\">\n\t\t\t\t<h5 itemprop=\"name\" class=\"qodef-e-title entry-title\">\n\t<a itemprop=\"url\" class=\"qodef-e-title-link\" href=\"https:\/\/25anys.uic.es\/en\/we-interview-dr-dr-consuelo-leon-director-of-the-uic-barcelona-equality-office\/\">\n\t\tWe interview Dr. Dr Consuelo Leon, director of the UIC Barcelona Equality Office\t<\/a>\n<\/h5>\n\t\t<p itemprop=\"description\" class=\"qodef-e-excerpt\">\n\t\t\tIt is a service born out of the commitment to work in the promotion and development of equal opportunities for the entire university community. Our job is to raise awareness, inform, attend consultations and collaborate in the networking of other equality offices in the Spanish and Catalan university system..\t\t<\/p>\n\t\t\t\t<\/div>\n\t\t\t\t\t<\/div>\n\t<\/div>\n<\/article>\n<article class=\"qodef-e qodef-blog-item qodef-grid-item qodef-item--custom post-6539 post type-post status-publish format-standard has-post-thumbnail hentry category-news-en\">\n\t<div class=\"qodef-e-inner\">\n\t\t<div class=\"qodef-e-media\">\n\t\t<div class=\"qodef-e-media-image\">\n\t\t<a itemprop=\"url\" href=\"https:\/\/25anys.uic.es\/en\/dentistry-in-the-worlds-top-2-scientists-ranking\/\">\n\t\t\t<img loading=\"lazy\" decoding=\"async\" src=\"https:\/\/25anys.uic.es\/wp-content\/uploads\/2023\/02\/230214-PMacM-0260-2-500x300.jpg\" alt=\"\" width=\"500\" height=\"300\" \/>\t\t<\/a>\n\t\t\t<\/div>\n<\/div>\n\t\t<div class=\"qodef-e-content\">\n\t\t\t\t\t\t\t<div class=\"qodef-e-info qodef-info--top\">\n\t\t\t\t\t<div class=\"qodef-e-info-item qodef-e-info-category\">\n\t\t<a href=\"https:\/\/25anys.uic.es\/en\/category\/news-en\/\" rel=\"category tag\">News<\/a><\/div>\n\t\t\t\t<\/div>\n\t\t\t\t\t\t<div class=\"qodef-e-text\">\n\t\t\t\t<h5 itemprop=\"name\" class=\"qodef-e-title entry-title\">\n\t<a itemprop=\"url\" class=\"qodef-e-title-link\" href=\"https:\/\/25anys.uic.es\/en\/dentistry-in-the-worlds-top-2-scientists-ranking\/\">\n\t\tDentistry in the World\u2019s Top 2% Scientists Ranking\t<\/a>\n<\/h5>\n\t\t<p itemprop=\"description\" class=\"qodef-e-excerpt\">\n\t\t\tThe prestigious classification recognises the impact of the scientific work of lecturers Federico Hern\u00e1ndez-Alfaro, Jos\u00e9 Nart, Alberto Monje and Conrado Aparicio over the last year as being the most cited in the world.\t\t<\/p>\n\t\t\t\t<\/div>\n\t\t\t\t\t<\/div>\n\t<\/div>\n<\/article>\n<article class=\"qodef-e qodef-blog-item qodef-grid-item qodef-item--custom post-6541 post type-post status-publish format-standard has-post-thumbnail hentry category-in-depth-en\">\n\t<div class=\"qodef-e-inner\">\n\t\t<div class=\"qodef-e-media\">\n\t\t<div class=\"qodef-e-media-image\">\n\t\t<a itemprop=\"url\" href=\"https:\/\/25anys.uic.es\/en\/simulation-takes-main-stage-in-the-innovation-of-uic-barcelona-classrooms\/\">\n\t\t\t<img loading=\"lazy\" decoding=\"async\" src=\"https:\/\/25anys.uic.es\/wp-content\/uploads\/2023\/02\/21060756365z-500x300.jpg\" alt=\"Simulaci\u00f3 a la Facultat d&#039;Odontologia de UIC Barcelona\" width=\"500\" height=\"300\" \/>\t\t<\/a>\n\t\t\t<\/div>\n<\/div>\n\t\t<div class=\"qodef-e-content\">\n\t\t\t\t\t\t\t<div class=\"qodef-e-info qodef-info--top\">\n\t\t\t\t\t<div class=\"qodef-e-info-item qodef-e-info-category\">\n\t\t<a href=\"https:\/\/25anys.uic.es\/en\/category\/in-depth-en\/\" rel=\"category tag\">In depth<\/a><\/div>\n\t\t\t\t<\/div>\n\t\t\t\t\t\t<div class=\"qodef-e-text\">\n\t\t\t\t<h5 itemprop=\"name\" class=\"qodef-e-title entry-title\">\n\t<a itemprop=\"url\" class=\"qodef-e-title-link\" href=\"https:\/\/25anys.uic.es\/en\/simulation-takes-main-stage-in-the-innovation-of-uic-barcelona-classrooms\/\">\n\t\tSimulation takes main stage in the innovation of UIC Barcelona classrooms\t<\/a>\n<\/h5>\n\t\t<p itemprop=\"description\" class=\"qodef-e-excerpt\">\n\t\t\tUIC Barcelona believes teaching innovation is an essential element in learning. In this light the University has developed the Teaching Innovation Classroom, which promotes innovative projects in class, encourages concern for research in teaching innovation and promotes the continuous improvement of teaching processes.\t\t<\/p>\n\t\t\t\t<\/div>\n\t\t\t\t\t<\/div>\n\t<\/div>\n<\/article>\n<article class=\"qodef-e qodef-blog-item qodef-grid-item qodef-item--custom post-6545 post type-post status-publish format-standard has-post-thumbnail hentry category-news-en\">\n\t<div class=\"qodef-e-inner\">\n\t\t<div class=\"qodef-e-media\">\n\t\t<div class=\"qodef-e-media-image\">\n\t\t<a itemprop=\"url\" href=\"https:\/\/25anys.uic.es\/en\/31-of-the-company-chairs-of-the-university-are-in-the-field-of-dentistry\/\">\n\t\t\t<img loading=\"lazy\" decoding=\"async\" src=\"https:\/\/25anys.uic.es\/wp-content\/uploads\/2023\/02\/220523-PMacM-9647-500x300.jpg\" alt=\"C\u00e0tedres d&#039;empresa d&#039;Odontologia a UIC Barcelona\" width=\"500\" height=\"300\" \/>\t\t<\/a>\n\t\t\t<\/div>\n<\/div>\n\t\t<div class=\"qodef-e-content\">\n\t\t\t\t\t\t\t<div class=\"qodef-e-info qodef-info--top\">\n\t\t\t\t\t<div class=\"qodef-e-info-item qodef-e-info-category\">\n\t\t<a href=\"https:\/\/25anys.uic.es\/en\/category\/news-en\/\" rel=\"category tag\">News<\/a><\/div>\n\t\t\t\t<\/div>\n\t\t\t\t\t\t<div class=\"qodef-e-text\">\n\t\t\t\t<h5 itemprop=\"name\" class=\"qodef-e-title entry-title\">\n\t<a itemprop=\"url\" class=\"qodef-e-title-link\" href=\"https:\/\/25anys.uic.es\/en\/31-of-the-company-chairs-of-the-university-are-in-the-field-of-dentistry\/\">\n\t\t31% of the company chairs of the University are in the field of Dentistry\t<\/a>\n<\/h5>\n\t\t<p itemprop=\"description\" class=\"qodef-e-excerpt\">\n\t\t\tUIC Barcelona has sixteen company chairs, five of which develop research within the field of Dentistry, thanks to the collaboration with prestigious companies such as Dentsply Sirona, Soadco, Straumann Group or Dentium.\t\t<\/p>\n\t\t\t\t<\/div>\n\t\t\t\t\t<\/div>\n\t<\/div>\n<\/article>\n<article class=\"qodef-e qodef-blog-item qodef-grid-item qodef-item--custom post-6547 post type-post status-publish format-standard has-post-thumbnail hentry category-news-en\">\n\t<div class=\"qodef-e-inner\">\n\t\t<div class=\"qodef-e-media\">\n\t\t<div class=\"qodef-e-media-image\">\n\t\t<a itemprop=\"url\" href=\"https:\/\/25anys.uic.es\/en\/cuo-a-clinic-where-social-commitment-and-knowledge-transfer-come-together\/\">\n\t\t\t<img loading=\"lazy\" decoding=\"async\" src=\"https:\/\/25anys.uic.es\/wp-content\/uploads\/2023\/02\/220523-PMacM-9750-500x300.jpg\" alt=\"\" width=\"500\" height=\"300\" \/>\t\t<\/a>\n\t\t\t<\/div>\n<\/div>\n\t\t<div class=\"qodef-e-content\">\n\t\t\t\t\t\t\t<div class=\"qodef-e-info qodef-info--top\">\n\t\t\t\t\t<div class=\"qodef-e-info-item qodef-e-info-category\">\n\t\t<a href=\"https:\/\/25anys.uic.es\/en\/category\/news-en\/\" rel=\"category tag\">News<\/a><\/div>\n\t\t\t\t<\/div>\n\t\t\t\t\t\t<div class=\"qodef-e-text\">\n\t\t\t\t<h5 itemprop=\"name\" class=\"qodef-e-title entry-title\">\n\t<a itemprop=\"url\" class=\"qodef-e-title-link\" href=\"https:\/\/25anys.uic.es\/en\/cuo-a-clinic-where-social-commitment-and-knowledge-transfer-come-together\/\">\n\t\tCUO: A clinic where social commitment and knowledge transfer come together\t<\/a>\n<\/h5>\n\t\t<p itemprop=\"description\" class=\"qodef-e-excerpt\">\n\t\t\tAny reference to the Faculty of Dentistry must also include the University Clinic of Dentistry (CUO), an essential part in the comprehensive training of future dentists. It is a space where students, both undergraduate and postgraduate, not only put into practice their theoretical and technical knowledge, but also have the opportunity to learn about the most human aspect of dentistry, focussing on\t\t<\/p>\n\t\t\t\t<\/div>\n\t\t\t\t\t<\/div>\n\t<\/div>\n<\/article>\n\t<\/div>\n\t\t<div class=\"qodef-addons-m-pagination qodef--standard\">\n\t\t<nav class=\"navigation pagination\" role=\"navigation\" aria-label=\"Posts\">\n\t\t\t<h2 class=\"screen-reader-text\">Posts navigation<\/h2>\n\t\t\t<div class=\"nav-links\">\n\t\t\t\t<span aria-current=\"page\" class=\"page-numbers current\">1<\/span>\n<a class=\"page-numbers\" href=\"https:\/\/25anys.uic.es\/en\/wp-json\/wp\/v2\/pages\/4726\/page\/2\/\">2<\/a>\n<a class=\"page-numbers\" href=\"https:\/\/25anys.uic.es\/en\/wp-json\/wp\/v2\/pages\/4726\/page\/3\/\">3<\/a>\n<a class=\"next page-numbers\" href=\"https:\/\/25anys.uic.es\/en\/wp-json\/wp\/v2\/pages\/4726\/page\/2\/\"><svg class=\"qodef-m-pagination-icon\" xmlns=\"http:\/\/www.w3.org\/2000\/svg\" x=\"0px\" y=\"0px\" viewBox=\"0 0 34.2 32.3\" xml:space=\"preserve\" style=\"stroke-width: 2;\"><line x1=\"0\" y1=\"16\" x2=\"33\" y2=\"16\"\/><line x1=\"17.3\" y1=\"0.7\" x2=\"33.2\" y2=\"16.5\"\/><line x1=\"17.3\" y1=\"31.6\" x2=\"33.5\" y2=\"15.4\"\/><\/svg><\/a>\t\t\t<\/div>\n\t\t<\/nav>\n\t<\/div>\n<\/div>\n\t\t\t\t<\/div>\n\t\t\t\t<\/div>\n\t\t\t\t\t<\/div>\n\t\t<\/div>\n\t\t\t\t\t<\/div>\n\t\t<\/section>\n\t\t\t\t<section class=\"elementor-section elementor-top-section elementor-element elementor-element-100cf3a elementor-hidden-widescreen elementor-hidden-desktop elementor-hidden-tablet elementor-hidden-mobile elementor-section-boxed elementor-section-height-default elementor-section-height-default parallax_section_no qode_elementor_container_no\" data-id=\"100cf3a\" data-element_type=\"section\" data-e-type=\"section\" data-settings=\"{&quot;background_background&quot;:&quot;classic&quot;,&quot;motion_fx_motion_fx_scrolling&quot;:&quot;yes&quot;,&quot;motion_fx_devices&quot;:[&quot;widescreen&quot;,&quot;desktop&quot;,&quot;tablet&quot;,&quot;mobile&quot;]}\">\n\t\t\t\t\t\t\t<div class=\"elementor-background-overlay\"><\/div>\n\t\t\t\t\t\t\t<div class=\"elementor-container elementor-column-gap-extended\">\n\t\t\t\t\t<div class=\"elementor-column elementor-col-100 elementor-top-column elementor-element elementor-element-bd29282\" data-id=\"bd29282\" data-element_type=\"column\" data-e-type=\"column\">\n\t\t\t<div class=\"elementor-widget-wrap elementor-element-populated\">\n\t\t\t\t\t\t<div class=\"elementor-element elementor-element-09fcff4 elementor-widget elementor-widget-heading\" data-id=\"09fcff4\" data-element_type=\"widget\" data-e-type=\"widget\" data-widget_type=\"heading.default\">\n\t\t\t\t<div class=\"elementor-widget-container\">\n\t\t\t\t\t<p class=\"elementor-heading-title elementor-size-default\">Highlight<\/p>\t\t\t\t<\/div>\n\t\t\t\t<\/div>\n\t\t\t\t<div class=\"elementor-element elementor-element-8fa2e95 elementor-widget-divider--view-line elementor-widget elementor-widget-divider\" data-id=\"8fa2e95\" data-element_type=\"widget\" data-e-type=\"widget\" data-widget_type=\"divider.default\">\n\t\t\t\t<div class=\"elementor-widget-container\">\n\t\t\t\t\t\t\t<div class=\"elementor-divider\">\n\t\t\t<span class=\"elementor-divider-separator\">\n\t\t\t\t\t\t<\/span>\n\t\t<\/div>\n\t\t\t\t\t\t<\/div>\n\t\t\t\t<\/div>\n\t\t\t\t<div class=\"elementor-element elementor-element-7e117d9 elementor-widget elementor-widget-qi_addons_for_elementor_blog_list\" data-id=\"7e117d9\" data-element_type=\"widget\" data-e-type=\"widget\" data-widget_type=\"qi_addons_for_elementor_blog_list.default\">\n\t\t\t\t<div class=\"elementor-widget-container\">\n\t\t\t\t\t<div class=\"qodef-shortcode qodef-m qodef-addons-blog-list qodef-info-no-icons qodef-image--hover-zoom qodef-qi-grid qodef-layout--qi-columns qodef-col-num--2 qodef-item-layout--boxed qodef-responsive--predefined\" >\n\t<div class=\"qodef-grid-inner\">\n\t\t<article class=\"qodef-e qodef-blog-item qodef-grid-item qodef-item--landscape post-3235 post type-post status-publish format-standard has-post-thumbnail hentry category-news\">\n\t<div class=\"qodef-e-inner\">\n\t\t<div class=\"qodef-e-media-holder\">\n\t\t\t<div class=\"qodef-e-media\">\n\t\t<div class=\"qodef-e-media-image\">\n\t\t<a itemprop=\"url\" href=\"https:\/\/25anys.uic.es\/en\/celebrating-25-years-of-history-uic-barcelona-is-having-a-party\/\">\n\t\t\t<img loading=\"lazy\" decoding=\"async\" width=\"800\" height=\"325\" src=\"https:\/\/25anys.uic.es\/wp-content\/uploads\/2022\/10\/IMG-20221002-WA0010-1-1.jpg\" class=\"attachment-qi_addons_for_elementor_image_size_landscape size-qi_addons_for_elementor_image_size_landscape\" alt=\"\" srcset=\"https:\/\/25anys.uic.es\/wp-content\/uploads\/2022\/10\/IMG-20221002-WA0010-1-1.jpg 800w, https:\/\/25anys.uic.es\/wp-content\/uploads\/2022\/10\/IMG-20221002-WA0010-1-1-300x122.jpg 300w, https:\/\/25anys.uic.es\/wp-content\/uploads\/2022\/10\/IMG-20221002-WA0010-1-1-768x312.jpg 768w, https:\/\/25anys.uic.es\/wp-content\/uploads\/2022\/10\/IMG-20221002-WA0010-1-1-700x284.jpg 700w\" sizes=\"(max-width: 800px) 100vw, 800px\" \/>\t\t<\/a>\n\t\t\t<\/div>\n<\/div>\n\t\t<\/div>\n\t\t<div class=\"qodef-e-content\">\n\t\t\t\t\t\t<div class=\"qodef-e-text\">\n\t\t\t\t<h5 itemprop=\"name\" class=\"qodef-e-title entry-title\">\n\t<a itemprop=\"url\" class=\"qodef-e-title-link\" href=\"https:\/\/25anys.uic.es\/en\/celebrating-25-years-of-history-uic-barcelona-is-having-a-party\/\">\n\t\tCelebrating 25 years of history: UIC Barcelona is having a party\t<\/a>\n<\/h5>\n\t\t<p itemprop=\"description\" class=\"qodef-e-excerpt\">\n\t\t\tOn 2 October 1997, the Universidad Internacional de Catalunya was born. And on 2 October this year we will begin the celebrations of the 25th anniversary of UIC Barcelona with a mass in the Basilica of the Sagrada Fam\u00edlia. The 2022-2023 academic year will then...\t\t<\/p>\n\t\t\t\t<\/div>\n\t\t\t\t\t<\/div>\n\t<\/div>\n<\/article>\n\t<\/div>\n\t\t<div class=\"qodef-addons-m-pagination qodef--standard\">\n\t\t<nav class=\"navigation pagination\" role=\"navigation\" aria-label=\"Posts\">\n\t\t\t<h2 class=\"screen-reader-text\">Posts navigation<\/h2>\n\t\t\t<div class=\"nav-links\">\n\t\t\t\t<span aria-current=\"page\" class=\"page-numbers current\">1<\/span>\n<a class=\"page-numbers\" href=\"https:\/\/25anys.uic.es\/en\/wp-json\/wp\/v2\/pages\/4726\/page\/2\/\">2<\/a>\n<a class=\"page-numbers\" href=\"https:\/\/25anys.uic.es\/en\/wp-json\/wp\/v2\/pages\/4726\/page\/3\/\">3<\/a>\n<a class=\"next page-numbers\" href=\"https:\/\/25anys.uic.es\/en\/wp-json\/wp\/v2\/pages\/4726\/page\/2\/\"><svg class=\"qodef-m-pagination-icon\" xmlns=\"http:\/\/www.w3.org\/2000\/svg\" x=\"0px\" y=\"0px\" viewBox=\"0 0 34.2 32.3\" xml:space=\"preserve\" style=\"stroke-width: 2;\"><line x1=\"0\" y1=\"16\" x2=\"33\" y2=\"16\"\/><line x1=\"17.3\" y1=\"0.7\" x2=\"33.2\" y2=\"16.5\"\/><line x1=\"17.3\" y1=\"31.6\" x2=\"33.5\" y2=\"15.4\"\/><\/svg><\/a>\t\t\t<\/div>\n\t\t<\/nav>\n\t<\/div>\n<\/div>\n\t\t\t\t<\/div>\n\t\t\t\t<\/div>\n\t\t\t\t\t<\/div>\n\t\t<\/div>\n\t\t\t\t\t<\/div>\n\t\t<\/section>\n\t\t\t\t<section class=\"elementor-section elementor-top-section elementor-element elementor-element-d553a51 elementor-hidden-widescreen elementor-hidden-desktop elementor-hidden-tablet elementor-hidden-mobile elementor-section-boxed elementor-section-height-default elementor-section-height-default parallax_section_no qode_elementor_container_no\" data-id=\"d553a51\" data-element_type=\"section\" data-e-type=\"section\" data-settings=\"{&quot;background_background&quot;:&quot;classic&quot;,&quot;motion_fx_motion_fx_scrolling&quot;:&quot;yes&quot;,&quot;motion_fx_devices&quot;:[&quot;widescreen&quot;,&quot;desktop&quot;,&quot;tablet&quot;,&quot;mobile&quot;]}\">\n\t\t\t\t\t\t\t<div class=\"elementor-background-overlay\"><\/div>\n\t\t\t\t\t\t\t<div class=\"elementor-container elementor-column-gap-extended\">\n\t\t\t\t\t<div class=\"elementor-column elementor-col-33 elementor-top-column elementor-element elementor-element-c41ffd7\" data-id=\"c41ffd7\" data-element_type=\"column\" data-e-type=\"column\">\n\t\t\t<div class=\"elementor-widget-wrap elementor-element-populated\">\n\t\t\t\t\t\t<div class=\"elementor-element elementor-element-0ccb8e3 elementor-widget elementor-widget-heading\" data-id=\"0ccb8e3\" data-element_type=\"widget\" data-e-type=\"widget\" data-widget_type=\"heading.default\">\n\t\t\t\t<div class=\"elementor-widget-container\">\n\t\t\t\t\t<p class=\"elementor-heading-title elementor-size-default\">News<\/p>\t\t\t\t<\/div>\n\t\t\t\t<\/div>\n\t\t\t\t<div class=\"elementor-element elementor-element-ba49f8e elementor-widget elementor-widget-qi_addons_for_elementor_blog_list\" data-id=\"ba49f8e\" data-element_type=\"widget\" data-e-type=\"widget\" data-widget_type=\"qi_addons_for_elementor_blog_list.default\">\n\t\t\t\t<div class=\"elementor-widget-container\">\n\t\t\t\t\t<div class=\"qodef-shortcode qodef-m qodef-addons-blog-list qodef-info-no-icons qodef-image--hover-zoom qodef-qi-grid qodef-layout--qi-columns qodef-col-num--1 qodef-item-layout--boxed qodef-responsive--predefined\" >\n\t<div class=\"qodef-grid-inner\">\n\t\t<article class=\"qodef-e qodef-blog-item qodef-grid-item qodef-item--landscape post-3235 post type-post status-publish format-standard has-post-thumbnail hentry category-news\">\n\t<div class=\"qodef-e-inner\">\n\t\t<div class=\"qodef-e-media-holder\">\n\t\t\t<div class=\"qodef-e-media\">\n\t\t<div class=\"qodef-e-media-image\">\n\t\t<a itemprop=\"url\" href=\"https:\/\/25anys.uic.es\/en\/celebrating-25-years-of-history-uic-barcelona-is-having-a-party\/\">\n\t\t\t<img loading=\"lazy\" decoding=\"async\" width=\"800\" height=\"325\" src=\"https:\/\/25anys.uic.es\/wp-content\/uploads\/2022\/10\/IMG-20221002-WA0010-1-1.jpg\" class=\"attachment-qi_addons_for_elementor_image_size_landscape size-qi_addons_for_elementor_image_size_landscape\" alt=\"\" srcset=\"https:\/\/25anys.uic.es\/wp-content\/uploads\/2022\/10\/IMG-20221002-WA0010-1-1.jpg 800w, https:\/\/25anys.uic.es\/wp-content\/uploads\/2022\/10\/IMG-20221002-WA0010-1-1-300x122.jpg 300w, https:\/\/25anys.uic.es\/wp-content\/uploads\/2022\/10\/IMG-20221002-WA0010-1-1-768x312.jpg 768w, https:\/\/25anys.uic.es\/wp-content\/uploads\/2022\/10\/IMG-20221002-WA0010-1-1-700x284.jpg 700w\" sizes=\"(max-width: 800px) 100vw, 800px\" \/>\t\t<\/a>\n\t\t\t<\/div>\n<\/div>\n\t\t<\/div>\n\t\t<div class=\"qodef-e-content\">\n\t\t\t\t\t\t\t<div class=\"qodef-e-info qodef-info--top\">\n\t\t\t\t\t<div class=\"qodef-e-info-item qodef-e-info-category\">\n\t\t<a href=\"https:\/\/25anys.uic.es\/en\/category\/news\/\" rel=\"category tag\">News<\/a><\/div>\n\t\t\t\t<\/div>\n\t\t\t\t\t\t<div class=\"qodef-e-text\">\n\t\t\t\t<h5 itemprop=\"name\" class=\"qodef-e-title entry-title\">\n\t<a itemprop=\"url\" class=\"qodef-e-title-link\" href=\"https:\/\/25anys.uic.es\/en\/celebrating-25-years-of-history-uic-barcelona-is-having-a-party\/\">\n\t\tCelebrating 25 years of history: UIC Barcelona is having a party\t<\/a>\n<\/h5>\n\t\t\t<\/div>\n\t\t\t\t\t<\/div>\n\t<\/div>\n<\/article>\n\t<\/div>\n\t<\/div>\n\t\t\t\t<\/div>\n\t\t\t\t<\/div>\n\t\t\t\t\t<\/div>\n\t\t<\/div>\n\t\t\t\t<div class=\"elementor-column elementor-col-33 elementor-top-column elementor-element elementor-element-55064fc\" data-id=\"55064fc\" data-element_type=\"column\" data-e-type=\"column\">\n\t\t\t<div class=\"elementor-widget-wrap elementor-element-populated\">\n\t\t\t\t\t\t<div class=\"elementor-element elementor-element-92aee0f elementor-widget elementor-widget-heading\" data-id=\"92aee0f\" data-element_type=\"widget\" data-e-type=\"widget\" data-widget_type=\"heading.default\">\n\t\t\t\t<div class=\"elementor-widget-container\">\n\t\t\t\t\t<p class=\"elementor-heading-title elementor-size-default\">In depth<\/p>\t\t\t\t<\/div>\n\t\t\t\t<\/div>\n\t\t\t\t<div class=\"elementor-element elementor-element-200861c elementor-widget elementor-widget-qi_addons_for_elementor_blog_list\" data-id=\"200861c\" data-element_type=\"widget\" data-e-type=\"widget\" data-widget_type=\"qi_addons_for_elementor_blog_list.default\">\n\t\t\t\t<div class=\"elementor-widget-container\">\n\t\t\t\t\t<div class=\"qodef-shortcode qodef-m qodef-addons-blog-list qodef-info-no-icons qodef-image--hover-zoom qodef-qi-grid qodef-layout--qi-columns qodef-col-num--1 qodef-item-layout--boxed qodef-responsive--predefined\" >\n\t<div class=\"qodef-grid-inner\">\n\t\t<article class=\"qodef-e qodef-blog-item qodef-grid-item qodef-item--landscape post-3250 post type-post status-publish format-standard has-post-thumbnail hentry category-in-depth\">\n\t<div class=\"qodef-e-inner\">\n\t\t<div class=\"qodef-e-media-holder\">\n\t\t\t<div class=\"qodef-e-media\">\n\t\t<div class=\"qodef-e-media-image\">\n\t\t<a itemprop=\"url\" href=\"https:\/\/25anys.uic.es\/en\/uic-barcelona-celebrates-25-years-looking-ahead-to-a-future-focused-on-talent-innovation-research-and-internationalisation\/\">\n\t\t\t<img loading=\"lazy\" decoding=\"async\" width=\"800\" height=\"533\" src=\"https:\/\/25anys.uic.es\/wp-content\/uploads\/2020\/04\/benvinguda2022-28-1-1.jpg\" class=\"attachment-qi_addons_for_elementor_image_size_landscape size-qi_addons_for_elementor_image_size_landscape\" alt=\"\" srcset=\"https:\/\/25anys.uic.es\/wp-content\/uploads\/2020\/04\/benvinguda2022-28-1-1.jpg 800w, https:\/\/25anys.uic.es\/wp-content\/uploads\/2020\/04\/benvinguda2022-28-1-1-300x200.jpg 300w, https:\/\/25anys.uic.es\/wp-content\/uploads\/2020\/04\/benvinguda2022-28-1-1-768x512.jpg 768w, https:\/\/25anys.uic.es\/wp-content\/uploads\/2020\/04\/benvinguda2022-28-1-1-700x466.jpg 700w\" sizes=\"(max-width: 800px) 100vw, 800px\" \/>\t\t<\/a>\n\t\t\t<\/div>\n<\/div>\n\t\t<\/div>\n\t\t<div class=\"qodef-e-content\">\n\t\t\t\t\t\t<div class=\"qodef-e-text\">\n\t\t\t\t<h5 itemprop=\"name\" class=\"qodef-e-title entry-title\">\n\t<a itemprop=\"url\" class=\"qodef-e-title-link\" href=\"https:\/\/25anys.uic.es\/en\/uic-barcelona-celebrates-25-years-looking-ahead-to-a-future-focused-on-talent-innovation-research-and-internationalisation\/\">\n\t\tUIC Barcelona celebrates 25 years looking ahead to a future focused on talent, innovation, research and internationalisation\t<\/a>\n<\/h5>\n\t\t\t<\/div>\n\t\t\t\t\t<\/div>\n\t<\/div>\n<\/article>\n\t<\/div>\n\t<\/div>\n\t\t\t\t<\/div>\n\t\t\t\t<\/div>\n\t\t\t\t\t<\/div>\n\t\t<\/div>\n\t\t\t\t<div class=\"elementor-column elementor-col-33 elementor-top-column elementor-element elementor-element-d00982c elementor-hidden-widescreen elementor-hidden-desktop elementor-hidden-tablet elementor-hidden-mobile\" data-id=\"d00982c\" data-element_type=\"column\" data-e-type=\"column\">\n\t\t\t<div class=\"elementor-widget-wrap elementor-element-populated\">\n\t\t\t\t\t\t<div class=\"elementor-element elementor-element-4dc4937 elementor-widget elementor-widget-heading\" data-id=\"4dc4937\" data-element_type=\"widget\" data-e-type=\"widget\" data-widget_type=\"heading.default\">\n\t\t\t\t<div class=\"elementor-widget-container\">\n\t\t\t\t\t<p class=\"elementor-heading-title elementor-size-default\">Voices<\/p>\t\t\t\t<\/div>\n\t\t\t\t<\/div>\n\t\t\t\t<div class=\"elementor-element elementor-element-19408d0 elementor-widget elementor-widget-qi_addons_for_elementor_blog_list\" data-id=\"19408d0\" data-element_type=\"widget\" data-e-type=\"widget\" data-widget_type=\"qi_addons_for_elementor_blog_list.default\">\n\t\t\t\t<div class=\"elementor-widget-container\">\n\t\t\t\t\t<div class=\"qodef-shortcode qodef-m qodef-addons-blog-list qodef-info-no-icons qodef-image--hover-zoom qodef-qi-grid qodef-layout--qi-columns qodef-col-num--1 qodef-item-layout--boxed qodef-responsive--predefined\" >\n\t<div class=\"qodef-grid-inner\">\n\t\t<p class=\"qodef-m-posts-not-found qodef-grid-item\">No posts were found for provided query parameters.<\/p>\n\t<\/div>\n\t<\/div>\n\t\t\t\t<\/div>\n\t\t\t\t<\/div>\n\t\t\t\t\t<\/div>\n\t\t<\/div>\n\t\t\t\t\t<\/div>\n\t\t<\/section>\n\t\t\t\t<\/div>\n\t\t","protected":false},"excerpt":{"rendered":"<p>Blog It\u2019s news HIGHLIGHTS HIGHLIGHTS Relive the most special moments of this commemorative year, in the words of its protagonists. News Voices In depth Veus Entrevistem Sara Eltokhy Sara Eltokhy \u00e9s una estudiant de doctorat del Programa REDI, finan\u00e7at a trav\u00e9s del Programa de Subvencions&#8230;<\/p>\n","protected":false},"author":2,"featured_media":0,"parent":0,"menu_order":5,"comment_status":"closed","ping_status":"closed","template":"","meta":{"om_disable_all_campaigns":false,"_monsterinsights_skip_tracking":false,"_monsterinsights_sitenote_active":false,"_monsterinsights_sitenote_note":"","_monsterinsights_sitenote_category":0,"_uf_show_specific_survey":0,"_uf_disable_surveys":false,"footnotes":""},"class_list":["post-4726","page","type-page","status-publish","hentry"],"aioseo_notices":[],"_links":{"self":[{"href":"https:\/\/25anys.uic.es\/en\/wp-json\/wp\/v2\/pages\/4726","targetHints":{"allow":["GET"]}}],"collection":[{"href":"https:\/\/25anys.uic.es\/en\/wp-json\/wp\/v2\/pages"}],"about":[{"href":"https:\/\/25anys.uic.es\/en\/wp-json\/wp\/v2\/types\/page"}],"author":[{"embeddable":true,"href":"https:\/\/25anys.uic.es\/en\/wp-json\/wp\/v2\/users\/2"}],"replies":[{"embeddable":true,"href":"https:\/\/25anys.uic.es\/en\/wp-json\/wp\/v2\/comments?post=4726"}],"version-history":[{"count":8,"href":"https:\/\/25anys.uic.es\/en\/wp-json\/wp\/v2\/pages\/4726\/revisions"}],"predecessor-version":[{"id":6493,"href":"https:\/\/25anys.uic.es\/en\/wp-json\/wp\/v2\/pages\/4726\/revisions\/6493"}],"wp:attachment":[{"href":"https:\/\/25anys.uic.es\/en\/wp-json\/wp\/v2\/media?parent=4726"}],"curies":[{"name":"wp","href":"https:\/\/api.w.org\/{rel}","templated":true}]}}