{"id":1963,"date":"2022-06-20T13:25:36","date_gmt":"2022-06-20T11:25:36","guid":{"rendered":"https:\/\/25anys.uic.es\/cronologia\/"},"modified":"2022-11-07T16:50:36","modified_gmt":"2022-11-07T15:50:36","slug":"cronologia","status":"publish","type":"page","link":"https:\/\/25anys.uic.es\/es\/cronologia\/","title":{"rendered":"Cronolog\u00eda"},"content":{"rendered":"\t\t<div data-elementor-type=\"wp-page\" data-elementor-id=\"1963\" class=\"elementor elementor-1963 elementor-990\" data-elementor-post-type=\"page\">\n\t\t\t\t\t\t<section class=\"elementor-section elementor-top-section elementor-element elementor-element-43af973 elementor-section-boxed elementor-section-height-default elementor-section-height-default parallax_section_no qode_elementor_container_no\" data-id=\"43af973\" data-element_type=\"section\" data-e-type=\"section\" data-settings=\"{&quot;background_background&quot;:&quot;classic&quot;}\">\n\t\t\t\t\t\t<div class=\"elementor-container elementor-column-gap-default\">\n\t\t\t\t\t<div class=\"elementor-column elementor-col-100 elementor-top-column elementor-element elementor-element-9eefeed\" data-id=\"9eefeed\" data-element_type=\"column\" data-e-type=\"column\">\n\t\t\t<div class=\"elementor-widget-wrap elementor-element-populated\">\n\t\t\t\t\t\t<div class=\"elementor-element elementor-element-662ef57 elementor-widget elementor-widget-heading\" data-id=\"662ef57\" data-element_type=\"widget\" data-e-type=\"widget\" data-widget_type=\"heading.default\">\n\t\t\t\t<div class=\"elementor-widget-container\">\n\t\t\t\t\t<h2 class=\"elementor-heading-title elementor-size-default\">Cronolog\u00eda<\/h2>\t\t\t\t<\/div>\n\t\t\t\t<\/div>\n\t\t\t\t<div class=\"elementor-element elementor-element-fbbb360 animated-fast elementor-invisible elementor-widget elementor-widget-heading\" data-id=\"fbbb360\" data-element_type=\"widget\" data-e-type=\"widget\" data-settings=\"{&quot;_animation&quot;:&quot;slideInRight&quot;}\" data-widget_type=\"heading.default\">\n\t\t\t\t<div class=\"elementor-widget-container\">\n\t\t\t\t\t<h2 class=\"elementor-heading-title elementor-size-default\">Nuestra historia: 1997-2022<\/h2>\t\t\t\t<\/div>\n\t\t\t\t<\/div>\n\t\t\t\t<div class=\"elementor-element elementor-element-5eeff98 elementor-widget-divider--view-line elementor-widget elementor-widget-divider\" data-id=\"5eeff98\" data-element_type=\"widget\" data-e-type=\"widget\" data-widget_type=\"divider.default\">\n\t\t\t\t<div class=\"elementor-widget-container\">\n\t\t\t\t\t\t\t<div class=\"elementor-divider\">\n\t\t\t<span class=\"elementor-divider-separator\">\n\t\t\t\t\t\t<\/span>\n\t\t<\/div>\n\t\t\t\t\t\t<\/div>\n\t\t\t\t<\/div>\n\t\t\t\t<div class=\"elementor-element elementor-element-f17a08a elementor-widget elementor-widget-heading\" data-id=\"f17a08a\" data-element_type=\"widget\" data-e-type=\"widget\" data-widget_type=\"heading.default\">\n\t\t\t\t<div class=\"elementor-widget-container\">\n\t\t\t\t\t<h2 class=\"elementor-heading-title elementor-size-default\">UIC Barcelona, 25 a\u00f1os<br>  (1997-2022)<\/h2>\t\t\t\t<\/div>\n\t\t\t\t<\/div>\n\t\t\t\t<div class=\"elementor-element elementor-element-8629305 elementor-widget elementor-widget-spacer\" data-id=\"8629305\" data-element_type=\"widget\" data-e-type=\"widget\" data-widget_type=\"spacer.default\">\n\t\t\t\t<div class=\"elementor-widget-container\">\n\t\t\t\t\t\t\t<div class=\"elementor-spacer\">\n\t\t\t<div class=\"elementor-spacer-inner\"><\/div>\n\t\t<\/div>\n\t\t\t\t\t\t<\/div>\n\t\t\t\t<\/div>\n\t\t\t\t<div class=\"elementor-element elementor-element-2177baa elementor-widget elementor-widget-heading\" data-id=\"2177baa\" data-element_type=\"widget\" data-e-type=\"widget\" data-widget_type=\"heading.default\">\n\t\t\t\t<div class=\"elementor-widget-container\">\n\t\t\t\t\t<h2 class=\"elementor-heading-title elementor-size-default\">Entre finales de los a\u00f1os 60 y principios de los 70, un grupo de padres y profesores, entusiasmados y motivados por la formaci\u00f3n y la educaci\u00f3n superior, quisieron crear un proyecto universitario diferente y con identidad propia, en una \u00e9poca en la que el marco legal no permit\u00eda crear universidades privadas. Sin embargo, esto no fue impedimento para que buscaran maneras de acercarse a lo que quer\u00edan, a trav\u00e9s de la asociaci\u00f3n FERT, situada en la calle Travessera de Gracia, en Barcelona. Este es nuestro punto de partida.<\/h2>\t\t\t\t<\/div>\n\t\t\t\t<\/div>\n\t\t\t\t\t<\/div>\n\t\t<\/div>\n\t\t\t\t\t<\/div>\n\t\t<\/section>\n\t\t\t\t<section class=\"elementor-section elementor-top-section elementor-element elementor-element-10bb7d4 elementor-section-boxed elementor-section-height-default elementor-section-height-default parallax_section_no qode_elementor_container_no\" data-id=\"10bb7d4\" data-element_type=\"section\" data-e-type=\"section\">\n\t\t\t\t\t\t<div class=\"elementor-container elementor-column-gap-default\">\n\t\t\t\t\t<div class=\"elementor-column elementor-col-100 elementor-top-column elementor-element elementor-element-9d7c656\" data-id=\"9d7c656\" data-element_type=\"column\" data-e-type=\"column\">\n\t\t\t<div class=\"elementor-widget-wrap elementor-element-populated\">\n\t\t\t\t\t\t<div class=\"elementor-element elementor-element-8cf04a4 animated-fast elementor-invisible elementor-widget elementor-widget-heading\" data-id=\"8cf04a4\" data-element_type=\"widget\" data-e-type=\"widget\" data-settings=\"{&quot;_animation&quot;:&quot;slideInRight&quot;}\" data-widget_type=\"heading.default\">\n\t\t\t\t<div class=\"elementor-widget-container\">\n\t\t\t\t\t<h2 class=\"elementor-heading-title elementor-size-default\">La g\u00e9nesis<\/h2>\t\t\t\t<\/div>\n\t\t\t\t<\/div>\n\t\t\t\t\t<\/div>\n\t\t<\/div>\n\t\t\t\t\t<\/div>\n\t\t<\/section>\n\t\t\t\t<section class=\"elementor-section elementor-top-section elementor-element elementor-element-69999bb elementor-section-boxed elementor-section-height-default elementor-section-height-default parallax_section_no qode_elementor_container_no\" data-id=\"69999bb\" data-element_type=\"section\" data-e-type=\"section\">\n\t\t\t\t\t\t<div class=\"elementor-container elementor-column-gap-no\">\n\t\t\t\t\t<div class=\"elementor-column elementor-col-100 elementor-top-column elementor-element elementor-element-7f5d0f4\" data-id=\"7f5d0f4\" data-element_type=\"column\" data-e-type=\"column\">\n\t\t\t<div class=\"elementor-widget-wrap elementor-element-populated\">\n\t\t\t\t\t\t<div class=\"elementor-element elementor-element-e459e67 elementor-widget-divider--view-line elementor-widget elementor-widget-divider\" data-id=\"e459e67\" data-element_type=\"widget\" data-e-type=\"widget\" data-widget_type=\"divider.default\">\n\t\t\t\t<div class=\"elementor-widget-container\">\n\t\t\t\t\t\t\t<div class=\"elementor-divider\">\n\t\t\t<span class=\"elementor-divider-separator\">\n\t\t\t\t\t\t<\/span>\n\t\t<\/div>\n\t\t\t\t\t\t<\/div>\n\t\t\t\t<\/div>\n\t\t\t\t\t<\/div>\n\t\t<\/div>\n\t\t\t\t\t<\/div>\n\t\t<\/section>\n\t\t\t\t<section class=\"elementor-section elementor-top-section elementor-element elementor-element-d647782 elementor-section-boxed elementor-section-height-default elementor-section-height-default parallax_section_no qode_elementor_container_no\" data-id=\"d647782\" data-element_type=\"section\" data-e-type=\"section\" data-settings=\"{&quot;background_background&quot;:&quot;classic&quot;}\">\n\t\t\t\t\t\t<div class=\"elementor-container elementor-column-gap-default\">\n\t\t\t\t\t<div class=\"elementor-column elementor-col-100 elementor-top-column elementor-element elementor-element-8a69865\" data-id=\"8a69865\" data-element_type=\"column\" data-e-type=\"column\">\n\t\t\t<div class=\"elementor-widget-wrap\">\n\t\t\t\t\t\t\t<\/div>\n\t\t<\/div>\n\t\t\t\t\t<\/div>\n\t\t<\/section>\n\t\t\t\t<section class=\"elementor-section elementor-top-section elementor-element elementor-element-14d875f elementor-section-boxed elementor-section-height-default elementor-section-height-default parallax_section_no qode_elementor_container_no\" data-id=\"14d875f\" data-element_type=\"section\" data-e-type=\"section\">\n\t\t\t\t\t\t<div class=\"elementor-container elementor-column-gap-default\">\n\t\t\t\t\t<div class=\"elementor-column elementor-col-100 elementor-top-column elementor-element elementor-element-fde3e4d\" data-id=\"fde3e4d\" data-element_type=\"column\" data-e-type=\"column\">\n\t\t\t<div class=\"elementor-widget-wrap elementor-element-populated\">\n\t\t\t\t\t\t<div class=\"elementor-element elementor-element-ad8538c elementor-widget elementor-widget-spacer\" data-id=\"ad8538c\" data-element_type=\"widget\" data-e-type=\"widget\" data-widget_type=\"spacer.default\">\n\t\t\t\t<div class=\"elementor-widget-container\">\n\t\t\t\t\t\t\t<div class=\"elementor-spacer\">\n\t\t\t<div class=\"elementor-spacer-inner\"><\/div>\n\t\t<\/div>\n\t\t\t\t\t\t<\/div>\n\t\t\t\t<\/div>\n\t\t\t\t<div class=\"elementor-element elementor-element-9e664ab elementor-widget elementor-widget-qi_addons_for_elementor_timeline\" data-id=\"9e664ab\" data-element_type=\"widget\" data-e-type=\"widget\" data-widget_type=\"qi_addons_for_elementor_timeline.default\">\n\t\t\t\t<div class=\"elementor-widget-container\">\n\t\t\t\t\t<div class=\"qodef-shortcode qodef-m qodef-qi-timeline qodef-timeline--vertical qodef-timeline-layout--vertical-separated qodef-line--outside qodef-point--standard qodef-qi--has-appear qodef-reverse-padding\">\n\t<div class=\"qodef-e qodef-e-item elementor-repeater-item-334bc11 qodef-obverse\">\n\t<div class=\"qodef-e-line-holder\">\n\t\t<span class=\"qodef-e-line\"><\/span>\n\t<\/div>\n\t<div class=\"qodef-e-item-inner\">\n\t\t<div class=\"qodef-e-point-holder\">\n\t\t\t<div class=\"qodef-e-point\">\n\t\t\t\t\t\t\t<\/div>\n\t\t<\/div>\n\t\t<div class=\"qodef-e-side-holder\">\n\t\t\t<div class=\"qodef-e-image\">\n\t<img fetchpriority=\"high\" decoding=\"async\" width=\"325\" height=\"325\" src=\"https:\/\/25anys.uic.es\/wp-content\/uploads\/2022\/09\/1976-19760512-ABC-convenio-con-UNED_v3-1.png\" class=\"attachment-qi_addons_for_elementor_image_size_square size-qi_addons_for_elementor_image_size_square\" alt=\"\" srcset=\"https:\/\/25anys.uic.es\/wp-content\/uploads\/2022\/09\/1976-19760512-ABC-convenio-con-UNED_v3-1.png 325w, https:\/\/25anys.uic.es\/wp-content\/uploads\/2022\/09\/1976-19760512-ABC-convenio-con-UNED_v3-1-300x300.png 300w, https:\/\/25anys.uic.es\/wp-content\/uploads\/2022\/09\/1976-19760512-ABC-convenio-con-UNED_v3-1-150x150.png 150w\" sizes=\"(max-width: 325px) 100vw, 325px\" \/><\/div>\n\t\t<\/div>\n\t\t<div class=\"qodef-e-content-holder\">\n\t\t\t\t<div class=\"qodef-e-date\">\n\t\t1976\t<\/div>\n\t\t\t\t\t\t\t\t<p class=\"qodef-e-text\">\n\t\tEl 11 de mayo, la asociaci\u00f3n FERT pasa a ser un centro asociado de la UNED, y el 6 de octubre se inicia el Instituto de Estudios Universitarios (IEU), con Derecho y Econom\u00eda. Los alumnos ten\u00edan que hacer los ex\u00e1menes de la IEU y de la UNED a la vez para oficializar su t\u00edtulo. Los alumnos ten\u00edan que hacer los ex\u00e1menes de la IEU y de la UNED a la vez para oficializar su t\u00edtulo. \t<\/p>\n\t\t\t<\/div>\n\t<\/div>\n<\/div>\n<div class=\"qodef-e qodef-e-item elementor-repeater-item-a331027 qodef-reverse\">\n\t<div class=\"qodef-e-line-holder\">\n\t\t<span class=\"qodef-e-line\"><\/span>\n\t<\/div>\n\t<div class=\"qodef-e-item-inner\">\n\t\t<div class=\"qodef-e-point-holder\">\n\t\t\t<div class=\"qodef-e-point\">\n\t\t\t\t\t\t\t<\/div>\n\t\t<\/div>\n\t\t<div class=\"qodef-e-side-holder\">\n\t\t\t<div class=\"qodef-e-image\">\n\t<img decoding=\"async\" width=\"650\" height=\"650\" src=\"https:\/\/25anys.uic.es\/wp-content\/uploads\/2022\/09\/1977B-01-AHIR-IRADIER-x-IMMACULADA-CONVENT-anys-1920-1930.jpg\" class=\"attachment-qi_addons_for_elementor_image_size_square size-qi_addons_for_elementor_image_size_square\" alt=\"\" srcset=\"https:\/\/25anys.uic.es\/wp-content\/uploads\/2022\/09\/1977B-01-AHIR-IRADIER-x-IMMACULADA-CONVENT-anys-1920-1930.jpg 650w, https:\/\/25anys.uic.es\/wp-content\/uploads\/2022\/09\/1977B-01-AHIR-IRADIER-x-IMMACULADA-CONVENT-anys-1920-1930-300x300.jpg 300w, https:\/\/25anys.uic.es\/wp-content\/uploads\/2022\/09\/1977B-01-AHIR-IRADIER-x-IMMACULADA-CONVENT-anys-1920-1930-150x150.jpg 150w, https:\/\/25anys.uic.es\/wp-content\/uploads\/2022\/09\/1977B-01-AHIR-IRADIER-x-IMMACULADA-CONVENT-anys-1920-1930-570x570.jpg 570w, https:\/\/25anys.uic.es\/wp-content\/uploads\/2022\/09\/1977B-01-AHIR-IRADIER-x-IMMACULADA-CONVENT-anys-1920-1930-500x500.jpg 500w\" sizes=\"(max-width: 650px) 100vw, 650px\" \/><\/div>\n\t\t<\/div>\n\t\t<div class=\"qodef-e-content-holder\">\n\t\t\t\t<div class=\"qodef-e-date\">\n\t\t1977\t<\/div>\n\t\t\t\t\t\t\t\t<p class=\"qodef-e-text\">\n\t\tSe adquiere el convento de las monjas jer\u00f3nimas de la calle Iradier, esquina con la calle Immaculada, donde hoy est\u00e1 la sede central de la Universitat Internacional de Catalunya .\t<\/p>\n\t\t\t<\/div>\n\t<\/div>\n<\/div>\n<div class=\"qodef-e qodef-e-item elementor-repeater-item-132aaa5 qodef-obverse\">\n\t<div class=\"qodef-e-line-holder\">\n\t\t<span class=\"qodef-e-line\"><\/span>\n\t<\/div>\n\t<div class=\"qodef-e-item-inner\">\n\t\t<div class=\"qodef-e-point-holder\">\n\t\t\t<div class=\"qodef-e-point\">\n\t\t\t\t\t\t\t<\/div>\n\t\t<\/div>\n\t\t<div class=\"qodef-e-side-holder\">\n\t\t\t<div class=\"qodef-e-image\">\n\t<img decoding=\"async\" width=\"650\" height=\"650\" src=\"https:\/\/25anys.uic.es\/wp-content\/uploads\/2022\/09\/1982-05-IEU-graduacio\u0301-01.jpg\" class=\"attachment-qi_addons_for_elementor_image_size_square size-qi_addons_for_elementor_image_size_square\" alt=\"\" srcset=\"https:\/\/25anys.uic.es\/wp-content\/uploads\/2022\/09\/1982-05-IEU-graduacio\u0301-01.jpg 650w, https:\/\/25anys.uic.es\/wp-content\/uploads\/2022\/09\/1982-05-IEU-graduacio\u0301-01-300x300.jpg 300w, https:\/\/25anys.uic.es\/wp-content\/uploads\/2022\/09\/1982-05-IEU-graduacio\u0301-01-150x150.jpg 150w, https:\/\/25anys.uic.es\/wp-content\/uploads\/2022\/09\/1982-05-IEU-graduacio\u0301-01-570x570.jpg 570w, https:\/\/25anys.uic.es\/wp-content\/uploads\/2022\/09\/1982-05-IEU-graduacio\u0301-01-500x500.jpg 500w\" sizes=\"(max-width: 650px) 100vw, 650px\" \/><\/div>\n\t\t<\/div>\n\t\t<div class=\"qodef-e-content-holder\">\n\t\t\t\t<div class=\"qodef-e-date\">\n\t\t1982\t<\/div>\n\t\t\t\t\t\t\t\t<p class=\"qodef-e-text\">\n\t\tSe grad\u00faa la primera promoci\u00f3n del IEU, que en 1985 pasa a denominarse Instituto Europeo de Derecho y Econom\u00eda (INEDE). Rafael Pich-Aguilera asume la presidencia del FERT.\t<\/p>\n\t\t\t<\/div>\n\t<\/div>\n<\/div>\n<div class=\"qodef-e qodef-e-item elementor-repeater-item-6202192 qodef-reverse\">\n\t<div class=\"qodef-e-line-holder\">\n\t\t<span class=\"qodef-e-line\"><\/span>\n\t<\/div>\n\t<div class=\"qodef-e-item-inner\">\n\t\t<div class=\"qodef-e-point-holder\">\n\t\t\t<div class=\"qodef-e-point\">\n\t\t\t\t\t\t\t<\/div>\n\t\t<\/div>\n\t\t<div class=\"qodef-e-side-holder\">\n\t\t\t<div class=\"qodef-e-image\">\n\t<\/div>\n\t\t<\/div>\n\t\t<div class=\"qodef-e-content-holder\">\n\t\t\t\t<div class=\"qodef-e-date\">\n\t\t1985\t<\/div>\n\t\t\t\t\t\t\t\t<p class=\"qodef-e-text\">\n\t\tEl 25 de agosto, se aprueba la Ley Org\u00e1nica 11\/1983 de Reforma Universitaria, por la que pueden empezar las universidades privadas. Con la nueva ley, se comienza a elaborar el proyecto universitario.\t<\/p>\n\t\t\t<\/div>\n\t<\/div>\n<\/div>\n<div class=\"qodef-e qodef-e-item elementor-repeater-item-71fc2cf qodef-obverse\">\n\t<div class=\"qodef-e-line-holder\">\n\t\t<span class=\"qodef-e-line\"><\/span>\n\t<\/div>\n\t<div class=\"qodef-e-item-inner\">\n\t\t<div class=\"qodef-e-point-holder\">\n\t\t\t<div class=\"qodef-e-point\">\n\t\t\t\t\t\t\t<\/div>\n\t\t<\/div>\n\t\t<div class=\"qodef-e-side-holder\">\n\t\t\t<div class=\"qodef-e-image\">\n\t<img loading=\"lazy\" decoding=\"async\" width=\"650\" height=\"650\" src=\"https:\/\/25anys.uic.es\/wp-content\/uploads\/2022\/09\/1986-Fundacio_Familiar_Catalana.jpg\" class=\"attachment-qi_addons_for_elementor_image_size_square size-qi_addons_for_elementor_image_size_square\" alt=\"\" srcset=\"https:\/\/25anys.uic.es\/wp-content\/uploads\/2022\/09\/1986-Fundacio_Familiar_Catalana.jpg 650w, https:\/\/25anys.uic.es\/wp-content\/uploads\/2022\/09\/1986-Fundacio_Familiar_Catalana-300x300.jpg 300w, https:\/\/25anys.uic.es\/wp-content\/uploads\/2022\/09\/1986-Fundacio_Familiar_Catalana-150x150.jpg 150w, https:\/\/25anys.uic.es\/wp-content\/uploads\/2022\/09\/1986-Fundacio_Familiar_Catalana-570x570.jpg 570w, https:\/\/25anys.uic.es\/wp-content\/uploads\/2022\/09\/1986-Fundacio_Familiar_Catalana-500x500.jpg 500w\" sizes=\"(max-width: 650px) 100vw, 650px\" \/><\/div>\n\t\t<\/div>\n\t\t<div class=\"qodef-e-content-holder\">\n\t\t\t\t<div class=\"qodef-e-date\">\n\t\t1986\t<\/div>\n\t\t\t\t\t\t\t\t<p class=\"qodef-e-text\">\n\t\tSe constituye la Fundaci\u00f3n Familiar Catalana (FFC) que, desde ese momento, ser\u00eda la promotora del FERT y de la futura nueva universidad.\t<\/p>\n\t\t\t<\/div>\n\t<\/div>\n<\/div>\n<div class=\"qodef-e qodef-e-item elementor-repeater-item-ba0a9ca qodef-reverse\">\n\t<div class=\"qodef-e-line-holder\">\n\t\t<span class=\"qodef-e-line\"><\/span>\n\t<\/div>\n\t<div class=\"qodef-e-item-inner\">\n\t\t<div class=\"qodef-e-point-holder\">\n\t\t\t<div class=\"qodef-e-point\">\n\t\t\t\t\t\t\t<\/div>\n\t\t<\/div>\n\t\t<div class=\"qodef-e-side-holder\">\n\t\t\t<div class=\"qodef-e-image\">\n\t<img loading=\"lazy\" decoding=\"async\" width=\"650\" height=\"650\" src=\"https:\/\/25anys.uic.es\/wp-content\/uploads\/2022\/09\/1995-RAMON-GUARDANS-01.jpg\" class=\"attachment-qi_addons_for_elementor_image_size_square size-qi_addons_for_elementor_image_size_square\" alt=\"\" srcset=\"https:\/\/25anys.uic.es\/wp-content\/uploads\/2022\/09\/1995-RAMON-GUARDANS-01.jpg 650w, https:\/\/25anys.uic.es\/wp-content\/uploads\/2022\/09\/1995-RAMON-GUARDANS-01-300x300.jpg 300w, https:\/\/25anys.uic.es\/wp-content\/uploads\/2022\/09\/1995-RAMON-GUARDANS-01-150x150.jpg 150w, https:\/\/25anys.uic.es\/wp-content\/uploads\/2022\/09\/1995-RAMON-GUARDANS-01-570x570.jpg 570w, https:\/\/25anys.uic.es\/wp-content\/uploads\/2022\/09\/1995-RAMON-GUARDANS-01-500x500.jpg 500w\" sizes=\"(max-width: 650px) 100vw, 650px\" \/><\/div>\n\t\t<\/div>\n\t\t<div class=\"qodef-e-content-holder\">\n\t\t\t\t<div class=\"qodef-e-date\">\n\t\t1995\t<\/div>\n\t\t\t\t\t\t\t\t<p class=\"qodef-e-text\">\n\t\tRamon Guardans pasa a ser el nuevo presidente de la FFC.\t<\/p>\n\t\t\t<\/div>\n\t<\/div>\n<\/div>\n<div class=\"qodef-e qodef-e-item elementor-repeater-item-d154b56 qodef-obverse\">\n\t<div class=\"qodef-e-line-holder\">\n\t\t<span class=\"qodef-e-line\"><\/span>\n\t<\/div>\n\t<div class=\"qodef-e-item-inner\">\n\t\t<div class=\"qodef-e-point-holder\">\n\t\t\t<div class=\"qodef-e-point\">\n\t\t\t\t\t\t\t<\/div>\n\t\t<\/div>\n\t\t<div class=\"qodef-e-side-holder\">\n\t\t\t<div class=\"qodef-e-image\">\n\t<\/div>\n\t\t<\/div>\n\t\t<div class=\"qodef-e-content-holder\">\n\t\t\t\t<div class=\"qodef-e-date\">\n\t\t1996\t<\/div>\n\t\t\t\t\t\t\t\t<p class=\"qodef-e-text\">\n\t\tEl 25 de abril, el Patronato de la FFC eleva al departamento de Presidencia de la Generalitat la propuesta de creaci\u00f3n de la Universitat Lliure de Catalunya (ULC). El 10 de octubre se presenta el futuro rector, Jordi Cerv\u00f3s y Navarro.\t<\/p>\n\t\t\t<\/div>\n\t<\/div>\n<\/div>\n<\/div>\n\t\t\t\t<\/div>\n\t\t\t\t<\/div>\n\t\t\t\t\t<\/div>\n\t\t<\/div>\n\t\t\t\t\t<\/div>\n\t\t<\/section>\n\t\t\t\t<section class=\"elementor-section elementor-top-section elementor-element elementor-element-c33cc1f elementor-section-boxed elementor-section-height-default elementor-section-height-default parallax_section_no qode_elementor_container_no\" data-id=\"c33cc1f\" data-element_type=\"section\" data-e-type=\"section\">\n\t\t\t\t\t\t<div class=\"elementor-container elementor-column-gap-default\">\n\t\t\t\t\t<div class=\"elementor-column elementor-col-100 elementor-top-column elementor-element elementor-element-decc351\" data-id=\"decc351\" data-element_type=\"column\" data-e-type=\"column\">\n\t\t\t<div class=\"elementor-widget-wrap elementor-element-populated\">\n\t\t\t\t\t\t<section class=\"elementor-section elementor-inner-section elementor-element elementor-element-efce89e elementor-section-boxed elementor-section-height-default elementor-section-height-default parallax_section_no qode_elementor_container_no\" data-id=\"efce89e\" data-element_type=\"section\" data-e-type=\"section\">\n\t\t\t\t\t\t<div class=\"elementor-container elementor-column-gap-default\">\n\t\t\t\t\t<div class=\"elementor-column elementor-col-100 elementor-inner-column elementor-element elementor-element-ce60f3f\" data-id=\"ce60f3f\" data-element_type=\"column\" data-e-type=\"column\">\n\t\t\t<div class=\"elementor-widget-wrap elementor-element-populated\">\n\t\t\t\t\t\t<div class=\"elementor-element elementor-element-9c9aaf7 animated-fast elementor-invisible elementor-widget elementor-widget-heading\" data-id=\"9c9aaf7\" data-element_type=\"widget\" data-e-type=\"widget\" data-settings=\"{&quot;_animation&quot;:&quot;slideInRight&quot;}\" data-widget_type=\"heading.default\">\n\t\t\t\t<div class=\"elementor-widget-container\">\n\t\t\t\t\t<h2 class=\"elementor-heading-title elementor-size-default\">La historia<\/h2>\t\t\t\t<\/div>\n\t\t\t\t<\/div>\n\t\t\t\t\t<\/div>\n\t\t<\/div>\n\t\t\t\t\t<\/div>\n\t\t<\/section>\n\t\t\t\t\t<\/div>\n\t\t<\/div>\n\t\t\t\t\t<\/div>\n\t\t<\/section>\n\t\t\t\t<section class=\"elementor-section elementor-top-section elementor-element elementor-element-628de6b elementor-section-boxed elementor-section-height-default elementor-section-height-default parallax_section_no qode_elementor_container_no\" data-id=\"628de6b\" data-element_type=\"section\" data-e-type=\"section\">\n\t\t\t\t\t\t<div class=\"elementor-container elementor-column-gap-default\">\n\t\t\t\t\t<div class=\"elementor-column elementor-col-100 elementor-top-column elementor-element elementor-element-ee72556\" data-id=\"ee72556\" data-element_type=\"column\" data-e-type=\"column\">\n\t\t\t<div class=\"elementor-widget-wrap elementor-element-populated\">\n\t\t\t\t\t\t<div class=\"elementor-element elementor-element-2a56554 elementor-widget-divider--view-line elementor-widget elementor-widget-divider\" data-id=\"2a56554\" data-element_type=\"widget\" data-e-type=\"widget\" data-widget_type=\"divider.default\">\n\t\t\t\t<div class=\"elementor-widget-container\">\n\t\t\t\t\t\t\t<div class=\"elementor-divider\">\n\t\t\t<span class=\"elementor-divider-separator\">\n\t\t\t\t\t\t<\/span>\n\t\t<\/div>\n\t\t\t\t\t\t<\/div>\n\t\t\t\t<\/div>\n\t\t\t\t\t<\/div>\n\t\t<\/div>\n\t\t\t\t\t<\/div>\n\t\t<\/section>\n\t\t\t\t<section class=\"elementor-section elementor-top-section elementor-element elementor-element-d200acb elementor-section-boxed elementor-section-height-default elementor-section-height-default parallax_section_no qode_elementor_container_no\" data-id=\"d200acb\" data-element_type=\"section\" data-e-type=\"section\" data-settings=\"{&quot;background_background&quot;:&quot;classic&quot;}\">\n\t\t\t\t\t\t<div class=\"elementor-container elementor-column-gap-default\">\n\t\t\t\t\t<div class=\"elementor-column elementor-col-100 elementor-top-column elementor-element elementor-element-a120a1a\" data-id=\"a120a1a\" data-element_type=\"column\" data-e-type=\"column\">\n\t\t\t<div class=\"elementor-widget-wrap elementor-element-populated\">\n\t\t\t\t\t\t<div class=\"elementor-element elementor-element-80ab43e elementor-widget elementor-widget-qi_addons_for_elementor_timeline\" data-id=\"80ab43e\" data-element_type=\"widget\" data-e-type=\"widget\" data-widget_type=\"qi_addons_for_elementor_timeline.default\">\n\t\t\t\t<div class=\"elementor-widget-container\">\n\t\t\t\t\t<div class=\"qodef-shortcode qodef-m qodef-qi-timeline qodef-timeline--vertical qodef-timeline-layout--vertical-separated qodef-line--outside qodef-point--standard qodef-qi--has-appear qodef-reverse-padding\">\n\t<div class=\"qodef-e qodef-e-item elementor-repeater-item-b6be7bc qodef-obverse\">\n\t<div class=\"qodef-e-line-holder\">\n\t\t<span class=\"qodef-e-line\"><\/span>\n\t<\/div>\n\t<div class=\"qodef-e-item-inner\">\n\t\t<div class=\"qodef-e-point-holder\">\n\t\t\t<div class=\"qodef-e-point\">\n\t\t\t\t\t\t\t<\/div>\n\t\t<\/div>\n\t\t<div class=\"qodef-e-side-holder\">\n\t\t\t<div class=\"qodef-e-image\">\n\t<\/div>\n\t\t<\/div>\n\t\t<div class=\"qodef-e-content-holder\">\n\t\t\t\t<div class=\"qodef-e-date\">\n\t\t1997\t<\/div>\n\t\t\t\t\t\t\t\t<p class=\"qodef-e-text\">\n\t\tEl 3 de junio, el Consejo de Universidades da su parecer positivo a la UDL, pero se opone al nombre. El 8 de septiembre Patronato aprueba el nombre definitivo: Universitat Internacional de Catalunya.\n\n\t<\/p>\n\t\t\t<\/div>\n\t<\/div>\n<\/div>\n<div class=\"qodef-e qodef-e-item elementor-repeater-item-efd3e28 qodef-reverse\">\n\t<div class=\"qodef-e-line-holder\">\n\t\t<span class=\"qodef-e-line\"><\/span>\n\t<\/div>\n\t<div class=\"qodef-e-item-inner\">\n\t\t<div class=\"qodef-e-point-holder\">\n\t\t\t<div class=\"qodef-e-point\">\n\t\t\t\t\t\t\t<\/div>\n\t\t<\/div>\n\t\t<div class=\"qodef-e-side-holder\">\n\t\t\t<div class=\"qodef-e-image\">\n\t<img loading=\"lazy\" decoding=\"async\" width=\"325\" height=\"325\" src=\"https:\/\/25anys.uic.es\/wp-content\/uploads\/2022\/09\/1997A-UIC-DOGC-publicacio\u0301-aprovacio\u0301-UIC-1.png\" class=\"attachment-qi_addons_for_elementor_image_size_square size-qi_addons_for_elementor_image_size_square\" alt=\"\" srcset=\"https:\/\/25anys.uic.es\/wp-content\/uploads\/2022\/09\/1997A-UIC-DOGC-publicacio\u0301-aprovacio\u0301-UIC-1.png 325w, https:\/\/25anys.uic.es\/wp-content\/uploads\/2022\/09\/1997A-UIC-DOGC-publicacio\u0301-aprovacio\u0301-UIC-1-300x300.png 300w, https:\/\/25anys.uic.es\/wp-content\/uploads\/2022\/09\/1997A-UIC-DOGC-publicacio\u0301-aprovacio\u0301-UIC-1-150x150.png 150w\" sizes=\"(max-width: 325px) 100vw, 325px\" \/><\/div>\n\t\t<\/div>\n\t\t<div class=\"qodef-e-content-holder\">\n\t\t\t\t<div class=\"qodef-e-date\">\n\t\t1997\t<\/div>\n\t\t\t\t\t\t\t\t<p class=\"qodef-e-text\">\n\t\tEl 25 de septiembre, se aprueba la ley de creaci\u00f3n de la Universitat Internacional de Catalunya (DSPC, n\u00fam. 53, de 25 de sept.), y el 2 de octubre se publica en el Diari Oficial de la Generalitat de Catalunya (DOGC) la aprobaci\u00f3n de la Universitat Internacional de Catalunya.\n\t<\/p>\n\t\t\t<\/div>\n\t<\/div>\n<\/div>\n<div class=\"qodef-e qodef-e-item elementor-repeater-item-a331027 qodef-obverse\">\n\t<div class=\"qodef-e-line-holder\">\n\t\t<span class=\"qodef-e-line\"><\/span>\n\t<\/div>\n\t<div class=\"qodef-e-item-inner\">\n\t\t<div class=\"qodef-e-point-holder\">\n\t\t\t<div class=\"qodef-e-point\">\n\t\t\t\t\t\t\t<\/div>\n\t\t<\/div>\n\t\t<div class=\"qodef-e-side-holder\">\n\t\t\t<div class=\"qodef-e-image\">\n\t<img loading=\"lazy\" decoding=\"async\" width=\"650\" height=\"650\" src=\"https:\/\/25anys.uic.es\/wp-content\/uploads\/2022\/09\/1997B-2-primer-dia-de-classe.jpg\" class=\"attachment-qi_addons_for_elementor_image_size_square size-qi_addons_for_elementor_image_size_square\" alt=\"\" srcset=\"https:\/\/25anys.uic.es\/wp-content\/uploads\/2022\/09\/1997B-2-primer-dia-de-classe.jpg 650w, https:\/\/25anys.uic.es\/wp-content\/uploads\/2022\/09\/1997B-2-primer-dia-de-classe-300x300.jpg 300w, https:\/\/25anys.uic.es\/wp-content\/uploads\/2022\/09\/1997B-2-primer-dia-de-classe-150x150.jpg 150w, https:\/\/25anys.uic.es\/wp-content\/uploads\/2022\/09\/1997B-2-primer-dia-de-classe-570x570.jpg 570w, https:\/\/25anys.uic.es\/wp-content\/uploads\/2022\/09\/1997B-2-primer-dia-de-classe-500x500.jpg 500w\" sizes=\"(max-width: 650px) 100vw, 650px\" \/><\/div>\n\t\t<\/div>\n\t\t<div class=\"qodef-e-content-holder\">\n\t\t\t\t<div class=\"qodef-e-date\">\n\t\t1997\t<\/div>\n\t\t\t\t\t\t\t\t<p class=\"qodef-e-text\">\n\t\tEl lunes 6 de octubre, comienzan las licenciaturas de Humanidades, Periodismo (segundo ciclo), Administraci\u00f3n y Direcci\u00f3n de Empresas, Derecho, Odontolog\u00eda, Enfermer\u00eda, Arquitectura y la diplomatura de Gesti\u00f3n y Administraci\u00f3n P\u00fablica .\t<\/p>\n\t\t\t<\/div>\n\t<\/div>\n<\/div>\n<div class=\"qodef-e qodef-e-item elementor-repeater-item-132aaa5 qodef-reverse\">\n\t<div class=\"qodef-e-line-holder\">\n\t\t<span class=\"qodef-e-line\"><\/span>\n\t<\/div>\n\t<div class=\"qodef-e-item-inner\">\n\t\t<div class=\"qodef-e-point-holder\">\n\t\t\t<div class=\"qodef-e-point\">\n\t\t\t\t\t\t\t<\/div>\n\t\t<\/div>\n\t\t<div class=\"qodef-e-side-holder\">\n\t\t\t<div class=\"qodef-e-image\">\n\t<img loading=\"lazy\" decoding=\"async\" width=\"650\" height=\"650\" src=\"https:\/\/25anys.uic.es\/wp-content\/uploads\/2022\/09\/1998A-121119-JUNTA-CAU-NOU-PRESIDENT-5.jpg\" class=\"attachment-qi_addons_for_elementor_image_size_square size-qi_addons_for_elementor_image_size_square\" alt=\"\" srcset=\"https:\/\/25anys.uic.es\/wp-content\/uploads\/2022\/09\/1998A-121119-JUNTA-CAU-NOU-PRESIDENT-5.jpg 650w, https:\/\/25anys.uic.es\/wp-content\/uploads\/2022\/09\/1998A-121119-JUNTA-CAU-NOU-PRESIDENT-5-300x300.jpg 300w, https:\/\/25anys.uic.es\/wp-content\/uploads\/2022\/09\/1998A-121119-JUNTA-CAU-NOU-PRESIDENT-5-150x150.jpg 150w, https:\/\/25anys.uic.es\/wp-content\/uploads\/2022\/09\/1998A-121119-JUNTA-CAU-NOU-PRESIDENT-5-570x570.jpg 570w, https:\/\/25anys.uic.es\/wp-content\/uploads\/2022\/09\/1998A-121119-JUNTA-CAU-NOU-PRESIDENT-5-500x500.jpg 500w\" sizes=\"(max-width: 650px) 100vw, 650px\" \/><\/div>\n\t\t<\/div>\n\t\t<div class=\"qodef-e-content-holder\">\n\t\t\t\t<div class=\"qodef-e-date\">\n\t\t1998\t<\/div>\n\t\t\t\t\t\t\t\t<p class=\"qodef-e-text\">\n\t\tJosep Maria Pujol sustituye a Ramon Guardans, como presidente de la Fundaci\u00f3n Familiar Catalana.\t<\/p>\n\t\t\t<\/div>\n\t<\/div>\n<\/div>\n<div class=\"qodef-e qodef-e-item elementor-repeater-item-6202192 qodef-obverse\">\n\t<div class=\"qodef-e-line-holder\">\n\t\t<span class=\"qodef-e-line\"><\/span>\n\t<\/div>\n\t<div class=\"qodef-e-item-inner\">\n\t\t<div class=\"qodef-e-point-holder\">\n\t\t\t<div class=\"qodef-e-point\">\n\t\t\t\t\t\t\t<\/div>\n\t\t<\/div>\n\t\t<div class=\"qodef-e-side-holder\">\n\t\t\t<div class=\"qodef-e-image\">\n\t<img loading=\"lazy\" decoding=\"async\" width=\"650\" height=\"650\" src=\"https:\/\/25anys.uic.es\/wp-content\/uploads\/2022\/09\/1998B-2-fites-fisio.jpg\" class=\"attachment-qi_addons_for_elementor_image_size_square size-qi_addons_for_elementor_image_size_square\" alt=\"\" srcset=\"https:\/\/25anys.uic.es\/wp-content\/uploads\/2022\/09\/1998B-2-fites-fisio.jpg 650w, https:\/\/25anys.uic.es\/wp-content\/uploads\/2022\/09\/1998B-2-fites-fisio-300x300.jpg 300w, https:\/\/25anys.uic.es\/wp-content\/uploads\/2022\/09\/1998B-2-fites-fisio-150x150.jpg 150w, https:\/\/25anys.uic.es\/wp-content\/uploads\/2022\/09\/1998B-2-fites-fisio-570x570.jpg 570w, https:\/\/25anys.uic.es\/wp-content\/uploads\/2022\/09\/1998B-2-fites-fisio-500x500.jpg 500w\" sizes=\"(max-width: 650px) 100vw, 650px\" \/><\/div>\n\t\t<\/div>\n\t\t<div class=\"qodef-e-content-holder\">\n\t\t\t\t<div class=\"qodef-e-date\">\n\t\t1998\t<\/div>\n\t\t\t\t\t\t\t\t<p class=\"qodef-e-text\">\n\t\tEn septiembre, comienza el Campus del Ebro, en Tortosa, con cuatro diplomaturas de ingenier\u00edas t\u00e9cnicas. Este campus se cerrar\u00e1 en 2005. Tambi\u00e9n comienza Fisioterapia, en el Campus Sant Cugat.\t<\/p>\n\t\t\t<\/div>\n\t<\/div>\n<\/div>\n<div class=\"qodef-e qodef-e-item elementor-repeater-item-71fc2cf qodef-reverse\">\n\t<div class=\"qodef-e-line-holder\">\n\t\t<span class=\"qodef-e-line\"><\/span>\n\t<\/div>\n\t<div class=\"qodef-e-item-inner\">\n\t\t<div class=\"qodef-e-point-holder\">\n\t\t\t<div class=\"qodef-e-point\">\n\t\t\t\t\t\t\t<\/div>\n\t\t<\/div>\n\t\t<div class=\"qodef-e-side-holder\">\n\t\t\t<div class=\"qodef-e-image\">\n\t<img loading=\"lazy\" decoding=\"async\" width=\"650\" height=\"650\" src=\"https:\/\/25anys.uic.es\/wp-content\/uploads\/2022\/09\/1999-inauguracio\u0301n-cuo-13.jpg\" class=\"attachment-qi_addons_for_elementor_image_size_square size-qi_addons_for_elementor_image_size_square\" alt=\"\" srcset=\"https:\/\/25anys.uic.es\/wp-content\/uploads\/2022\/09\/1999-inauguracio\u0301n-cuo-13.jpg 650w, https:\/\/25anys.uic.es\/wp-content\/uploads\/2022\/09\/1999-inauguracio\u0301n-cuo-13-300x300.jpg 300w, https:\/\/25anys.uic.es\/wp-content\/uploads\/2022\/09\/1999-inauguracio\u0301n-cuo-13-150x150.jpg 150w, https:\/\/25anys.uic.es\/wp-content\/uploads\/2022\/09\/1999-inauguracio\u0301n-cuo-13-570x570.jpg 570w, https:\/\/25anys.uic.es\/wp-content\/uploads\/2022\/09\/1999-inauguracio\u0301n-cuo-13-500x500.jpg 500w\" sizes=\"(max-width: 650px) 100vw, 650px\" \/><\/div>\n\t\t<\/div>\n\t\t<div class=\"qodef-e-content-holder\">\n\t\t\t\t<div class=\"qodef-e-date\">\n\t\t1999\t<\/div>\n\t\t\t\t\t\t\t\t<p class=\"qodef-e-text\">\n\t\tEn septiembre de 1999, se abre la Cl\u00ednica Universitaria de Odontolog\u00eda (CUO), que es inaugurada oficialmente el 4 de marzo de 2000, por el consejero de Salud y Bienestar, Eduard Rius. La CUO se ampliar\u00e1 en 2017.\t<\/p>\n\t\t\t<\/div>\n\t<\/div>\n<\/div>\n<\/div>\n\t\t\t\t<\/div>\n\t\t\t\t<\/div>\n\t\t\t\t\t<\/div>\n\t\t<\/div>\n\t\t\t\t\t<\/div>\n\t\t<\/section>\n\t\t\t\t<section class=\"elementor-section elementor-top-section elementor-element elementor-element-86ccd15 elementor-section-boxed elementor-section-height-default elementor-section-height-default parallax_section_no qode_elementor_container_no\" data-id=\"86ccd15\" data-element_type=\"section\" data-e-type=\"section\" data-settings=\"{&quot;background_background&quot;:&quot;classic&quot;}\">\n\t\t\t\t\t\t<div class=\"elementor-container elementor-column-gap-default\">\n\t\t\t\t\t<div class=\"elementor-column elementor-col-100 elementor-top-column elementor-element elementor-element-06ac774\" data-id=\"06ac774\" data-element_type=\"column\" data-e-type=\"column\">\n\t\t\t<div class=\"elementor-widget-wrap\">\n\t\t\t\t\t\t\t<\/div>\n\t\t<\/div>\n\t\t\t\t\t<\/div>\n\t\t<\/section>\n\t\t\t\t<section class=\"elementor-section elementor-top-section elementor-element elementor-element-237e1e6 elementor-section-boxed elementor-section-height-default elementor-section-height-default parallax_section_no qode_elementor_container_no\" data-id=\"237e1e6\" data-element_type=\"section\" data-e-type=\"section\" data-settings=\"{&quot;background_background&quot;:&quot;classic&quot;}\">\n\t\t\t\t\t\t<div class=\"elementor-container elementor-column-gap-default\">\n\t\t\t\t\t<div class=\"elementor-column elementor-col-100 elementor-top-column elementor-element elementor-element-e3e3fc2\" data-id=\"e3e3fc2\" data-element_type=\"column\" data-e-type=\"column\">\n\t\t\t<div class=\"elementor-widget-wrap elementor-element-populated\">\n\t\t\t\t\t\t<div class=\"elementor-element elementor-element-31d2356 elementor-widget elementor-widget-qi_addons_for_elementor_timeline\" data-id=\"31d2356\" data-element_type=\"widget\" data-e-type=\"widget\" data-widget_type=\"qi_addons_for_elementor_timeline.default\">\n\t\t\t\t<div class=\"elementor-widget-container\">\n\t\t\t\t\t<div class=\"qodef-shortcode qodef-m qodef-qi-timeline qodef-timeline--vertical qodef-timeline-layout--vertical-separated qodef-line--outside qodef-point--standard qodef-reverse-padding\">\n\t<div class=\"qodef-e qodef-e-item elementor-repeater-item-df171d4 qodef-obverse\">\n\t<div class=\"qodef-e-line-holder\">\n\t\t<span class=\"qodef-e-line\"><\/span>\n\t<\/div>\n\t<div class=\"qodef-e-item-inner\">\n\t\t<div class=\"qodef-e-point-holder\">\n\t\t\t<div class=\"qodef-e-point\">\n\t\t\t\t\t\t\t<\/div>\n\t\t<\/div>\n\t\t<div class=\"qodef-e-side-holder\">\n\t\t\t<div class=\"qodef-e-image\">\n\t<img loading=\"lazy\" decoding=\"async\" width=\"650\" height=\"650\" src=\"https:\/\/25anys.uic.es\/wp-content\/uploads\/2022\/09\/Sala-disseccio\u0301-odontologia-650x650.jpg\" class=\"attachment-qi_addons_for_elementor_image_size_square size-qi_addons_for_elementor_image_size_square\" alt=\"\" srcset=\"https:\/\/25anys.uic.es\/wp-content\/uploads\/2022\/09\/Sala-disseccio\u0301-odontologia-650x650.jpg 650w, https:\/\/25anys.uic.es\/wp-content\/uploads\/2022\/09\/Sala-disseccio\u0301-odontologia-300x300.jpg 300w, https:\/\/25anys.uic.es\/wp-content\/uploads\/2022\/09\/Sala-disseccio\u0301-odontologia-150x150.jpg 150w, https:\/\/25anys.uic.es\/wp-content\/uploads\/2022\/09\/Sala-disseccio\u0301-odontologia-570x570.jpg 570w, https:\/\/25anys.uic.es\/wp-content\/uploads\/2022\/09\/Sala-disseccio\u0301-odontologia-500x500.jpg 500w, https:\/\/25anys.uic.es\/wp-content\/uploads\/2022\/09\/Sala-disseccio\u0301-odontologia-700x700.jpg 700w, https:\/\/25anys.uic.es\/wp-content\/uploads\/2022\/09\/Sala-disseccio\u0301-odontologia.jpg 708w\" sizes=\"(max-width: 650px) 100vw, 650px\" \/><\/div>\n\t\t<\/div>\n\t\t<div class=\"qodef-e-content-holder\">\n\t\t\t\t<div class=\"qodef-e-date\">\n\t\t2000\t<\/div>\n\t\t\t\t\t\t\t\t<p class=\"qodef-e-text\">\n\t\tEn enero, se inaugura la sala de disecci\u00f3n, que en 2010 recibir\u00e1 el nombre del primer rector: \u201cLaboratorio de disecci\u00f3n Dr. Jordi Cerv\u00f3s\u201d.\t<\/p>\n\t\t\t<\/div>\n\t<\/div>\n<\/div>\n<div class=\"qodef-e qodef-e-item elementor-repeater-item-fe96768 qodef-reverse\">\n\t<div class=\"qodef-e-line-holder\">\n\t\t<span class=\"qodef-e-line\"><\/span>\n\t<\/div>\n\t<div class=\"qodef-e-item-inner\">\n\t\t<div class=\"qodef-e-point-holder\">\n\t\t\t<div class=\"qodef-e-point\">\n\t\t\t\t\t\t\t<\/div>\n\t\t<\/div>\n\t\t<div class=\"qodef-e-side-holder\">\n\t\t\t<div class=\"qodef-e-image\">\n\t<\/div>\n\t\t<\/div>\n\t\t<div class=\"qodef-e-content-holder\">\n\t\t\t\t<div class=\"qodef-e-date\">\n\t\t2000\t<\/div>\n\t\t\t\t\t\t\t\t<p class=\"qodef-e-text\">\n\t\tEn mayo, tienen lugar las primeras graduaciones: Enfermer\u00eda, ADE, Derecho y Gesti\u00f3n y Administraci\u00f3n P\u00fablica. \nEn septiembre, comienzan los estudios de Magisterio, dentro de la Facultad de Humanidades.\t<\/p>\n\t\t\t<\/div>\n\t<\/div>\n<\/div>\n<div class=\"qodef-e qodef-e-item elementor-repeater-item-66a8ca0 qodef-obverse\">\n\t<div class=\"qodef-e-line-holder\">\n\t\t<span class=\"qodef-e-line\"><\/span>\n\t<\/div>\n\t<div class=\"qodef-e-item-inner\">\n\t\t<div class=\"qodef-e-point-holder\">\n\t\t\t<div class=\"qodef-e-point\">\n\t\t\t\t\t\t\t<\/div>\n\t\t<\/div>\n\t\t<div class=\"qodef-e-side-holder\">\n\t\t\t<div class=\"qodef-e-image\">\n\t<img loading=\"lazy\" decoding=\"async\" width=\"650\" height=\"650\" src=\"https:\/\/25anys.uic.es\/wp-content\/uploads\/2022\/09\/2001-RECTOR_josep-argemi\u0301.jpg\" class=\"attachment-qi_addons_for_elementor_image_size_square size-qi_addons_for_elementor_image_size_square\" alt=\"\" srcset=\"https:\/\/25anys.uic.es\/wp-content\/uploads\/2022\/09\/2001-RECTOR_josep-argemi\u0301.jpg 650w, https:\/\/25anys.uic.es\/wp-content\/uploads\/2022\/09\/2001-RECTOR_josep-argemi\u0301-300x300.jpg 300w, https:\/\/25anys.uic.es\/wp-content\/uploads\/2022\/09\/2001-RECTOR_josep-argemi\u0301-150x150.jpg 150w, https:\/\/25anys.uic.es\/wp-content\/uploads\/2022\/09\/2001-RECTOR_josep-argemi\u0301-570x570.jpg 570w, https:\/\/25anys.uic.es\/wp-content\/uploads\/2022\/09\/2001-RECTOR_josep-argemi\u0301-500x500.jpg 500w\" sizes=\"(max-width: 650px) 100vw, 650px\" \/><\/div>\n\t\t<\/div>\n\t\t<div class=\"qodef-e-content-holder\">\n\t\t\t\t<div class=\"qodef-e-date\">\n\t\t2001\t<\/div>\n\t\t\t\t\t\t\t\t<p class=\"qodef-e-text\">\n\t\tJosep Argem\u00ed y Renom es nombrado nuevo rector de la Universidad, en sustituci\u00f3n de Jordi Cerv\u00f3s y Navarro .\t<\/p>\n\t\t\t<\/div>\n\t<\/div>\n<\/div>\n<div class=\"qodef-e qodef-e-item elementor-repeater-item-c9e3ade qodef-reverse\">\n\t<div class=\"qodef-e-line-holder\">\n\t\t<span class=\"qodef-e-line\"><\/span>\n\t<\/div>\n\t<div class=\"qodef-e-item-inner\">\n\t\t<div class=\"qodef-e-point-holder\">\n\t\t\t<div class=\"qodef-e-point\">\n\t\t\t\t\t\t\t<\/div>\n\t\t<\/div>\n\t\t<div class=\"qodef-e-side-holder\">\n\t\t\t<div class=\"qodef-e-image\">\n\t<img loading=\"lazy\" decoding=\"async\" width=\"650\" height=\"650\" src=\"https:\/\/25anys.uic.es\/wp-content\/uploads\/2022\/09\/shutterstock_224647375-650x650.jpg\" class=\"attachment-qi_addons_for_elementor_image_size_square size-qi_addons_for_elementor_image_size_square\" alt=\"\" srcset=\"https:\/\/25anys.uic.es\/wp-content\/uploads\/2022\/09\/shutterstock_224647375-650x650.jpg 650w, https:\/\/25anys.uic.es\/wp-content\/uploads\/2022\/09\/shutterstock_224647375-300x300.jpg 300w, https:\/\/25anys.uic.es\/wp-content\/uploads\/2022\/09\/shutterstock_224647375-150x150.jpg 150w, https:\/\/25anys.uic.es\/wp-content\/uploads\/2022\/09\/shutterstock_224647375-768x768.jpg 768w, https:\/\/25anys.uic.es\/wp-content\/uploads\/2022\/09\/shutterstock_224647375-570x570.jpg 570w, https:\/\/25anys.uic.es\/wp-content\/uploads\/2022\/09\/shutterstock_224647375-500x500.jpg 500w, https:\/\/25anys.uic.es\/wp-content\/uploads\/2022\/09\/shutterstock_224647375-700x700.jpg 700w, https:\/\/25anys.uic.es\/wp-content\/uploads\/2022\/09\/shutterstock_224647375.jpg 816w\" sizes=\"(max-width: 650px) 100vw, 650px\" \/><\/div>\n\t\t<\/div>\n\t\t<div class=\"qodef-e-content-holder\">\n\t\t\t\t<div class=\"qodef-e-date\">\n\t\t2003\t<\/div>\n\t\t\t\t\t\t\t\t<p class=\"qodef-e-text\">\n\t\tSe crea el Instituto de Estudios Superiores de la Familia, el m\u00e1s antiguo de los cinco actuales.\t<\/p>\n\t\t\t<\/div>\n\t<\/div>\n<\/div>\n<div class=\"qodef-e qodef-e-item elementor-repeater-item-129cd93 qodef-obverse\">\n\t<div class=\"qodef-e-line-holder\">\n\t\t<span class=\"qodef-e-line\"><\/span>\n\t<\/div>\n\t<div class=\"qodef-e-item-inner\">\n\t\t<div class=\"qodef-e-point-holder\">\n\t\t\t<div class=\"qodef-e-point\">\n\t\t\t\t\t\t\t<\/div>\n\t\t<\/div>\n\t\t<div class=\"qodef-e-side-holder\">\n\t\t\t<div class=\"qodef-e-image\">\n\t<img loading=\"lazy\" decoding=\"async\" width=\"650\" height=\"650\" src=\"https:\/\/25anys.uic.es\/wp-content\/uploads\/2022\/09\/2004-newsuic_06_Pa\u0301gina_01.jpg\" class=\"attachment-qi_addons_for_elementor_image_size_square size-qi_addons_for_elementor_image_size_square\" alt=\"\" srcset=\"https:\/\/25anys.uic.es\/wp-content\/uploads\/2022\/09\/2004-newsuic_06_Pa\u0301gina_01.jpg 650w, https:\/\/25anys.uic.es\/wp-content\/uploads\/2022\/09\/2004-newsuic_06_Pa\u0301gina_01-300x300.jpg 300w, https:\/\/25anys.uic.es\/wp-content\/uploads\/2022\/09\/2004-newsuic_06_Pa\u0301gina_01-150x150.jpg 150w, https:\/\/25anys.uic.es\/wp-content\/uploads\/2022\/09\/2004-newsuic_06_Pa\u0301gina_01-570x570.jpg 570w, https:\/\/25anys.uic.es\/wp-content\/uploads\/2022\/09\/2004-newsuic_06_Pa\u0301gina_01-500x500.jpg 500w\" sizes=\"(max-width: 650px) 100vw, 650px\" \/><\/div>\n\t\t<\/div>\n\t\t<div class=\"qodef-e-content-holder\">\n\t\t\t\t<div class=\"qodef-e-date\">\n\t\t2004\t<\/div>\n\t\t\t\t\t\t\t\t<p class=\"qodef-e-text\">\n\t\tSe inician los estudios de Criminolog\u00eda, dentro de la Facultad Derecho .\t<\/p>\n\t\t\t<\/div>\n\t<\/div>\n<\/div>\n<div class=\"qodef-e qodef-e-item elementor-repeater-item-73152e4 qodef-reverse\">\n\t<div class=\"qodef-e-line-holder\">\n\t\t<span class=\"qodef-e-line\"><\/span>\n\t<\/div>\n\t<div class=\"qodef-e-item-inner\">\n\t\t<div class=\"qodef-e-point-holder\">\n\t\t\t<div class=\"qodef-e-point\">\n\t\t\t\t\t\t\t<\/div>\n\t\t<\/div>\n\t\t<div class=\"qodef-e-side-holder\">\n\t\t\t<div class=\"qodef-e-image\">\n\t<img loading=\"lazy\" decoding=\"async\" width=\"650\" height=\"650\" src=\"https:\/\/25anys.uic.es\/wp-content\/uploads\/2022\/09\/2005A-070522-inauguracio\u0301-plato\u0301.jpg\" class=\"attachment-qi_addons_for_elementor_image_size_square size-qi_addons_for_elementor_image_size_square\" alt=\"\" srcset=\"https:\/\/25anys.uic.es\/wp-content\/uploads\/2022\/09\/2005A-070522-inauguracio\u0301-plato\u0301.jpg 650w, https:\/\/25anys.uic.es\/wp-content\/uploads\/2022\/09\/2005A-070522-inauguracio\u0301-plato\u0301-300x300.jpg 300w, https:\/\/25anys.uic.es\/wp-content\/uploads\/2022\/09\/2005A-070522-inauguracio\u0301-plato\u0301-150x150.jpg 150w, https:\/\/25anys.uic.es\/wp-content\/uploads\/2022\/09\/2005A-070522-inauguracio\u0301-plato\u0301-570x570.jpg 570w, https:\/\/25anys.uic.es\/wp-content\/uploads\/2022\/09\/2005A-070522-inauguracio\u0301-plato\u0301-500x500.jpg 500w\" sizes=\"(max-width: 650px) 100vw, 650px\" \/><\/div>\n\t\t<\/div>\n\t\t<div class=\"qodef-e-content-holder\">\n\t\t\t\t<div class=\"qodef-e-date\">\n\t\t2005\t<\/div>\n\t\t\t\t\t\t\t\t<p class=\"qodef-e-text\">\n\t\tComienzan los estudios de Comunicaci\u00f3n Audiovisual, dentro de la Facultad de Humanidades. Dos a\u00f1os m\u00e1s tarde, se inaugurar\u00e1 el Digital Media Studios, con el consejero de Cultura y Medios Audiovisuales, Joan Manuel Tresserres, y el director de cine Jaume Balaguer\u00f3.\n\t<\/p>\n\t\t\t<\/div>\n\t<\/div>\n<\/div>\n<div class=\"qodef-e qodef-e-item elementor-repeater-item-608bfc3 qodef-obverse\">\n\t<div class=\"qodef-e-line-holder\">\n\t\t<span class=\"qodef-e-line\"><\/span>\n\t<\/div>\n\t<div class=\"qodef-e-item-inner\">\n\t\t<div class=\"qodef-e-point-holder\">\n\t\t\t<div class=\"qodef-e-point\">\n\t\t\t\t\t\t\t<\/div>\n\t\t<\/div>\n\t\t<div class=\"qodef-e-side-holder\">\n\t\t\t<div class=\"qodef-e-image\">\n\t<img loading=\"lazy\" decoding=\"async\" width=\"650\" height=\"650\" src=\"https:\/\/25anys.uic.es\/wp-content\/uploads\/2022\/09\/2005B-6010-072-1.jpg\" class=\"attachment-qi_addons_for_elementor_image_size_square size-qi_addons_for_elementor_image_size_square\" alt=\"\" srcset=\"https:\/\/25anys.uic.es\/wp-content\/uploads\/2022\/09\/2005B-6010-072-1.jpg 650w, https:\/\/25anys.uic.es\/wp-content\/uploads\/2022\/09\/2005B-6010-072-1-300x300.jpg 300w, https:\/\/25anys.uic.es\/wp-content\/uploads\/2022\/09\/2005B-6010-072-1-150x150.jpg 150w, https:\/\/25anys.uic.es\/wp-content\/uploads\/2022\/09\/2005B-6010-072-1-570x570.jpg 570w, https:\/\/25anys.uic.es\/wp-content\/uploads\/2022\/09\/2005B-6010-072-1-500x500.jpg 500w\" sizes=\"(max-width: 650px) 100vw, 650px\" \/><\/div>\n\t\t<\/div>\n\t\t<div class=\"qodef-e-content-holder\">\n\t\t\t\t<div class=\"qodef-e-date\">\n\t\t2005\t<\/div>\n\t\t\t\t\t\t\t\t<p class=\"qodef-e-text\">\n\t\tEl 6 de octubre, Ramon Guardans es nombrado doctor honoris causa, el primer doctorado honoris causa de la Universitat Internacional de Catalunya.\n\t<\/p>\n\t\t\t<\/div>\n\t<\/div>\n<\/div>\n<div class=\"qodef-e qodef-e-item elementor-repeater-item-e68815a qodef-reverse\">\n\t<div class=\"qodef-e-line-holder\">\n\t\t<span class=\"qodef-e-line\"><\/span>\n\t<\/div>\n\t<div class=\"qodef-e-item-inner\">\n\t\t<div class=\"qodef-e-point-holder\">\n\t\t\t<div class=\"qodef-e-point\">\n\t\t\t\t\t\t\t<\/div>\n\t\t<\/div>\n\t\t<div class=\"qodef-e-side-holder\">\n\t\t\t<div class=\"qodef-e-image\">\n\t<\/div>\n\t\t<\/div>\n\t\t<div class=\"qodef-e-content-holder\">\n\t\t\t\t<div class=\"qodef-e-date\">\n\t\t2007\t<\/div>\n\t\t\t\t\t\t\t\t<p class=\"qodef-e-text\">\n\t\tEn septiembre, comienza la Facultad de Educaci\u00f3n, que aglutina los grados en Magisterio, que se independizan de la Facultad de Humanidades.\t<\/p>\n\t\t\t<\/div>\n\t<\/div>\n<\/div>\n<div class=\"qodef-e qodef-e-item elementor-repeater-item-7b3dfe6 qodef-obverse\">\n\t<div class=\"qodef-e-line-holder\">\n\t\t<span class=\"qodef-e-line\"><\/span>\n\t<\/div>\n\t<div class=\"qodef-e-item-inner\">\n\t\t<div class=\"qodef-e-point-holder\">\n\t\t\t<div class=\"qodef-e-point\">\n\t\t\t\t\t\t\t<\/div>\n\t\t<\/div>\n\t\t<div class=\"qodef-e-side-holder\">\n\t\t\t<div class=\"qodef-e-image\">\n\t<img loading=\"lazy\" decoding=\"async\" width=\"650\" height=\"650\" src=\"https:\/\/25anys.uic.es\/wp-content\/uploads\/2022\/09\/2008A-080416-DHC-PICH-AGUILERA-i-RIEDERER-22.png\" class=\"attachment-qi_addons_for_elementor_image_size_square size-qi_addons_for_elementor_image_size_square\" alt=\"\" srcset=\"https:\/\/25anys.uic.es\/wp-content\/uploads\/2022\/09\/2008A-080416-DHC-PICH-AGUILERA-i-RIEDERER-22.png 650w, https:\/\/25anys.uic.es\/wp-content\/uploads\/2022\/09\/2008A-080416-DHC-PICH-AGUILERA-i-RIEDERER-22-300x300.png 300w, https:\/\/25anys.uic.es\/wp-content\/uploads\/2022\/09\/2008A-080416-DHC-PICH-AGUILERA-i-RIEDERER-22-150x150.png 150w, https:\/\/25anys.uic.es\/wp-content\/uploads\/2022\/09\/2008A-080416-DHC-PICH-AGUILERA-i-RIEDERER-22-570x570.png 570w, https:\/\/25anys.uic.es\/wp-content\/uploads\/2022\/09\/2008A-080416-DHC-PICH-AGUILERA-i-RIEDERER-22-500x500.png 500w\" sizes=\"(max-width: 650px) 100vw, 650px\" \/><\/div>\n\t\t<\/div>\n\t\t<div class=\"qodef-e-content-holder\">\n\t\t\t\t<div class=\"qodef-e-date\">\n\t\t2008\t<\/div>\n\t\t\t\t\t\t\t\t<p class=\"qodef-e-text\">\n\t\tEl 16 de abril, Rafael Pich-Aguilera y Peter Franz Riederer son investidos doctores honoris causa por la Universitat Internacional de Catalunya. \t<\/p>\n\t\t\t<\/div>\n\t<\/div>\n<\/div>\n<div class=\"qodef-e qodef-e-item elementor-repeater-item-8f5b326 qodef-reverse\">\n\t<div class=\"qodef-e-line-holder\">\n\t\t<span class=\"qodef-e-line\"><\/span>\n\t<\/div>\n\t<div class=\"qodef-e-item-inner\">\n\t\t<div class=\"qodef-e-point-holder\">\n\t\t\t<div class=\"qodef-e-point\">\n\t\t\t\t\t\t\t<\/div>\n\t\t<\/div>\n\t\t<div class=\"qodef-e-side-holder\">\n\t\t\t<div class=\"qodef-e-image\">\n\t<img loading=\"lazy\" decoding=\"async\" width=\"650\" height=\"650\" src=\"https:\/\/25anys.uic.es\/wp-content\/uploads\/2022\/09\/2007B-080517-CONGRE\u0301S-FAMI\u0301LIA-JAVIER-ECHEVARRI\u0301A-6.jpg\" class=\"attachment-qi_addons_for_elementor_image_size_square size-qi_addons_for_elementor_image_size_square\" alt=\"\" srcset=\"https:\/\/25anys.uic.es\/wp-content\/uploads\/2022\/09\/2007B-080517-CONGRE\u0301S-FAMI\u0301LIA-JAVIER-ECHEVARRI\u0301A-6.jpg 650w, https:\/\/25anys.uic.es\/wp-content\/uploads\/2022\/09\/2007B-080517-CONGRE\u0301S-FAMI\u0301LIA-JAVIER-ECHEVARRI\u0301A-6-300x300.jpg 300w, https:\/\/25anys.uic.es\/wp-content\/uploads\/2022\/09\/2007B-080517-CONGRE\u0301S-FAMI\u0301LIA-JAVIER-ECHEVARRI\u0301A-6-150x150.jpg 150w, https:\/\/25anys.uic.es\/wp-content\/uploads\/2022\/09\/2007B-080517-CONGRE\u0301S-FAMI\u0301LIA-JAVIER-ECHEVARRI\u0301A-6-570x570.jpg 570w, https:\/\/25anys.uic.es\/wp-content\/uploads\/2022\/09\/2007B-080517-CONGRE\u0301S-FAMI\u0301LIA-JAVIER-ECHEVARRI\u0301A-6-500x500.jpg 500w\" sizes=\"(max-width: 650px) 100vw, 650px\" \/><\/div>\n\t\t<\/div>\n\t\t<div class=\"qodef-e-content-holder\">\n\t\t\t\t<div class=\"qodef-e-date\">\n\t\t2008\t<\/div>\n\t\t\t\t\t\t\t\t<p class=\"qodef-e-text\">\n\t\tEl 17 de mayo tiene lugar la conferencia de clausura del I Congreso Internacional \u201cFamilia y Sociedad\u201d, a cargo de Mons. Javier Echevarr\u00eda, obispo prelado del Opus Dei.\t<\/p>\n\t\t\t<\/div>\n\t<\/div>\n<\/div>\n<div class=\"qodef-e qodef-e-item elementor-repeater-item-25836c8 qodef-obverse\">\n\t<div class=\"qodef-e-line-holder\">\n\t\t<span class=\"qodef-e-line\"><\/span>\n\t<\/div>\n\t<div class=\"qodef-e-item-inner\">\n\t\t<div class=\"qodef-e-point-holder\">\n\t\t\t<div class=\"qodef-e-point\">\n\t\t\t\t\t\t\t<\/div>\n\t\t<\/div>\n\t\t<div class=\"qodef-e-side-holder\">\n\t\t\t<div class=\"qodef-e-image\">\n\t<img loading=\"lazy\" decoding=\"async\" width=\"650\" height=\"650\" src=\"https:\/\/25anys.uic.es\/wp-content\/uploads\/2022\/09\/2008B-1-comunicacio\u0301-audiovisual.jpg\" class=\"attachment-qi_addons_for_elementor_image_size_square size-qi_addons_for_elementor_image_size_square\" alt=\"\" srcset=\"https:\/\/25anys.uic.es\/wp-content\/uploads\/2022\/09\/2008B-1-comunicacio\u0301-audiovisual.jpg 650w, https:\/\/25anys.uic.es\/wp-content\/uploads\/2022\/09\/2008B-1-comunicacio\u0301-audiovisual-300x300.jpg 300w, https:\/\/25anys.uic.es\/wp-content\/uploads\/2022\/09\/2008B-1-comunicacio\u0301-audiovisual-150x150.jpg 150w, https:\/\/25anys.uic.es\/wp-content\/uploads\/2022\/09\/2008B-1-comunicacio\u0301-audiovisual-570x570.jpg 570w, https:\/\/25anys.uic.es\/wp-content\/uploads\/2022\/09\/2008B-1-comunicacio\u0301-audiovisual-500x500.jpg 500w\" sizes=\"(max-width: 650px) 100vw, 650px\" \/><\/div>\n\t\t<\/div>\n\t\t<div class=\"qodef-e-content-holder\">\n\t\t\t\t<div class=\"qodef-e-date\">\n\t\t2008\t<\/div>\n\t\t\t\t\t\t\t\t<p class=\"qodef-e-text\">\n\t\tEn septiembre, empieza el nuevo Grado en Medicina en la Facultad de Medicina y Ciencias de la Salud, y Odontolog\u00eda pasa a formar parte de la nueva Facultad de Odontolog\u00eda. Tambi\u00e9n comienzan los estudios de Periodismo y de Comunicaci\u00f3n Audiovisual, ya bajo el paraguas de la nueva Facultad de Ciencias de la Comunicaci\u00f3n.\t<\/p>\n\t\t\t<\/div>\n\t<\/div>\n<\/div>\n<div class=\"qodef-e qodef-e-item elementor-repeater-item-c20f535 qodef-reverse\">\n\t<div class=\"qodef-e-line-holder\">\n\t\t<span class=\"qodef-e-line\"><\/span>\n\t<\/div>\n\t<div class=\"qodef-e-item-inner\">\n\t\t<div class=\"qodef-e-point-holder\">\n\t\t\t<div class=\"qodef-e-point\">\n\t\t\t\t\t\t\t<\/div>\n\t\t<\/div>\n\t\t<div class=\"qodef-e-side-holder\">\n\t\t\t<div class=\"qodef-e-image\">\n\t<img loading=\"lazy\" decoding=\"async\" width=\"650\" height=\"650\" src=\"https:\/\/25anys.uic.es\/wp-content\/uploads\/2022\/09\/2010-Joaqui\u0301n-Navarro-Valenti\u0301-Fuster_10050-152.png\" class=\"attachment-qi_addons_for_elementor_image_size_square size-qi_addons_for_elementor_image_size_square\" alt=\"\" srcset=\"https:\/\/25anys.uic.es\/wp-content\/uploads\/2022\/09\/2010-Joaqui\u0301n-Navarro-Valenti\u0301-Fuster_10050-152.png 650w, https:\/\/25anys.uic.es\/wp-content\/uploads\/2022\/09\/2010-Joaqui\u0301n-Navarro-Valenti\u0301-Fuster_10050-152-300x300.png 300w, https:\/\/25anys.uic.es\/wp-content\/uploads\/2022\/09\/2010-Joaqui\u0301n-Navarro-Valenti\u0301-Fuster_10050-152-150x150.png 150w, https:\/\/25anys.uic.es\/wp-content\/uploads\/2022\/09\/2010-Joaqui\u0301n-Navarro-Valenti\u0301-Fuster_10050-152-570x570.png 570w, https:\/\/25anys.uic.es\/wp-content\/uploads\/2022\/09\/2010-Joaqui\u0301n-Navarro-Valenti\u0301-Fuster_10050-152-500x500.png 500w\" sizes=\"(max-width: 650px) 100vw, 650px\" \/><\/div>\n\t\t<\/div>\n\t\t<div class=\"qodef-e-content-holder\">\n\t\t\t\t<div class=\"qodef-e-date\">\n\t\t2010\t<\/div>\n\t\t\t\t\t\t\t\t<p class=\"qodef-e-text\">\n\t\tEl 6 de mayo, Joaqu\u00edn Navarro-Valls y Valent\u00ed Fuster son investidos doctores honoris causa por la Universitat Internacional de Catalunya.\t<\/p>\n\t\t\t<\/div>\n\t<\/div>\n<\/div>\n<div class=\"qodef-e qodef-e-item elementor-repeater-item-31d76b5 qodef-obverse\">\n\t<div class=\"qodef-e-line-holder\">\n\t\t<span class=\"qodef-e-line\"><\/span>\n\t<\/div>\n\t<div class=\"qodef-e-item-inner\">\n\t\t<div class=\"qodef-e-point-holder\">\n\t\t\t<div class=\"qodef-e-point\">\n\t\t\t\t\t\t\t<\/div>\n\t\t<\/div>\n\t\t<div class=\"qodef-e-side-holder\">\n\t\t\t<div class=\"qodef-e-image\">\n\t<img loading=\"lazy\" decoding=\"async\" width=\"650\" height=\"650\" src=\"https:\/\/25anys.uic.es\/wp-content\/uploads\/2022\/09\/2010-101021-INAUGURACIO\u0301-CURS-NOU-RECTOR-ALAVEDRA-02.jpg\" class=\"attachment-qi_addons_for_elementor_image_size_square size-qi_addons_for_elementor_image_size_square\" alt=\"\" srcset=\"https:\/\/25anys.uic.es\/wp-content\/uploads\/2022\/09\/2010-101021-INAUGURACIO\u0301-CURS-NOU-RECTOR-ALAVEDRA-02.jpg 650w, https:\/\/25anys.uic.es\/wp-content\/uploads\/2022\/09\/2010-101021-INAUGURACIO\u0301-CURS-NOU-RECTOR-ALAVEDRA-02-300x300.jpg 300w, https:\/\/25anys.uic.es\/wp-content\/uploads\/2022\/09\/2010-101021-INAUGURACIO\u0301-CURS-NOU-RECTOR-ALAVEDRA-02-150x150.jpg 150w, https:\/\/25anys.uic.es\/wp-content\/uploads\/2022\/09\/2010-101021-INAUGURACIO\u0301-CURS-NOU-RECTOR-ALAVEDRA-02-570x570.jpg 570w, https:\/\/25anys.uic.es\/wp-content\/uploads\/2022\/09\/2010-101021-INAUGURACIO\u0301-CURS-NOU-RECTOR-ALAVEDRA-02-500x500.jpg 500w\" sizes=\"(max-width: 650px) 100vw, 650px\" \/><\/div>\n\t\t<\/div>\n\t\t<div class=\"qodef-e-content-holder\">\n\t\t\t\t<div class=\"qodef-e-date\">\n\t\t2010\t<\/div>\n\t\t\t\t\t\t\t\t<p class=\"qodef-e-text\">\n\t\tEl 21 de octubre, Pere Alavedra Ribot es nombrado nuevo rector de la Universidad, en sustituci\u00f3n de Josep Argem\u00ed y Renom.\t<\/p>\n\t\t\t<\/div>\n\t<\/div>\n<\/div>\n<\/div>\n\t\t\t\t<\/div>\n\t\t\t\t<\/div>\n\t\t\t\t<div class=\"elementor-element elementor-element-aca426d elementor-widget elementor-widget-qi_addons_for_elementor_timeline\" data-id=\"aca426d\" data-element_type=\"widget\" data-e-type=\"widget\" data-widget_type=\"qi_addons_for_elementor_timeline.default\">\n\t\t\t\t<div class=\"elementor-widget-container\">\n\t\t\t\t\t<div class=\"qodef-shortcode qodef-m qodef-qi-timeline qodef-timeline--vertical qodef-timeline-layout--vertical-separated qodef-line--outside qodef-point--standard qodef-reverse-padding\">\n\t<div class=\"qodef-e qodef-e-item elementor-repeater-item-54d6b43 qodef-obverse\">\n\t<div class=\"qodef-e-line-holder\">\n\t\t<span class=\"qodef-e-line\"><\/span>\n\t<\/div>\n\t<div class=\"qodef-e-item-inner\">\n\t\t<div class=\"qodef-e-point-holder\">\n\t\t\t<div class=\"qodef-e-point\">\n\t\t\t\t\t\t\t<\/div>\n\t\t<\/div>\n\t\t<div class=\"qodef-e-side-holder\">\n\t\t\t<div class=\"qodef-e-image\">\n\t<img loading=\"lazy\" decoding=\"async\" width=\"650\" height=\"650\" src=\"https:\/\/25anys.uic.es\/wp-content\/uploads\/2022\/09\/2007A-202107190101z-1.jpg\" class=\"attachment-qi_addons_for_elementor_image_size_square size-qi_addons_for_elementor_image_size_square\" alt=\"Inauguraci\u00f3 dels edificis de Terr\u00e9\" srcset=\"https:\/\/25anys.uic.es\/wp-content\/uploads\/2022\/09\/2007A-202107190101z-1.jpg 650w, https:\/\/25anys.uic.es\/wp-content\/uploads\/2022\/09\/2007A-202107190101z-1-300x300.jpg 300w, https:\/\/25anys.uic.es\/wp-content\/uploads\/2022\/09\/2007A-202107190101z-1-150x150.jpg 150w, https:\/\/25anys.uic.es\/wp-content\/uploads\/2022\/09\/2007A-202107190101z-1-570x570.jpg 570w, https:\/\/25anys.uic.es\/wp-content\/uploads\/2022\/09\/2007A-202107190101z-1-500x500.jpg 500w\" sizes=\"(max-width: 650px) 100vw, 650px\" \/><\/div>\n\t\t<\/div>\n\t\t<div class=\"qodef-e-content-holder\">\n\t\t\t\t<div class=\"qodef-e-date\">\n\t\t2011\t<\/div>\n\t\t\t\t\t\t\t\t<p class=\"qodef-e-text\">\n\t\tEl 11 de octubre, se inauguran los nuevos edificios en la calle Terr\u00e9 (Delta y Gama), donde se instala la Facultad de Educaci\u00f3n. La inauguraci\u00f3n cuenta con la presencia del alcalde de Barcelona, Xavier Trias, y el consejero de Econom\u00eda y Conocimiento, Andreu Mas-Colell.\t<\/p>\n\t\t\t<\/div>\n\t<\/div>\n<\/div>\n<div class=\"qodef-e qodef-e-item elementor-repeater-item-e12e2d4 qodef-reverse\">\n\t<div class=\"qodef-e-line-holder\">\n\t\t<span class=\"qodef-e-line\"><\/span>\n\t<\/div>\n\t<div class=\"qodef-e-item-inner\">\n\t\t<div class=\"qodef-e-point-holder\">\n\t\t\t<div class=\"qodef-e-point\">\n\t\t\t\t\t\t\t<\/div>\n\t\t<\/div>\n\t\t<div class=\"qodef-e-side-holder\">\n\t\t\t<div class=\"qodef-e-image\">\n\t<img loading=\"lazy\" decoding=\"async\" width=\"650\" height=\"650\" src=\"https:\/\/25anys.uic.es\/wp-content\/uploads\/2022\/09\/JFR016-BIRRET-650x650.jpg\" class=\"attachment-qi_addons_for_elementor_image_size_square size-qi_addons_for_elementor_image_size_square\" alt=\"\" srcset=\"https:\/\/25anys.uic.es\/wp-content\/uploads\/2022\/09\/JFR016-BIRRET-650x650.jpg 650w, https:\/\/25anys.uic.es\/wp-content\/uploads\/2022\/09\/JFR016-BIRRET-300x300.jpg 300w, https:\/\/25anys.uic.es\/wp-content\/uploads\/2022\/09\/JFR016-BIRRET-150x150.jpg 150w, https:\/\/25anys.uic.es\/wp-content\/uploads\/2022\/09\/JFR016-BIRRET-768x768.jpg 768w, https:\/\/25anys.uic.es\/wp-content\/uploads\/2022\/09\/JFR016-BIRRET-570x570.jpg 570w, https:\/\/25anys.uic.es\/wp-content\/uploads\/2022\/09\/JFR016-BIRRET-500x500.jpg 500w, https:\/\/25anys.uic.es\/wp-content\/uploads\/2022\/09\/JFR016-BIRRET-700x700.jpg 700w, https:\/\/25anys.uic.es\/wp-content\/uploads\/2022\/09\/JFR016-BIRRET.jpg 892w\" sizes=\"(max-width: 650px) 100vw, 650px\" \/><\/div>\n\t\t<\/div>\n\t\t<div class=\"qodef-e-content-holder\">\n\t\t\t\t<div class=\"qodef-e-date\">\n\t\t2012\t<\/div>\n\t\t\t\t\t\t\t\t<p class=\"qodef-e-text\">\n\t\tSe crea la Escuela de Doctorado.\t<\/p>\n\t\t\t<\/div>\n\t<\/div>\n<\/div>\n<div class=\"qodef-e qodef-e-item elementor-repeater-item-6c02652 qodef-obverse\">\n\t<div class=\"qodef-e-line-holder\">\n\t\t<span class=\"qodef-e-line\"><\/span>\n\t<\/div>\n\t<div class=\"qodef-e-item-inner\">\n\t\t<div class=\"qodef-e-point-holder\">\n\t\t\t<div class=\"qodef-e-point\">\n\t\t\t\t\t\t\t<\/div>\n\t\t<\/div>\n\t\t<div class=\"qodef-e-side-holder\">\n\t\t\t<div class=\"qodef-e-image\">\n\t<img loading=\"lazy\" decoding=\"async\" width=\"650\" height=\"650\" src=\"https:\/\/25anys.uic.es\/wp-content\/uploads\/2022\/09\/220623-ENTRADA-UIC-BARCELONA-mural-Cinta-Vidal-650x650.jpg\" class=\"attachment-qi_addons_for_elementor_image_size_square size-qi_addons_for_elementor_image_size_square\" alt=\"\" srcset=\"https:\/\/25anys.uic.es\/wp-content\/uploads\/2022\/09\/220623-ENTRADA-UIC-BARCELONA-mural-Cinta-Vidal-650x650.jpg 650w, https:\/\/25anys.uic.es\/wp-content\/uploads\/2022\/09\/220623-ENTRADA-UIC-BARCELONA-mural-Cinta-Vidal-300x300.jpg 300w, https:\/\/25anys.uic.es\/wp-content\/uploads\/2022\/09\/220623-ENTRADA-UIC-BARCELONA-mural-Cinta-Vidal-150x150.jpg 150w, https:\/\/25anys.uic.es\/wp-content\/uploads\/2022\/09\/220623-ENTRADA-UIC-BARCELONA-mural-Cinta-Vidal-768x768.jpg 768w, https:\/\/25anys.uic.es\/wp-content\/uploads\/2022\/09\/220623-ENTRADA-UIC-BARCELONA-mural-Cinta-Vidal-570x570.jpg 570w, https:\/\/25anys.uic.es\/wp-content\/uploads\/2022\/09\/220623-ENTRADA-UIC-BARCELONA-mural-Cinta-Vidal-500x500.jpg 500w, https:\/\/25anys.uic.es\/wp-content\/uploads\/2022\/09\/220623-ENTRADA-UIC-BARCELONA-mural-Cinta-Vidal-700x700.jpg 700w, https:\/\/25anys.uic.es\/wp-content\/uploads\/2022\/09\/220623-ENTRADA-UIC-BARCELONA-mural-Cinta-Vidal.jpg 815w\" sizes=\"(max-width: 650px) 100vw, 650px\" \/><\/div>\n\t\t<\/div>\n\t\t<div class=\"qodef-e-content-holder\">\n\t\t\t\t<div class=\"qodef-e-date\">\n\t\t2015\t<\/div>\n\t\t\t\t\t\t\t\t<p class=\"qodef-e-text\">\n\t\tLa Universitat Internacional de Catalunya cambia de marca y pasa a ser UIC Barcelona, con una nueva identidad corporativa.\t<\/p>\n\t\t\t<\/div>\n\t<\/div>\n<\/div>\n<div class=\"qodef-e qodef-e-item elementor-repeater-item-581698c qodef-reverse\">\n\t<div class=\"qodef-e-line-holder\">\n\t\t<span class=\"qodef-e-line\"><\/span>\n\t<\/div>\n\t<div class=\"qodef-e-item-inner\">\n\t\t<div class=\"qodef-e-point-holder\">\n\t\t\t<div class=\"qodef-e-point\">\n\t\t\t\t\t\t\t<\/div>\n\t\t<\/div>\n\t\t<div class=\"qodef-e-side-holder\">\n\t\t\t<div class=\"qodef-e-image\">\n\t<img loading=\"lazy\" decoding=\"async\" width=\"650\" height=\"650\" src=\"https:\/\/25anys.uic.es\/wp-content\/uploads\/2022\/09\/2015-16005-161.jpg\" class=\"attachment-qi_addons_for_elementor_image_size_square size-qi_addons_for_elementor_image_size_square\" alt=\"\" srcset=\"https:\/\/25anys.uic.es\/wp-content\/uploads\/2022\/09\/2015-16005-161.jpg 650w, https:\/\/25anys.uic.es\/wp-content\/uploads\/2022\/09\/2015-16005-161-300x300.jpg 300w, https:\/\/25anys.uic.es\/wp-content\/uploads\/2022\/09\/2015-16005-161-150x150.jpg 150w, https:\/\/25anys.uic.es\/wp-content\/uploads\/2022\/09\/2015-16005-161-570x570.jpg 570w, https:\/\/25anys.uic.es\/wp-content\/uploads\/2022\/09\/2015-16005-161-500x500.jpg 500w\" sizes=\"(max-width: 650px) 100vw, 650px\" \/><\/div>\n\t\t<\/div>\n\t\t<div class=\"qodef-e-content-holder\">\n\t\t\t\t<div class=\"qodef-e-date\">\n\t\t2015\t<\/div>\n\t\t\t\t\t\t\t\t<p class=\"qodef-e-text\">\n\t\tEn octubre, Xavier Gil Mur, toma posesi\u00f3n del cargo de rector, en sustituci\u00f3n de Pere Alavedra Ribot.\t<\/p>\n\t\t\t<\/div>\n\t<\/div>\n<\/div>\n<div class=\"qodef-e qodef-e-item elementor-repeater-item-c290d7e qodef-obverse\">\n\t<div class=\"qodef-e-line-holder\">\n\t\t<span class=\"qodef-e-line\"><\/span>\n\t<\/div>\n\t<div class=\"qodef-e-item-inner\">\n\t\t<div class=\"qodef-e-point-holder\">\n\t\t\t<div class=\"qodef-e-point\">\n\t\t\t\t\t\t\t<\/div>\n\t\t<\/div>\n\t\t<div class=\"qodef-e-side-holder\">\n\t\t\t<div class=\"qodef-e-image\">\n\t<\/div>\n\t\t<\/div>\n\t\t<div class=\"qodef-e-content-holder\">\n\t\t\t\t<div class=\"qodef-e-date\">\n\t\t2015\t<\/div>\n\t\t\t\t\t\t\t\t<p class=\"qodef-e-text\">\n\t\tEl Hospital General de Catalunya pasa a ser hospital universitario. Se inaugura el Centro Integral de Simulaci\u00f3n Avanzada, en el Campus Sant Cugat.\t<\/p>\n\t\t\t<\/div>\n\t<\/div>\n<\/div>\n<div class=\"qodef-e qodef-e-item elementor-repeater-item-f5652ad qodef-reverse\">\n\t<div class=\"qodef-e-line-holder\">\n\t\t<span class=\"qodef-e-line\"><\/span>\n\t<\/div>\n\t<div class=\"qodef-e-item-inner\">\n\t\t<div class=\"qodef-e-point-holder\">\n\t\t\t<div class=\"qodef-e-point\">\n\t\t\t\t\t\t\t<\/div>\n\t\t<\/div>\n\t\t<div class=\"qodef-e-side-holder\">\n\t\t\t<div class=\"qodef-e-image\">\n\t<img loading=\"lazy\" decoding=\"async\" width=\"650\" height=\"650\" src=\"https:\/\/25anys.uic.es\/wp-content\/uploads\/2022\/09\/2017-MIGUEL-A\u0301NGEL-CAZCARRA.jpg\" class=\"attachment-qi_addons_for_elementor_image_size_square size-qi_addons_for_elementor_image_size_square\" alt=\"\" srcset=\"https:\/\/25anys.uic.es\/wp-content\/uploads\/2022\/09\/2017-MIGUEL-A\u0301NGEL-CAZCARRA.jpg 650w, https:\/\/25anys.uic.es\/wp-content\/uploads\/2022\/09\/2017-MIGUEL-A\u0301NGEL-CAZCARRA-300x300.jpg 300w, https:\/\/25anys.uic.es\/wp-content\/uploads\/2022\/09\/2017-MIGUEL-A\u0301NGEL-CAZCARRA-150x150.jpg 150w, https:\/\/25anys.uic.es\/wp-content\/uploads\/2022\/09\/2017-MIGUEL-A\u0301NGEL-CAZCARRA-570x570.jpg 570w, https:\/\/25anys.uic.es\/wp-content\/uploads\/2022\/09\/2017-MIGUEL-A\u0301NGEL-CAZCARRA-500x500.jpg 500w\" sizes=\"(max-width: 650px) 100vw, 650px\" \/><\/div>\n\t\t<\/div>\n\t\t<div class=\"qodef-e-content-holder\">\n\t\t\t\t<div class=\"qodef-e-date\">\n\t\t2017\t<\/div>\n\t\t\t\t\t\t\t\t<p class=\"qodef-e-text\">\n\t\tEn septiembre, comienza el Grado en Bioingenier\u00eda, y Miguel \u00c1ngel Cazcarra es nombrado nuevo presidente del Patronato Universitario, en sustituci\u00f3n de Josep Maria Pujol.\t<\/p>\n\t\t\t<\/div>\n\t<\/div>\n<\/div>\n<div class=\"qodef-e qodef-e-item elementor-repeater-item-0041a66 qodef-obverse\">\n\t<div class=\"qodef-e-line-holder\">\n\t\t<span class=\"qodef-e-line\"><\/span>\n\t<\/div>\n\t<div class=\"qodef-e-item-inner\">\n\t\t<div class=\"qodef-e-point-holder\">\n\t\t\t<div class=\"qodef-e-point\">\n\t\t\t\t\t\t\t<\/div>\n\t\t<\/div>\n\t\t<div class=\"qodef-e-side-holder\">\n\t\t\t<div class=\"qodef-e-image\">\n\t<img loading=\"lazy\" decoding=\"async\" width=\"650\" height=\"650\" src=\"https:\/\/25anys.uic.es\/wp-content\/uploads\/2022\/09\/JFR176-rivka-oxman-i-pierpaolo-donati-650x650.jpg\" class=\"attachment-qi_addons_for_elementor_image_size_square size-qi_addons_for_elementor_image_size_square\" alt=\"\" srcset=\"https:\/\/25anys.uic.es\/wp-content\/uploads\/2022\/09\/JFR176-rivka-oxman-i-pierpaolo-donati-650x650.jpg 650w, https:\/\/25anys.uic.es\/wp-content\/uploads\/2022\/09\/JFR176-rivka-oxman-i-pierpaolo-donati-300x300.jpg 300w, https:\/\/25anys.uic.es\/wp-content\/uploads\/2022\/09\/JFR176-rivka-oxman-i-pierpaolo-donati-150x150.jpg 150w, https:\/\/25anys.uic.es\/wp-content\/uploads\/2022\/09\/JFR176-rivka-oxman-i-pierpaolo-donati-768x768.jpg 768w, https:\/\/25anys.uic.es\/wp-content\/uploads\/2022\/09\/JFR176-rivka-oxman-i-pierpaolo-donati-570x570.jpg 570w, https:\/\/25anys.uic.es\/wp-content\/uploads\/2022\/09\/JFR176-rivka-oxman-i-pierpaolo-donati-500x500.jpg 500w, https:\/\/25anys.uic.es\/wp-content\/uploads\/2022\/09\/JFR176-rivka-oxman-i-pierpaolo-donati-700x700.jpg 700w, https:\/\/25anys.uic.es\/wp-content\/uploads\/2022\/09\/JFR176-rivka-oxman-i-pierpaolo-donati.jpg 832w\" sizes=\"(max-width: 650px) 100vw, 650px\" \/><\/div>\n\t\t<\/div>\n\t\t<div class=\"qodef-e-content-holder\">\n\t\t\t\t<div class=\"qodef-e-date\">\n\t\t2017\t<\/div>\n\t\t\t\t\t\t\t\t<p class=\"qodef-e-text\">\n\t\tEn noviembre, Pierpaolo Donati y Rivka Oxman son investidos doctores honoris causa por UIC Barcelona.\t<\/p>\n\t\t\t<\/div>\n\t<\/div>\n<\/div>\n<div class=\"qodef-e qodef-e-item elementor-repeater-item-d774224 qodef-reverse\">\n\t<div class=\"qodef-e-line-holder\">\n\t\t<span class=\"qodef-e-line\"><\/span>\n\t<\/div>\n\t<div class=\"qodef-e-item-inner\">\n\t\t<div class=\"qodef-e-point-holder\">\n\t\t\t<div class=\"qodef-e-point\">\n\t\t\t\t\t\t\t<\/div>\n\t\t<\/div>\n\t\t<div class=\"qodef-e-side-holder\">\n\t\t\t<div class=\"qodef-e-image\">\n\t<img loading=\"lazy\" decoding=\"async\" width=\"650\" height=\"650\" src=\"https:\/\/25anys.uic.es\/wp-content\/uploads\/2022\/09\/2018-2-1710-PMacM-3627.jpg\" class=\"attachment-qi_addons_for_elementor_image_size_square size-qi_addons_for_elementor_image_size_square\" alt=\"\" srcset=\"https:\/\/25anys.uic.es\/wp-content\/uploads\/2022\/09\/2018-2-1710-PMacM-3627.jpg 650w, https:\/\/25anys.uic.es\/wp-content\/uploads\/2022\/09\/2018-2-1710-PMacM-3627-300x300.jpg 300w, https:\/\/25anys.uic.es\/wp-content\/uploads\/2022\/09\/2018-2-1710-PMacM-3627-150x150.jpg 150w, https:\/\/25anys.uic.es\/wp-content\/uploads\/2022\/09\/2018-2-1710-PMacM-3627-570x570.jpg 570w, https:\/\/25anys.uic.es\/wp-content\/uploads\/2022\/09\/2018-2-1710-PMacM-3627-500x500.jpg 500w\" sizes=\"(max-width: 650px) 100vw, 650px\" \/><\/div>\n\t\t<\/div>\n\t\t<div class=\"qodef-e-content-holder\">\n\t\t\t\t<div class=\"qodef-e-date\">\n\t\t2018\t<\/div>\n\t\t\t\t\t\t\t\t<p class=\"qodef-e-text\">\n\t\tEn septiembre, comienza el Grado en Ciencias Biom\u00e9dicas, como t\u00edtulo propio. El reconocimiento oficial lo recibir\u00e1 en septiembre de 2019. Comienza, tambi\u00e9n, el Grado en Psicolog\u00eda y Support, Cl\u00ednica Universitaria de Psicolog\u00eda y Psiquiatr\u00eda.\t<\/p>\n\t\t\t<\/div>\n\t<\/div>\n<\/div>\n<div class=\"qodef-e qodef-e-item elementor-repeater-item-d3461e0 qodef-obverse\">\n\t<div class=\"qodef-e-line-holder\">\n\t\t<span class=\"qodef-e-line\"><\/span>\n\t<\/div>\n\t<div class=\"qodef-e-item-inner\">\n\t\t<div class=\"qodef-e-point-holder\">\n\t\t\t<div class=\"qodef-e-point\">\n\t\t\t\t\t\t\t<\/div>\n\t\t<\/div>\n\t\t<div class=\"qodef-e-side-holder\">\n\t\t\t<div class=\"qodef-e-image\">\n\t<img loading=\"lazy\" decoding=\"async\" width=\"650\" height=\"650\" src=\"https:\/\/25anys.uic.es\/wp-content\/uploads\/2022\/09\/2019-3-campexp-1343.jpg\" class=\"attachment-qi_addons_for_elementor_image_size_square size-qi_addons_for_elementor_image_size_square\" alt=\"\" srcset=\"https:\/\/25anys.uic.es\/wp-content\/uploads\/2022\/09\/2019-3-campexp-1343.jpg 650w, https:\/\/25anys.uic.es\/wp-content\/uploads\/2022\/09\/2019-3-campexp-1343-300x300.jpg 300w, https:\/\/25anys.uic.es\/wp-content\/uploads\/2022\/09\/2019-3-campexp-1343-150x150.jpg 150w, https:\/\/25anys.uic.es\/wp-content\/uploads\/2022\/09\/2019-3-campexp-1343-570x570.jpg 570w, https:\/\/25anys.uic.es\/wp-content\/uploads\/2022\/09\/2019-3-campexp-1343-500x500.jpg 500w\" sizes=\"(max-width: 650px) 100vw, 650px\" \/><\/div>\n\t\t<\/div>\n\t\t<div class=\"qodef-e-content-holder\">\n\t\t\t\t<div class=\"qodef-e-date\">\n\t\t2019\t<\/div>\n\t\t\t\t\t\t\t\t<p class=\"qodef-e-text\">\n\t\tEl 21 de marzo, se inaugura el Campus de la Experiencia. \t<\/p>\n\t\t\t<\/div>\n\t<\/div>\n<\/div>\n<div class=\"qodef-e qodef-e-item elementor-repeater-item-30423bb qodef-reverse\">\n\t<div class=\"qodef-e-line-holder\">\n\t\t<span class=\"qodef-e-line\"><\/span>\n\t<\/div>\n\t<div class=\"qodef-e-item-inner\">\n\t\t<div class=\"qodef-e-point-holder\">\n\t\t\t<div class=\"qodef-e-point\">\n\t\t\t\t\t\t\t<\/div>\n\t\t<\/div>\n\t\t<div class=\"qodef-e-side-holder\">\n\t\t\t<div class=\"qodef-e-image\">\n\t<\/div>\n\t\t<\/div>\n\t\t<div class=\"qodef-e-content-holder\">\n\t\t\t\t<div class=\"qodef-e-date\">\n\t\t2020\t<\/div>\n\t\t\t\t\t\t\t\t<p class=\"qodef-e-text\">\n\t\tEn marzo, la Universidad debe adaptarse a un modelo totalmente virtual, debido a la COVID-19. Se dise\u00f1a el modelo Blended Learning UIC Barcelona System.\t<\/p>\n\t\t\t<\/div>\n\t<\/div>\n<\/div>\n<div class=\"qodef-e qodef-e-item elementor-repeater-item-c93f75a qodef-obverse\">\n\t<div class=\"qodef-e-line-holder\">\n\t\t<span class=\"qodef-e-line\"><\/span>\n\t<\/div>\n\t<div class=\"qodef-e-item-inner\">\n\t\t<div class=\"qodef-e-point-holder\">\n\t\t\t<div class=\"qodef-e-point\">\n\t\t\t\t\t\t\t<\/div>\n\t\t<\/div>\n\t\t<div class=\"qodef-e-side-holder\">\n\t\t\t<div class=\"qodef-e-image\">\n\t<img loading=\"lazy\" decoding=\"async\" width=\"650\" height=\"650\" src=\"https:\/\/25anys.uic.es\/wp-content\/uploads\/2022\/09\/220524-PMacM-5918-650x650.jpg\" class=\"attachment-qi_addons_for_elementor_image_size_square size-qi_addons_for_elementor_image_size_square\" alt=\"\" srcset=\"https:\/\/25anys.uic.es\/wp-content\/uploads\/2022\/09\/220524-PMacM-5918-650x650.jpg 650w, https:\/\/25anys.uic.es\/wp-content\/uploads\/2022\/09\/220524-PMacM-5918-300x300.jpg 300w, https:\/\/25anys.uic.es\/wp-content\/uploads\/2022\/09\/220524-PMacM-5918-150x150.jpg 150w, https:\/\/25anys.uic.es\/wp-content\/uploads\/2022\/09\/220524-PMacM-5918-768x768.jpg 768w, https:\/\/25anys.uic.es\/wp-content\/uploads\/2022\/09\/220524-PMacM-5918-570x570.jpg 570w, https:\/\/25anys.uic.es\/wp-content\/uploads\/2022\/09\/220524-PMacM-5918-500x500.jpg 500w, https:\/\/25anys.uic.es\/wp-content\/uploads\/2022\/09\/220524-PMacM-5918-700x700.jpg 700w, https:\/\/25anys.uic.es\/wp-content\/uploads\/2022\/09\/220524-PMacM-5918.jpg 997w\" sizes=\"(max-width: 650px) 100vw, 650px\" \/><\/div>\n\t\t<\/div>\n\t\t<div class=\"qodef-e-content-holder\">\n\t\t\t\t<div class=\"qodef-e-date\">\n\t\t2020\t<\/div>\n\t\t\t\t\t\t\t\t<p class=\"qodef-e-text\">\n\t\tEn septiembre, la Facultad de Educaci\u00f3n se traslada al Campus Sant Cugat y cambia de nombre: Facultad de Ciencias de la Educaci\u00f3n. Ese mismo a\u00f1o, nace el Centro Interdisciplinario de Pensamiento (CIP).\t<\/p>\n\t\t\t<\/div>\n\t<\/div>\n<\/div>\n<div class=\"qodef-e qodef-e-item elementor-repeater-item-05b6f30 qodef-reverse\">\n\t<div class=\"qodef-e-line-holder\">\n\t\t<span class=\"qodef-e-line\"><\/span>\n\t<\/div>\n\t<div class=\"qodef-e-item-inner\">\n\t\t<div class=\"qodef-e-point-holder\">\n\t\t\t<div class=\"qodef-e-point\">\n\t\t\t\t\t\t\t<\/div>\n\t\t<\/div>\n\t\t<div class=\"qodef-e-side-holder\">\n\t\t\t<div class=\"qodef-e-image\">\n\t<img loading=\"lazy\" decoding=\"async\" width=\"650\" height=\"650\" src=\"https:\/\/25anys.uic.es\/wp-content\/uploads\/2022\/09\/2021A-211001-NOU-RECTOR-i-OBERTURA-CURS-ACADE\u0300MIC-17.jpg\" class=\"attachment-qi_addons_for_elementor_image_size_square size-qi_addons_for_elementor_image_size_square\" alt=\"\" srcset=\"https:\/\/25anys.uic.es\/wp-content\/uploads\/2022\/09\/2021A-211001-NOU-RECTOR-i-OBERTURA-CURS-ACADE\u0300MIC-17.jpg 650w, https:\/\/25anys.uic.es\/wp-content\/uploads\/2022\/09\/2021A-211001-NOU-RECTOR-i-OBERTURA-CURS-ACADE\u0300MIC-17-300x300.jpg 300w, https:\/\/25anys.uic.es\/wp-content\/uploads\/2022\/09\/2021A-211001-NOU-RECTOR-i-OBERTURA-CURS-ACADE\u0300MIC-17-150x150.jpg 150w, https:\/\/25anys.uic.es\/wp-content\/uploads\/2022\/09\/2021A-211001-NOU-RECTOR-i-OBERTURA-CURS-ACADE\u0300MIC-17-570x570.jpg 570w, https:\/\/25anys.uic.es\/wp-content\/uploads\/2022\/09\/2021A-211001-NOU-RECTOR-i-OBERTURA-CURS-ACADE\u0300MIC-17-500x500.jpg 500w\" sizes=\"(max-width: 650px) 100vw, 650px\" \/><\/div>\n\t\t<\/div>\n\t\t<div class=\"qodef-e-content-holder\">\n\t\t\t\t<div class=\"qodef-e-date\">\n\t\t2021\t<\/div>\n\t\t\t\t\t\t\t\t<p class=\"qodef-e-text\">\n\t\tEl 1 de octubre, Alfonso M\u00e9ndiz Noguero toma posesi\u00f3n del cargo como nuevo rector, en el acto de inauguraci\u00f3n de curso 2021-2022.\t<\/p>\n\t\t\t<\/div>\n\t<\/div>\n<\/div>\n<div class=\"qodef-e qodef-e-item elementor-repeater-item-074c5a9 qodef-obverse\">\n\t<div class=\"qodef-e-line-holder\">\n\t\t<span class=\"qodef-e-line\"><\/span>\n\t<\/div>\n\t<div class=\"qodef-e-item-inner\">\n\t\t<div class=\"qodef-e-point-holder\">\n\t\t\t<div class=\"qodef-e-point\">\n\t\t\t\t\t\t\t<\/div>\n\t\t<\/div>\n\t\t<div class=\"qodef-e-side-holder\">\n\t\t\t<div class=\"qodef-e-image\">\n\t<img loading=\"lazy\" decoding=\"async\" width=\"650\" height=\"650\" src=\"https:\/\/25anys.uic.es\/wp-content\/uploads\/2022\/09\/20211B-1-JFR532.jpg\" class=\"attachment-qi_addons_for_elementor_image_size_square size-qi_addons_for_elementor_image_size_square\" alt=\"\" srcset=\"https:\/\/25anys.uic.es\/wp-content\/uploads\/2022\/09\/20211B-1-JFR532.jpg 650w, https:\/\/25anys.uic.es\/wp-content\/uploads\/2022\/09\/20211B-1-JFR532-300x300.jpg 300w, https:\/\/25anys.uic.es\/wp-content\/uploads\/2022\/09\/20211B-1-JFR532-150x150.jpg 150w, https:\/\/25anys.uic.es\/wp-content\/uploads\/2022\/09\/20211B-1-JFR532-570x570.jpg 570w, https:\/\/25anys.uic.es\/wp-content\/uploads\/2022\/09\/20211B-1-JFR532-500x500.jpg 500w\" sizes=\"(max-width: 650px) 100vw, 650px\" \/><\/div>\n\t\t<\/div>\n\t\t<div class=\"qodef-e-content-holder\">\n\t\t\t\t<div class=\"qodef-e-date\">\n\t\t2021\t<\/div>\n\t\t\t\t\t\t\t\t<p class=\"qodef-e-text\">\n\t\tEl 28 de octubre, Ver\u00f3nica Boix-Mansilla y Paul Levi son investidos doctores honoris causa por UIC Barcelona.\t<\/p>\n\t\t\t<\/div>\n\t<\/div>\n<\/div>\n<div class=\"qodef-e qodef-e-item elementor-repeater-item-80cb814 qodef-reverse\">\n\t<div class=\"qodef-e-line-holder\">\n\t\t<span class=\"qodef-e-line\"><\/span>\n\t<\/div>\n\t<div class=\"qodef-e-item-inner\">\n\t\t<div class=\"qodef-e-point-holder\">\n\t\t\t<div class=\"qodef-e-point\">\n\t\t\t\t\t\t\t<\/div>\n\t\t<\/div>\n\t\t<div class=\"qodef-e-side-holder\">\n\t\t\t<div class=\"qodef-e-image\">\n\t<img loading=\"lazy\" decoding=\"async\" width=\"650\" height=\"650\" src=\"https:\/\/25anys.uic.es\/wp-content\/uploads\/2022\/09\/2021C-Jordi-Cervo\u0301s-Navarro.jpg\" class=\"attachment-qi_addons_for_elementor_image_size_square size-qi_addons_for_elementor_image_size_square\" alt=\"\" srcset=\"https:\/\/25anys.uic.es\/wp-content\/uploads\/2022\/09\/2021C-Jordi-Cervo\u0301s-Navarro.jpg 650w, https:\/\/25anys.uic.es\/wp-content\/uploads\/2022\/09\/2021C-Jordi-Cervo\u0301s-Navarro-300x300.jpg 300w, https:\/\/25anys.uic.es\/wp-content\/uploads\/2022\/09\/2021C-Jordi-Cervo\u0301s-Navarro-150x150.jpg 150w, https:\/\/25anys.uic.es\/wp-content\/uploads\/2022\/09\/2021C-Jordi-Cervo\u0301s-Navarro-570x570.jpg 570w, https:\/\/25anys.uic.es\/wp-content\/uploads\/2022\/09\/2021C-Jordi-Cervo\u0301s-Navarro-500x500.jpg 500w\" sizes=\"(max-width: 650px) 100vw, 650px\" \/><\/div>\n\t\t<\/div>\n\t\t<div class=\"qodef-e-content-holder\">\n\t\t\t\t<div class=\"qodef-e-date\">\n\t\t2021\t<\/div>\n\t\t\t\t\t\t\t\t<p class=\"qodef-e-text\">\n\t\tEl 14 de noviembre, nos deja Jordi Cerv\u00f3s y Navarro, primer rector de nuestra universidad.\t<\/p>\n\t\t\t<\/div>\n\t<\/div>\n<\/div>\n<div class=\"qodef-e qodef-e-item elementor-repeater-item-9eb47a8 qodef-obverse\">\n\t<div class=\"qodef-e-line-holder\">\n\t\t<span class=\"qodef-e-line\"><\/span>\n\t<\/div>\n\t<div class=\"qodef-e-item-inner\">\n\t\t<div class=\"qodef-e-point-holder\">\n\t\t\t<div class=\"qodef-e-point\">\n\t\t\t\t\t\t\t<\/div>\n\t\t<\/div>\n\t\t<div class=\"qodef-e-side-holder\">\n\t\t\t<div class=\"qodef-e-image\">\n\t<img loading=\"lazy\" decoding=\"async\" width=\"650\" height=\"650\" src=\"https:\/\/25anys.uic.es\/wp-content\/uploads\/2022\/09\/210915-PMacM-9265-650x650.jpg\" class=\"attachment-qi_addons_for_elementor_image_size_square size-qi_addons_for_elementor_image_size_square\" alt=\"\" srcset=\"https:\/\/25anys.uic.es\/wp-content\/uploads\/2022\/09\/210915-PMacM-9265-650x650.jpg 650w, https:\/\/25anys.uic.es\/wp-content\/uploads\/2022\/09\/210915-PMacM-9265-300x300.jpg 300w, https:\/\/25anys.uic.es\/wp-content\/uploads\/2022\/09\/210915-PMacM-9265-150x150.jpg 150w, https:\/\/25anys.uic.es\/wp-content\/uploads\/2022\/09\/210915-PMacM-9265-768x768.jpg 768w, https:\/\/25anys.uic.es\/wp-content\/uploads\/2022\/09\/210915-PMacM-9265-570x570.jpg 570w, https:\/\/25anys.uic.es\/wp-content\/uploads\/2022\/09\/210915-PMacM-9265-500x500.jpg 500w, https:\/\/25anys.uic.es\/wp-content\/uploads\/2022\/09\/210915-PMacM-9265-700x700.jpg 700w, https:\/\/25anys.uic.es\/wp-content\/uploads\/2022\/09\/210915-PMacM-9265.jpg 940w\" sizes=\"(max-width: 650px) 100vw, 650px\" \/><\/div>\n\t\t<\/div>\n\t\t<div class=\"qodef-e-content-holder\">\n\t\t\t\t<div class=\"qodef-e-date\">\n\t\t2022\t<\/div>\n\t\t\t\t\t\t\t\t<p class=\"qodef-e-text\">\n\t\tEl 8 de febrero, se inaugura Cuides UIC Barcelona, Cl\u00ednica de Apoyo en Enfermedades Avanzadas y Cuidados Paliativos.\t<\/p>\n\t\t\t<\/div>\n\t<\/div>\n<\/div>\n<div class=\"qodef-e qodef-e-item elementor-repeater-item-ebf1695 qodef-reverse\">\n\t<div class=\"qodef-e-line-holder\">\n\t\t<span class=\"qodef-e-line\"><\/span>\n\t<\/div>\n\t<div class=\"qodef-e-item-inner\">\n\t\t<div class=\"qodef-e-point-holder\">\n\t\t\t<div class=\"qodef-e-point\">\n\t\t\t\t\t\t\t<\/div>\n\t\t<\/div>\n\t\t<div class=\"qodef-e-side-holder\">\n\t\t\t<div class=\"qodef-e-image\">\n\t<img loading=\"lazy\" decoding=\"async\" width=\"650\" height=\"650\" src=\"https:\/\/25anys.uic.es\/wp-content\/uploads\/2022\/09\/220513-WORKSHOP-FAMI\u0301LIA-02.jpg\" class=\"attachment-qi_addons_for_elementor_image_size_square size-qi_addons_for_elementor_image_size_square\" alt=\"\" srcset=\"https:\/\/25anys.uic.es\/wp-content\/uploads\/2022\/09\/220513-WORKSHOP-FAMI\u0301LIA-02.jpg 650w, https:\/\/25anys.uic.es\/wp-content\/uploads\/2022\/09\/220513-WORKSHOP-FAMI\u0301LIA-02-300x300.jpg 300w, https:\/\/25anys.uic.es\/wp-content\/uploads\/2022\/09\/220513-WORKSHOP-FAMI\u0301LIA-02-150x150.jpg 150w, https:\/\/25anys.uic.es\/wp-content\/uploads\/2022\/09\/220513-WORKSHOP-FAMI\u0301LIA-02-570x570.jpg 570w, https:\/\/25anys.uic.es\/wp-content\/uploads\/2022\/09\/220513-WORKSHOP-FAMI\u0301LIA-02-500x500.jpg 500w\" sizes=\"(max-width: 650px) 100vw, 650px\" \/><\/div>\n\t\t<\/div>\n\t\t<div class=\"qodef-e-content-holder\">\n\t\t\t\t<div class=\"qodef-e-date\">\n\t\t2022\t<\/div>\n\t\t\t\t\t\t\t\t<p class=\"qodef-e-text\">\n\t\tDel 13 al 15 de mayo, se celebra el I Workshop Internacional de Acompa\u00f1amiento Familiar, organizado por el Instituto de Estudios Superiores de la Familia. \t<\/p>\n\t\t\t<\/div>\n\t<\/div>\n<\/div>\n<\/div>\n\t\t\t\t<\/div>\n\t\t\t\t<\/div>\n\t\t\t\t\t<\/div>\n\t\t<\/div>\n\t\t\t\t\t<\/div>\n\t\t<\/section>\n\t\t\t\t<section class=\"elementor-section elementor-top-section elementor-element elementor-element-a45d4a8 elementor-section-boxed elementor-section-height-default elementor-section-height-default parallax_section_no qode_elementor_container_no\" data-id=\"a45d4a8\" data-element_type=\"section\" data-e-type=\"section\" data-settings=\"{&quot;background_background&quot;:&quot;classic&quot;}\">\n\t\t\t\t\t\t<div class=\"elementor-container elementor-column-gap-default\">\n\t\t\t\t\t<div class=\"elementor-column elementor-col-100 elementor-top-column elementor-element elementor-element-ce659e6\" data-id=\"ce659e6\" data-element_type=\"column\" data-e-type=\"column\">\n\t\t\t<div class=\"elementor-widget-wrap elementor-element-populated\">\n\t\t\t\t\t\t<div class=\"elementor-element elementor-element-4d300e4 elementor-widget elementor-widget-qi_addons_for_elementor_timeline\" data-id=\"4d300e4\" data-element_type=\"widget\" data-e-type=\"widget\" data-widget_type=\"qi_addons_for_elementor_timeline.default\">\n\t\t\t\t<div class=\"elementor-widget-container\">\n\t\t\t\t\t<div class=\"qodef-shortcode qodef-m qodef-qi-timeline qodef-timeline--vertical qodef-timeline-layout--vertical-separated qodef-line--outside qodef-point--standard qodef-qi--has-appear qodef-reverse-padding\">\n\t<div class=\"qodef-e qodef-e-item elementor-repeater-item-b6be7bc qodef-obverse\">\n\t<div class=\"qodef-e-line-holder\">\n\t\t<span class=\"qodef-e-line\"><\/span>\n\t<\/div>\n\t<div class=\"qodef-e-item-inner\">\n\t\t<div class=\"qodef-e-point-holder\">\n\t\t\t<div class=\"qodef-e-point\">\n\t\t\t\t\t\t\t<\/div>\n\t\t<\/div>\n\t\t<div class=\"qodef-e-side-holder\">\n\t\t\t<div class=\"qodef-e-image\">\n\t<img loading=\"lazy\" decoding=\"async\" width=\"400\" height=\"400\" src=\"https:\/\/25anys.uic.es\/wp-content\/uploads\/2022\/06\/favicon-1.png\" class=\"attachment-qi_addons_for_elementor_image_size_square size-qi_addons_for_elementor_image_size_square\" alt=\"\" srcset=\"https:\/\/25anys.uic.es\/wp-content\/uploads\/2022\/06\/favicon-1.png 400w, https:\/\/25anys.uic.es\/wp-content\/uploads\/2022\/06\/favicon-1-300x300.png 300w, https:\/\/25anys.uic.es\/wp-content\/uploads\/2022\/06\/favicon-1-150x150.png 150w\" sizes=\"(max-width: 400px) 100vw, 400px\" \/><\/div>\n\t\t<\/div>\n\t\t<div class=\"qodef-e-content-holder\">\n\t\t\t\t<div class=\"qodef-e-date\">\n\t\t2022\t<\/div>\n\t\t\t\t\t<h4 class=\"qodef-e-title\">\n\t\t25 Aniversario\t\t<\/h4>\n\t\t\t\t\t<p class=\"qodef-e-text\">\n\t\tEl 2 de octubre UIC Barcelona celebra 25 a\u00f1os con una Santa Misa\nde Acci\u00f3n de Gracias en la Bas\u00edlica de la Sagrada Familia de Barcelona. El 6\nde octubre tiene lugar el solemne acto de inauguraci\u00f3n del curso acad\u00e9mico 2022-\n2023, que inicia oficialmente los actos del 25.\u00ba aniversario.\n\t<\/p>\n\t\t\t<\/div>\n\t<\/div>\n<\/div>\n<\/div>\n\t\t\t\t<\/div>\n\t\t\t\t<\/div>\n\t\t\t\t\t<\/div>\n\t\t<\/div>\n\t\t\t\t\t<\/div>\n\t\t<\/section>\n\t\t\t\t<\/div>\n\t\t","protected":false},"excerpt":{"rendered":"<p>Cronolog\u00eda Nuestra historia: 1997-2022 UIC Barcelona, 25 a\u00f1os (1997-2022) Entre finales de los a\u00f1os 60 y principios de los 70, un grupo de padres y profesores, entusiasmados y motivados por la formaci\u00f3n y la educaci\u00f3n superior, quisieron crear un proyecto universitario diferente y con identidad&#8230;<\/p>\n","protected":false},"author":2,"featured_media":0,"parent":0,"menu_order":3,"comment_status":"closed","ping_status":"closed","template":"full_width.php","meta":{"om_disable_all_campaigns":false,"_monsterinsights_skip_tracking":false,"_monsterinsights_sitenote_active":false,"_monsterinsights_sitenote_note":"","_monsterinsights_sitenote_category":0,"_uf_show_specific_survey":0,"_uf_disable_surveys":false,"footnotes":""},"class_list":["post-1963","page","type-page","status-publish","hentry"],"aioseo_notices":[],"_links":{"self":[{"href":"https:\/\/25anys.uic.es\/es\/wp-json\/wp\/v2\/pages\/1963","targetHints":{"allow":["GET"]}}],"collection":[{"href":"https:\/\/25anys.uic.es\/es\/wp-json\/wp\/v2\/pages"}],"about":[{"href":"https:\/\/25anys.uic.es\/es\/wp-json\/wp\/v2\/types\/page"}],"author":[{"embeddable":true,"href":"https:\/\/25anys.uic.es\/es\/wp-json\/wp\/v2\/users\/2"}],"replies":[{"embeddable":true,"href":"https:\/\/25anys.uic.es\/es\/wp-json\/wp\/v2\/comments?post=1963"}],"version-history":[{"count":0,"href":"https:\/\/25anys.uic.es\/es\/wp-json\/wp\/v2\/pages\/1963\/revisions"}],"wp:attachment":[{"href":"https:\/\/25anys.uic.es\/es\/wp-json\/wp\/v2\/media?parent=1963"}],"curies":[{"name":"wp","href":"https:\/\/api.w.org\/{rel}","templated":true}]}}