{"id":2244,"date":"2022-07-20T07:48:36","date_gmt":"2022-07-20T05:48:36","guid":{"rendered":"https:\/\/25anys.uic.es\/salutados\/"},"modified":"2022-11-28T16:19:51","modified_gmt":"2022-11-28T15:19:51","slug":"saludos","status":"publish","type":"page","link":"https:\/\/25anys.uic.es\/es\/saludos\/","title":{"rendered":"Saludos"},"content":{"rendered":"\t\t<div data-elementor-type=\"wp-page\" data-elementor-id=\"2244\" class=\"elementor elementor-2244 elementor-1374\" data-elementor-post-type=\"page\">\n\t\t\t\t\t\t<section class=\"elementor-section elementor-top-section elementor-element elementor-element-d513acf elementor-section-boxed elementor-section-height-default elementor-section-height-default parallax_section_no qode_elementor_container_no\" data-id=\"d513acf\" data-element_type=\"section\" data-e-type=\"section\" data-settings=\"{&quot;background_background&quot;:&quot;classic&quot;}\">\n\t\t\t\t\t\t<div class=\"elementor-container elementor-column-gap-default\">\n\t\t\t\t\t<div class=\"elementor-column elementor-col-100 elementor-top-column elementor-element elementor-element-322a349\" data-id=\"322a349\" data-element_type=\"column\" data-e-type=\"column\">\n\t\t\t<div class=\"elementor-widget-wrap elementor-element-populated\">\n\t\t\t\t\t\t<div class=\"elementor-element elementor-element-39963bb elementor-widget elementor-widget-heading\" data-id=\"39963bb\" data-element_type=\"widget\" data-e-type=\"widget\" data-widget_type=\"heading.default\">\n\t\t\t\t<div class=\"elementor-widget-container\">\n\t\t\t\t\t<h2 class=\"elementor-heading-title elementor-size-default\">Saludos institucionales<\/h2>\t\t\t\t<\/div>\n\t\t\t\t<\/div>\n\t\t\t\t<div class=\"elementor-element elementor-element-9c13612 animated-fast elementor-invisible elementor-widget elementor-widget-heading\" data-id=\"9c13612\" data-element_type=\"widget\" data-e-type=\"widget\" data-settings=\"{&quot;_animation&quot;:&quot;slideInRight&quot;}\" data-widget_type=\"heading.default\">\n\t\t\t\t<div class=\"elementor-widget-container\">\n\t\t\t\t\t<h2 class=\"elementor-heading-title elementor-size-default\">25 a\u00f1os de dedicaci\u00f3n y pasi\u00f3n<\/h2>\t\t\t\t<\/div>\n\t\t\t\t<\/div>\n\t\t\t\t<div class=\"elementor-element elementor-element-b7a0422 elementor-widget-divider--view-line elementor-widget elementor-widget-divider\" data-id=\"b7a0422\" data-element_type=\"widget\" data-e-type=\"widget\" data-widget_type=\"divider.default\">\n\t\t\t\t<div class=\"elementor-widget-container\">\n\t\t\t\t\t\t\t<div class=\"elementor-divider\">\n\t\t\t<span class=\"elementor-divider-separator\">\n\t\t\t\t\t\t<\/span>\n\t\t<\/div>\n\t\t\t\t\t\t<\/div>\n\t\t\t\t<\/div>\n\t\t\t\t<div class=\"elementor-element elementor-element-5c64a0e elementor-hidden-mobile elementor-widget elementor-widget-heading\" data-id=\"5c64a0e\" data-element_type=\"widget\" data-e-type=\"widget\" data-widget_type=\"heading.default\">\n\t\t\t\t<div class=\"elementor-widget-container\">\n\t\t\t\t\t<h2 class=\"elementor-heading-title elementor-size-default\">COMPROMETIDOS<\/h2>\t\t\t\t<\/div>\n\t\t\t\t<\/div>\n\t\t\t\t<div class=\"elementor-element elementor-element-8d0590c elementor-hidden-widescreen elementor-hidden-desktop elementor-hidden-tablet elementor-widget elementor-widget-heading\" data-id=\"8d0590c\" data-element_type=\"widget\" data-e-type=\"widget\" data-widget_type=\"heading.default\">\n\t\t\t\t<div class=\"elementor-widget-container\">\n\t\t\t\t\t<h2 class=\"elementor-heading-title elementor-size-default\">COM<br>PROME<br>TIDOS<\/h2>\t\t\t\t<\/div>\n\t\t\t\t<\/div>\n\t\t\t\t<div class=\"elementor-element elementor-element-4ca4173 elementor-widget elementor-widget-heading\" data-id=\"4ca4173\" data-element_type=\"widget\" data-e-type=\"widget\" data-widget_type=\"heading.default\">\n\t\t\t\t<div class=\"elementor-widget-container\">\n\t\t\t\t\t<h2 class=\"elementor-heading-title elementor-size-default\">UIC Barcelona es hoy en d\u00eda la instituci\u00f3n que es gracias al compromiso de las personas que creyeron y creen en el proyecto.<\/h2>\t\t\t\t<\/div>\n\t\t\t\t<\/div>\n\t\t\t\t<div class=\"elementor-element elementor-element-ae0e60d elementor-widget elementor-widget-heading\" data-id=\"ae0e60d\" data-element_type=\"widget\" data-e-type=\"widget\" data-widget_type=\"heading.default\">\n\t\t\t\t<div class=\"elementor-widget-container\">\n\t\t\t\t\t<h2 class=\"elementor-heading-title elementor-size-default\">Comprometidos con la misi\u00f3n de la Universidad: promover el conocimiento, la investigaci\u00f3n y la transferencia, dedicando el tiempo y el esfuerzo a aprender de por vida, con el objetivo de cambiar el mundo.<\/h2>\t\t\t\t<\/div>\n\t\t\t\t<\/div>\n\t\t\t\t\t<\/div>\n\t\t<\/div>\n\t\t\t\t\t<\/div>\n\t\t<\/section>\n\t\t\t\t<section class=\"elementor-section elementor-top-section elementor-element elementor-element-fddd6f1 elementor-section-full_width elementor-section-height-default elementor-section-height-default parallax_section_no qode_elementor_container_no\" data-id=\"fddd6f1\" data-element_type=\"section\" data-e-type=\"section\">\n\t\t\t\t\t\t<div class=\"elementor-container elementor-column-gap-default\">\n\t\t\t\t\t<div class=\"elementor-column elementor-col-100 elementor-top-column elementor-element elementor-element-b9c33d3\" data-id=\"b9c33d3\" data-element_type=\"column\" data-e-type=\"column\">\n\t\t\t<div class=\"elementor-widget-wrap elementor-element-populated\">\n\t\t\t\t\t\t<div class=\"elementor-element elementor-element-49cd601 elementor-widget elementor-widget-spacer\" data-id=\"49cd601\" data-element_type=\"widget\" data-e-type=\"widget\" data-widget_type=\"spacer.default\">\n\t\t\t\t<div class=\"elementor-widget-container\">\n\t\t\t\t\t\t\t<div class=\"elementor-spacer\">\n\t\t\t<div class=\"elementor-spacer-inner\"><\/div>\n\t\t<\/div>\n\t\t\t\t\t\t<\/div>\n\t\t\t\t<\/div>\n\t\t\t\t\t<\/div>\n\t\t<\/div>\n\t\t\t\t\t<\/div>\n\t\t<\/section>\n\t\t\t\t<section class=\"elementor-section elementor-top-section elementor-element elementor-element-7b76e39 elementor-section-boxed elementor-section-height-default elementor-section-height-default parallax_section_no qode_elementor_container_no\" data-id=\"7b76e39\" data-element_type=\"section\" data-e-type=\"section\">\n\t\t\t\t\t\t<div class=\"elementor-container elementor-column-gap-default\">\n\t\t\t\t\t<div class=\"elementor-column elementor-col-50 elementor-top-column elementor-element elementor-element-ca2dc65\" data-id=\"ca2dc65\" data-element_type=\"column\" data-e-type=\"column\">\n\t\t\t<div class=\"elementor-widget-wrap elementor-element-populated\">\n\t\t\t\t\t\t<div class=\"elementor-element elementor-element-45b639e elementor-widget elementor-widget-image\" data-id=\"45b639e\" data-element_type=\"widget\" data-e-type=\"widget\" data-widget_type=\"image.default\">\n\t\t\t\t<div class=\"elementor-widget-container\">\n\t\t\t\t\t\t\t\t\t\t\t\t\t\t\t<img fetchpriority=\"high\" decoding=\"async\" width=\"896\" height=\"593\" src=\"https:\/\/25anys.uic.es\/wp-content\/uploads\/2022\/09\/MIGUEL-A\u0301NGEL-CAZCARRA.jpg\" class=\"attachment-large size-large wp-image-2276\" alt=\"\" srcset=\"https:\/\/25anys.uic.es\/wp-content\/uploads\/2022\/09\/MIGUEL-A\u0301NGEL-CAZCARRA.jpg 896w, https:\/\/25anys.uic.es\/wp-content\/uploads\/2022\/09\/MIGUEL-A\u0301NGEL-CAZCARRA-300x199.jpg 300w, https:\/\/25anys.uic.es\/wp-content\/uploads\/2022\/09\/MIGUEL-A\u0301NGEL-CAZCARRA-768x508.jpg 768w, https:\/\/25anys.uic.es\/wp-content\/uploads\/2022\/09\/MIGUEL-A\u0301NGEL-CAZCARRA-700x463.jpg 700w\" sizes=\"(max-width: 896px) 100vw, 896px\" \/>\t\t\t\t\t\t\t\t\t\t\t\t\t\t\t<\/div>\n\t\t\t\t<\/div>\n\t\t\t\t\t<\/div>\n\t\t<\/div>\n\t\t\t\t<div class=\"elementor-column elementor-col-50 elementor-top-column elementor-element elementor-element-1fadd92\" data-id=\"1fadd92\" data-element_type=\"column\" data-e-type=\"column\">\n\t\t\t<div class=\"elementor-widget-wrap elementor-element-populated\">\n\t\t\t\t\t\t<div class=\"elementor-element elementor-element-a2a963f elementor-widget elementor-widget-heading\" data-id=\"a2a963f\" data-element_type=\"widget\" data-e-type=\"widget\" data-widget_type=\"heading.default\">\n\t\t\t\t<div class=\"elementor-widget-container\">\n\t\t\t\t\t<h2 class=\"elementor-heading-title elementor-size-default\">Sr. Miguel \u00c1ngel Cazcarra<\/h2>\t\t\t\t<\/div>\n\t\t\t\t<\/div>\n\t\t\t\t<div class=\"elementor-element elementor-element-7ce4998 elementor-widget elementor-widget-heading\" data-id=\"7ce4998\" data-element_type=\"widget\" data-e-type=\"widget\" data-widget_type=\"heading.default\">\n\t\t\t\t<div class=\"elementor-widget-container\">\n\t\t\t\t\t<h2 class=\"elementor-heading-title elementor-size-default\">Presidente del Patronato de UIC Barcelona\n\n<\/h2>\t\t\t\t<\/div>\n\t\t\t\t<\/div>\n\t\t\t\t<div class=\"elementor-element elementor-element-6c79c76 elementor-widget elementor-widget-heading\" data-id=\"6c79c76\" data-element_type=\"widget\" data-e-type=\"widget\" data-widget_type=\"heading.default\">\n\t\t\t\t<div class=\"elementor-widget-container\">\n\t\t\t\t\t<h2 class=\"elementor-heading-title elementor-size-default\">Jordi Cerv\u00f3s i Navarro llevaba m\u00e1s de cuarenta a\u00f1os en Alemania como investigador, catedr\u00e1tico y vicerrector de la Universidad Libre de Berl\u00edn cuando el Patronato le propuso ser rector de una nueva universidad fundada en Barcelona. Acept\u00f3 el mandato, y con empe\u00f1o, ilusi\u00f3n y sin mirar atr\u00e1s, rem\u00f3 hacia adelante porque cre\u00eda en el proyecto.<\/h2>\t\t\t\t<\/div>\n\t\t\t\t<\/div>\n\t\t\t\t<div class=\"elementor-element elementor-element-97ec6d0 elementor-widget elementor-widget-heading\" data-id=\"97ec6d0\" data-element_type=\"widget\" data-e-type=\"widget\" data-widget_type=\"heading.default\">\n\t\t\t\t<div class=\"elementor-widget-container\">\n\t\t\t\t\t<h2 class=\"elementor-heading-title elementor-size-default\">UIC Barcelona naci\u00f3 finalmente en 1997. Desde entonces, muchos otros han cre\u00eddo en ella, convencidos de que formar a la juventud de hoy es transformar la sociedad de ma\u00f1ana. Es un orgullo poder vivir y celebrar este 25 aniversario con todos vosotros. Desde aqu\u00ed, en nombre de todos los miembros del Patronato de la Universidad, quiero agradecer el compromiso y dedicaci\u00f3n de todos a los que encomendamos la compleja tarea de llevar adelante el proyecto: gracias a todos los rectores y miembros de las juntas de gobierno durante estos 25 a\u00f1os, y a todo el personal docente y de administraci\u00f3n y servicios que, con dedicaci\u00f3n y compromiso, han mantenido viva la misi\u00f3n y el esp\u00edritu de esta Universidad.\n\n<\/h2>\t\t\t\t<\/div>\n\t\t\t\t<\/div>\n\t\t\t\t<div class=\"elementor-element elementor-element-931752d elementor-widget-divider--view-line elementor-widget elementor-widget-divider\" data-id=\"931752d\" data-element_type=\"widget\" data-e-type=\"widget\" data-widget_type=\"divider.default\">\n\t\t\t\t<div class=\"elementor-widget-container\">\n\t\t\t\t\t\t\t<div class=\"elementor-divider\">\n\t\t\t<span class=\"elementor-divider-separator\">\n\t\t\t\t\t\t<\/span>\n\t\t<\/div>\n\t\t\t\t\t\t<\/div>\n\t\t\t\t<\/div>\n\t\t\t\t\t<\/div>\n\t\t<\/div>\n\t\t\t\t\t<\/div>\n\t\t<\/section>\n\t\t\t\t<section class=\"elementor-section elementor-top-section elementor-element elementor-element-91ccc8b elementor-section-boxed elementor-section-height-default elementor-section-height-default parallax_section_no qode_elementor_container_no\" data-id=\"91ccc8b\" data-element_type=\"section\" data-e-type=\"section\">\n\t\t\t\t\t\t<div class=\"elementor-container elementor-column-gap-default\">\n\t\t\t\t\t<div class=\"elementor-column elementor-col-50 elementor-top-column elementor-element elementor-element-3ae234a\" data-id=\"3ae234a\" data-element_type=\"column\" data-e-type=\"column\">\n\t\t\t<div class=\"elementor-widget-wrap elementor-element-populated\">\n\t\t\t\t\t\t<div class=\"elementor-element elementor-element-90f545a elementor-widget elementor-widget-image\" data-id=\"90f545a\" data-element_type=\"widget\" data-e-type=\"widget\" data-widget_type=\"image.default\">\n\t\t\t\t<div class=\"elementor-widget-container\">\n\t\t\t\t\t\t\t\t\t\t\t\t\t\t\t<img decoding=\"async\" src=\"https:\/\/25anys.uic.es\/wp-content\/uploads\/2022\/06\/rectorUIC.jpeg\" title=\"rectorUIC\" alt=\"rectorUIC\" loading=\"lazy\" \/>\t\t\t\t\t\t\t\t\t\t\t\t\t\t\t<\/div>\n\t\t\t\t<\/div>\n\t\t\t\t\t<\/div>\n\t\t<\/div>\n\t\t\t\t<div class=\"elementor-column elementor-col-50 elementor-top-column elementor-element elementor-element-293aa90\" data-id=\"293aa90\" data-element_type=\"column\" data-e-type=\"column\">\n\t\t\t<div class=\"elementor-widget-wrap elementor-element-populated\">\n\t\t\t\t\t\t<div class=\"elementor-element elementor-element-c12e2e4 elementor-widget elementor-widget-heading\" data-id=\"c12e2e4\" data-element_type=\"widget\" data-e-type=\"widget\" data-widget_type=\"heading.default\">\n\t\t\t\t<div class=\"elementor-widget-container\">\n\t\t\t\t\t<h2 class=\"elementor-heading-title elementor-size-default\">Dr. Alfonso M\u00e9ndiz<\/h2>\t\t\t\t<\/div>\n\t\t\t\t<\/div>\n\t\t\t\t<div class=\"elementor-element elementor-element-bddb20b elementor-widget elementor-widget-heading\" data-id=\"bddb20b\" data-element_type=\"widget\" data-e-type=\"widget\" data-widget_type=\"heading.default\">\n\t\t\t\t<div class=\"elementor-widget-container\">\n\t\t\t\t\t<h2 class=\"elementor-heading-title elementor-size-default\">Rector de UIC Barcelona<\/h2>\t\t\t\t<\/div>\n\t\t\t\t<\/div>\n\t\t\t\t<div class=\"elementor-element elementor-element-157681c elementor-widget elementor-widget-heading\" data-id=\"157681c\" data-element_type=\"widget\" data-e-type=\"widget\" data-widget_type=\"heading.default\">\n\t\t\t\t<div class=\"elementor-widget-container\">\n\t\t\t\t\t<h2 class=\"elementor-heading-title elementor-size-default\">UIC Barcelona es toda una realidad y una apuesta de futuro. Queremos celebrar que hemos cumplido un cuarto de siglo, y que nadie puede detenernos en nuestro af\u00e1n de superaci\u00f3n; tenemos la mirada puesta en el trabajo continuo a favor de la calidad docente, de la excelencia en la investigaci\u00f3n y en la transferencia de conocimiento, para impactar en la sociedad.<\/h2>\t\t\t\t<\/div>\n\t\t\t\t<\/div>\n\t\t\t\t<div class=\"elementor-element elementor-element-5094ae9 elementor-widget elementor-widget-heading\" data-id=\"5094ae9\" data-element_type=\"widget\" data-e-type=\"widget\" data-widget_type=\"heading.default\">\n\t\t\t\t<div class=\"elementor-widget-container\">\n\t\t\t\t\t<h2 class=\"elementor-heading-title elementor-size-default\">En 1997 se hac\u00eda realidad el sue\u00f1o de un grupo de personas que creyeron que era posible fundar una nueva universidad con identidad propia, que ofreciera una formaci\u00f3n de calidad, centrada en las personas, y con una clara voluntad de compromiso social. \n\n<br><br>Ahora, 25 a\u00f1os despu\u00e9s, UIC Barcelona es toda una realidad y una apuesta de futuro. Queremos celebrar que hemos cumplido un cuarto de siglo, y que nadie puede detenernos en nuestro af\u00e1n de superaci\u00f3n; tenemos la mirada puesta en el trabajo continuo a favor de la calidad docente, de la excelencia en la investigaci\u00f3n y en la transferencia de conocimiento, para impactar en la sociedad. \n\n<br><br>Siguiendo la estela de nuestros fundadores, sabemos que con esfuerzo, ilusi\u00f3n y superaci\u00f3n todo es posible y los sue\u00f1os se hacen realidad. \n\n<br><br>Gracias, desde aqu\u00ed, a todos los que hab\u00e9is cre\u00eddo, y continu\u00e1is creyendo, en este proyecto hecho realidad, a los que durante estos 25 a\u00f1os os hab\u00e9is dedicado a este en cuerpo y alma y hab\u00e9is puesto horas, compromiso y dedicaci\u00f3n. Gracias tambi\u00e9n a las instituciones y empresas que hab\u00e9is cre\u00eddo en nuestra universidad. Gracias, de coraz\u00f3n, a todos. \n<\/h2>\t\t\t\t<\/div>\n\t\t\t\t<\/div>\n\t\t\t\t<div class=\"elementor-element elementor-element-e090645 elementor-widget-divider--view-line elementor-widget elementor-widget-divider\" data-id=\"e090645\" data-element_type=\"widget\" data-e-type=\"widget\" data-widget_type=\"divider.default\">\n\t\t\t\t<div class=\"elementor-widget-container\">\n\t\t\t\t\t\t\t<div class=\"elementor-divider\">\n\t\t\t<span class=\"elementor-divider-separator\">\n\t\t\t\t\t\t<\/span>\n\t\t<\/div>\n\t\t\t\t\t\t<\/div>\n\t\t\t\t<\/div>\n\t\t\t\t\t<\/div>\n\t\t<\/div>\n\t\t\t\t\t<\/div>\n\t\t<\/section>\n\t\t\t\t<section class=\"elementor-section elementor-top-section elementor-element elementor-element-fc1abc0 elementor-section-boxed elementor-section-height-default elementor-section-height-default parallax_section_no qode_elementor_container_no\" data-id=\"fc1abc0\" data-element_type=\"section\" data-e-type=\"section\">\n\t\t\t\t\t\t<div class=\"elementor-container elementor-column-gap-default\">\n\t\t\t\t\t<div class=\"elementor-column elementor-col-50 elementor-top-column elementor-element elementor-element-36d86eb\" data-id=\"36d86eb\" data-element_type=\"column\" data-e-type=\"column\">\n\t\t\t<div class=\"elementor-widget-wrap elementor-element-populated\">\n\t\t\t\t\t\t<div class=\"elementor-element elementor-element-c2ca5c1 elementor-widget elementor-widget-image\" data-id=\"c2ca5c1\" data-element_type=\"widget\" data-e-type=\"widget\" data-widget_type=\"image.default\">\n\t\t\t\t<div class=\"elementor-widget-container\">\n\t\t\t\t\t\t\t\t\t\t\t\t\t\t\t<img decoding=\"async\" width=\"768\" height=\"512\" src=\"https:\/\/25anys.uic.es\/wp-content\/uploads\/2022\/09\/cristina-monforte.jpg\" class=\"attachment-large size-large wp-image-2963\" alt=\"\" srcset=\"https:\/\/25anys.uic.es\/wp-content\/uploads\/2022\/09\/cristina-monforte.jpg 768w, https:\/\/25anys.uic.es\/wp-content\/uploads\/2022\/09\/cristina-monforte-300x200.jpg 300w, https:\/\/25anys.uic.es\/wp-content\/uploads\/2022\/09\/cristina-monforte-700x467.jpg 700w\" sizes=\"(max-width: 768px) 100vw, 768px\" \/>\t\t\t\t\t\t\t\t\t\t\t\t\t\t\t<\/div>\n\t\t\t\t<\/div>\n\t\t\t\t\t<\/div>\n\t\t<\/div>\n\t\t\t\t<div class=\"elementor-column elementor-col-50 elementor-top-column elementor-element elementor-element-99a29cd\" data-id=\"99a29cd\" data-element_type=\"column\" data-e-type=\"column\">\n\t\t\t<div class=\"elementor-widget-wrap elementor-element-populated\">\n\t\t\t\t\t\t<div class=\"elementor-element elementor-element-d223571 elementor-widget elementor-widget-heading\" data-id=\"d223571\" data-element_type=\"widget\" data-e-type=\"widget\" data-widget_type=\"heading.default\">\n\t\t\t\t<div class=\"elementor-widget-container\">\n\t\t\t\t\t<h2 class=\"elementor-heading-title elementor-size-default\">Dra. Cristina Monforte<\/h2>\t\t\t\t<\/div>\n\t\t\t\t<\/div>\n\t\t\t\t<div class=\"elementor-element elementor-element-9648a5b elementor-widget elementor-widget-heading\" data-id=\"9648a5b\" data-element_type=\"widget\" data-e-type=\"widget\" data-widget_type=\"heading.default\">\n\t\t\t\t<div class=\"elementor-widget-container\">\n\t\t\t\t\t<h2 class=\"elementor-heading-title elementor-size-default\">Vicerrectora de Investigaci\u00f3n y Transferencia de Conocimiento, y vicerrectora de Ordenaci\u00f3n Acad\u00e9mica y Profesorado \n<\/h2>\t\t\t\t<\/div>\n\t\t\t\t<\/div>\n\t\t\t\t<div class=\"elementor-element elementor-element-3c29a64 elementor-widget elementor-widget-heading\" data-id=\"3c29a64\" data-element_type=\"widget\" data-e-type=\"widget\" data-widget_type=\"heading.default\">\n\t\t\t\t<div class=\"elementor-widget-container\">\n\t\t\t\t\t<h2 class=\"elementor-heading-title elementor-size-default\">UIC Barcelona tiene como objetivo contribuir al desarrollo del conocimiento, la tecnolog\u00eda y la mejora de la calidad de vida. Nuestra investigaci\u00f3n est\u00e1 enfocada en el avance cient\u00edfico para poder responder a las necesidades de la sociedad. Apostamos por el mejor talento investigador, promoviendo convocatorias competitivas, y garantizando un proceso de contrataci\u00f3n abierto, transparente y basado en el m\u00e9rito.\n\n<br><br>En estos 25 a\u00f1os, UIC Barcelona ha pasado de ser una universidad de nueva creaci\u00f3n y emergente a tener un espacio reconocido dentro del sistema universitario catal\u00e1n, y se ha situado en un entorno competitivo gracias a la captaci\u00f3n de talento, a la innovaci\u00f3n constante en los m\u00e9todos de docencia y de investigaci\u00f3n, y ha transferido conocimiento con impacto en la sociedad. A d\u00eda de hoy, estamos conectados con la sociedad y las empresas a trav\u00e9s de diecis\u00e9is c\u00e1tedras y cuatro aulas de empresa, cinco institutos de investigaci\u00f3n y tres cl\u00ednicas universitarias.\n\n<br><br>La enhorabuena a todos los que han hecho posible llegar hasta aqu\u00ed, y continuaremos trabajando y avanzando con la mirada puesta en la excelencia.\n<\/h2>\t\t\t\t<\/div>\n\t\t\t\t<\/div>\n\t\t\t\t<div class=\"elementor-element elementor-element-71af5b4 elementor-widget-divider--view-line elementor-widget elementor-widget-divider\" data-id=\"71af5b4\" data-element_type=\"widget\" data-e-type=\"widget\" data-widget_type=\"divider.default\">\n\t\t\t\t<div class=\"elementor-widget-container\">\n\t\t\t\t\t\t\t<div class=\"elementor-divider\">\n\t\t\t<span class=\"elementor-divider-separator\">\n\t\t\t\t\t\t<\/span>\n\t\t<\/div>\n\t\t\t\t\t\t<\/div>\n\t\t\t\t<\/div>\n\t\t\t\t\t<\/div>\n\t\t<\/div>\n\t\t\t\t\t<\/div>\n\t\t<\/section>\n\t\t\t\t<section class=\"elementor-section elementor-top-section elementor-element elementor-element-fc724ad elementor-section-boxed elementor-section-height-default elementor-section-height-default parallax_section_no qode_elementor_container_no\" data-id=\"fc724ad\" data-element_type=\"section\" data-e-type=\"section\">\n\t\t\t\t\t\t<div class=\"elementor-container elementor-column-gap-default\">\n\t\t\t\t\t<div class=\"elementor-column elementor-col-50 elementor-top-column elementor-element elementor-element-3993795\" data-id=\"3993795\" data-element_type=\"column\" data-e-type=\"column\">\n\t\t\t<div class=\"elementor-widget-wrap elementor-element-populated\">\n\t\t\t\t\t\t<div class=\"elementor-element elementor-element-72b5836 elementor-widget elementor-widget-image\" data-id=\"72b5836\" data-element_type=\"widget\" data-e-type=\"widget\" data-widget_type=\"image.default\">\n\t\t\t\t<div class=\"elementor-widget-container\">\n\t\t\t\t\t\t\t\t\t\t\t\t\t\t\t<img decoding=\"async\" width=\"768\" height=\"512\" src=\"https:\/\/25anys.uic.es\/wp-content\/uploads\/2022\/09\/esther-jimenez.jpg\" class=\"attachment-large size-large wp-image-2966\" alt=\"\" srcset=\"https:\/\/25anys.uic.es\/wp-content\/uploads\/2022\/09\/esther-jimenez.jpg 768w, https:\/\/25anys.uic.es\/wp-content\/uploads\/2022\/09\/esther-jimenez-300x200.jpg 300w, https:\/\/25anys.uic.es\/wp-content\/uploads\/2022\/09\/esther-jimenez-700x467.jpg 700w\" sizes=\"(max-width: 768px) 100vw, 768px\" \/>\t\t\t\t\t\t\t\t\t\t\t\t\t\t\t<\/div>\n\t\t\t\t<\/div>\n\t\t\t\t\t<\/div>\n\t\t<\/div>\n\t\t\t\t<div class=\"elementor-column elementor-col-50 elementor-top-column elementor-element elementor-element-8f16df8\" data-id=\"8f16df8\" data-element_type=\"column\" data-e-type=\"column\">\n\t\t\t<div class=\"elementor-widget-wrap elementor-element-populated\">\n\t\t\t\t\t\t<div class=\"elementor-element elementor-element-899deee elementor-widget elementor-widget-heading\" data-id=\"899deee\" data-element_type=\"widget\" data-e-type=\"widget\" data-widget_type=\"heading.default\">\n\t\t\t\t<div class=\"elementor-widget-container\">\n\t\t\t\t\t<h2 class=\"elementor-heading-title elementor-size-default\">Dra. Esther Jim\u00e9nez<\/h2>\t\t\t\t<\/div>\n\t\t\t\t<\/div>\n\t\t\t\t<div class=\"elementor-element elementor-element-760602e elementor-widget elementor-widget-heading\" data-id=\"760602e\" data-element_type=\"widget\" data-e-type=\"widget\" data-widget_type=\"heading.default\">\n\t\t\t\t<div class=\"elementor-widget-container\">\n\t\t\t\t\t<h2 class=\"elementor-heading-title elementor-size-default\">vicerrectora de Comunidad Universitaria de UIC Barcelona<\/h2>\t\t\t\t<\/div>\n\t\t\t\t<\/div>\n\t\t\t\t<div class=\"elementor-element elementor-element-a6e65b8 elementor-widget elementor-widget-heading\" data-id=\"a6e65b8\" data-element_type=\"widget\" data-e-type=\"widget\" data-widget_type=\"heading.default\">\n\t\t\t\t<div class=\"elementor-widget-container\">\n\t\t\t\t\t<h2 class=\"elementor-heading-title elementor-size-default\">Tenemos por delante un curso maravilloso para celebrar. El 2 de octubre de 2022 es solo el inicio de una gran celebraci\u00f3n, que culminar\u00e1 el mes de junio de 2023, con el cierre del curso acad\u00e9mico. Ser\u00e1 un curso lleno de actividades extraordinarias abiertas tanto a la comunidad universitaria como a las familias, y a la sociedad en general. Ser\u00e1 una buena oportunidad para mostrar al mundo lo que somos, lo que hacemos, c\u00f3mo lo hacemos, y hacia d\u00f3nde vamos.\n\n<br><br>Somos una comunidad universitaria de m\u00e1s de 8.000 alumnos y 25.000 alumni de cien nacionalidades diferentes: una comunidad rica, diversa e inclusiva. En UIC Barcelona cabe todo el mundo, sin hacer distinci\u00f3n ni discriminaci\u00f3n alguna. El 25.\u00ba aniversario es la celebraci\u00f3n de cada uno, es tu celebraci\u00f3n, la de todos los que forman y han formado parte de este proyecto. Os animamos a participar activamente en el programa de actos que hemos preparado con mucha ilusi\u00f3n y a vivirlo con intensidad. \u00a1Muchas felicidades a todos!\n<\/h2>\t\t\t\t<\/div>\n\t\t\t\t<\/div>\n\t\t\t\t<div class=\"elementor-element elementor-element-e0fb8ff elementor-widget-divider--view-line elementor-widget elementor-widget-divider\" data-id=\"e0fb8ff\" data-element_type=\"widget\" data-e-type=\"widget\" data-widget_type=\"divider.default\">\n\t\t\t\t<div class=\"elementor-widget-container\">\n\t\t\t\t\t\t\t<div class=\"elementor-divider\">\n\t\t\t<span class=\"elementor-divider-separator\">\n\t\t\t\t\t\t<\/span>\n\t\t<\/div>\n\t\t\t\t\t\t<\/div>\n\t\t\t\t<\/div>\n\t\t\t\t\t<\/div>\n\t\t<\/div>\n\t\t\t\t\t<\/div>\n\t\t<\/section>\n\t\t\t\t<section class=\"elementor-section elementor-top-section elementor-element elementor-element-c991e6f elementor-section-boxed elementor-section-height-default elementor-section-height-default parallax_section_no qode_elementor_container_no\" data-id=\"c991e6f\" data-element_type=\"section\" data-e-type=\"section\">\n\t\t\t\t\t\t<div class=\"elementor-container elementor-column-gap-default\">\n\t\t\t\t\t<div class=\"elementor-column elementor-col-50 elementor-top-column elementor-element elementor-element-28bd090\" data-id=\"28bd090\" data-element_type=\"column\" data-e-type=\"column\">\n\t\t\t<div class=\"elementor-widget-wrap elementor-element-populated\">\n\t\t\t\t\t\t<div class=\"elementor-element elementor-element-2f76359 elementor-widget elementor-widget-image\" data-id=\"2f76359\" data-element_type=\"widget\" data-e-type=\"widget\" data-widget_type=\"image.default\">\n\t\t\t\t<div class=\"elementor-widget-container\">\n\t\t\t\t\t\t\t\t\t\t\t\t\t\t\t<img loading=\"lazy\" decoding=\"async\" width=\"768\" height=\"512\" src=\"https:\/\/25anys.uic.es\/wp-content\/uploads\/2022\/09\/belen-castro.jpg\" class=\"attachment-large size-large wp-image-2960\" alt=\"\" srcset=\"https:\/\/25anys.uic.es\/wp-content\/uploads\/2022\/09\/belen-castro.jpg 768w, https:\/\/25anys.uic.es\/wp-content\/uploads\/2022\/09\/belen-castro-300x200.jpg 300w, https:\/\/25anys.uic.es\/wp-content\/uploads\/2022\/09\/belen-castro-700x467.jpg 700w\" sizes=\"(max-width: 768px) 100vw, 768px\" \/>\t\t\t\t\t\t\t\t\t\t\t\t\t\t\t<\/div>\n\t\t\t\t<\/div>\n\t\t\t\t\t<\/div>\n\t\t<\/div>\n\t\t\t\t<div class=\"elementor-column elementor-col-50 elementor-top-column elementor-element elementor-element-2629584\" data-id=\"2629584\" data-element_type=\"column\" data-e-type=\"column\">\n\t\t\t<div class=\"elementor-widget-wrap elementor-element-populated\">\n\t\t\t\t\t\t<div class=\"elementor-element elementor-element-fbcad1e elementor-widget elementor-widget-heading\" data-id=\"fbcad1e\" data-element_type=\"widget\" data-e-type=\"widget\" data-widget_type=\"heading.default\">\n\t\t\t\t<div class=\"elementor-widget-container\">\n\t\t\t\t\t<h2 class=\"elementor-heading-title elementor-size-default\">Sra. Bel\u00e9n Castro<\/h2>\t\t\t\t<\/div>\n\t\t\t\t<\/div>\n\t\t\t\t<div class=\"elementor-element elementor-element-9923788 elementor-widget elementor-widget-heading\" data-id=\"9923788\" data-element_type=\"widget\" data-e-type=\"widget\" data-widget_type=\"heading.default\">\n\t\t\t\t<div class=\"elementor-widget-container\">\n\t\t\t\t\t<h2 class=\"elementor-heading-title elementor-size-default\">Secretaria general\n\n<\/h2>\t\t\t\t<\/div>\n\t\t\t\t<\/div>\n\t\t\t\t<div class=\"elementor-element elementor-element-fdecc1d elementor-widget elementor-widget-heading\" data-id=\"fdecc1d\" data-element_type=\"widget\" data-e-type=\"widget\" data-widget_type=\"heading.default\">\n\t\t\t\t<div class=\"elementor-widget-container\">\n\t\t\t\t\t<h2 class=\"elementor-heading-title elementor-size-default\">El 2 de octubre de 1997 se publicaba en el Diari Oficial de la Generalitat de Catalunya (DOGC) la aprobaci\u00f3n de la Universitat Internacional de Catalunya. Desde entonces, ha pasado un cuarto de siglo en que hemos vivido diferentes cambios legislativos y reformas en el sistema universitario. Nos hemos sabido adaptar al cambio, y lo hemos hecho manteniendo siempre nuestro esp\u00edritu y la misma identidad.\n \n<br><br>Como universidad privada sin \u00e1nimo de lucro que somos, creemos en el trabajo bien hecho y en el trabajo continuo y queremos prestar un servicio a la sociedad, mediante la realizaci\u00f3n de tareas docentes y de investigaci\u00f3n cient\u00edfica dirigidas a la capacitaci\u00f3n profesional y la formaci\u00f3n cient\u00edfica, cultural y humana de nuestros estudiantes.\n<\/h2>\t\t\t\t<\/div>\n\t\t\t\t<\/div>\n\t\t\t\t<div class=\"elementor-element elementor-element-e3d9bcd elementor-widget-divider--view-line elementor-widget elementor-widget-divider\" data-id=\"e3d9bcd\" data-element_type=\"widget\" data-e-type=\"widget\" data-widget_type=\"divider.default\">\n\t\t\t\t<div class=\"elementor-widget-container\">\n\t\t\t\t\t\t\t<div class=\"elementor-divider\">\n\t\t\t<span class=\"elementor-divider-separator\">\n\t\t\t\t\t\t<\/span>\n\t\t<\/div>\n\t\t\t\t\t\t<\/div>\n\t\t\t\t<\/div>\n\t\t\t\t\t<\/div>\n\t\t<\/div>\n\t\t\t\t\t<\/div>\n\t\t<\/section>\n\t\t\t\t<section class=\"elementor-section elementor-top-section elementor-element elementor-element-49bd95d elementor-section-boxed elementor-section-height-default elementor-section-height-default parallax_section_no qode_elementor_container_no\" data-id=\"49bd95d\" data-element_type=\"section\" data-e-type=\"section\">\n\t\t\t\t\t\t<div class=\"elementor-container elementor-column-gap-default\">\n\t\t\t\t\t<div class=\"elementor-column elementor-col-50 elementor-top-column elementor-element elementor-element-1628171\" data-id=\"1628171\" data-element_type=\"column\" data-e-type=\"column\">\n\t\t\t<div class=\"elementor-widget-wrap elementor-element-populated\">\n\t\t\t\t\t\t<div class=\"elementor-element elementor-element-99c6738 elementor-widget elementor-widget-image\" data-id=\"99c6738\" data-element_type=\"widget\" data-e-type=\"widget\" data-widget_type=\"image.default\">\n\t\t\t\t<div class=\"elementor-widget-container\">\n\t\t\t\t\t\t\t\t\t\t\t\t\t\t\t<img loading=\"lazy\" decoding=\"async\" width=\"768\" height=\"512\" src=\"https:\/\/25anys.uic.es\/wp-content\/uploads\/2022\/09\/JM-torne.jpg\" class=\"attachment-large size-large wp-image-2969\" alt=\"\" srcset=\"https:\/\/25anys.uic.es\/wp-content\/uploads\/2022\/09\/JM-torne.jpg 768w, https:\/\/25anys.uic.es\/wp-content\/uploads\/2022\/09\/JM-torne-300x200.jpg 300w, https:\/\/25anys.uic.es\/wp-content\/uploads\/2022\/09\/JM-torne-700x467.jpg 700w\" sizes=\"(max-width: 768px) 100vw, 768px\" \/>\t\t\t\t\t\t\t\t\t\t\t\t\t\t\t<\/div>\n\t\t\t\t<\/div>\n\t\t\t\t\t<\/div>\n\t\t<\/div>\n\t\t\t\t<div class=\"elementor-column elementor-col-50 elementor-top-column elementor-element elementor-element-b081b27\" data-id=\"b081b27\" data-element_type=\"column\" data-e-type=\"column\">\n\t\t\t<div class=\"elementor-widget-wrap elementor-element-populated\">\n\t\t\t\t\t\t<div class=\"elementor-element elementor-element-df7273e elementor-widget elementor-widget-heading\" data-id=\"df7273e\" data-element_type=\"widget\" data-e-type=\"widget\" data-widget_type=\"heading.default\">\n\t\t\t\t<div class=\"elementor-widget-container\">\n\t\t\t\t\t<h2 class=\"elementor-heading-title elementor-size-default\">Sr. Josep Maria Torn\u00e9<\/h2>\t\t\t\t<\/div>\n\t\t\t\t<\/div>\n\t\t\t\t<div class=\"elementor-element elementor-element-3dd718a elementor-widget elementor-widget-heading\" data-id=\"3dd718a\" data-element_type=\"widget\" data-e-type=\"widget\" data-widget_type=\"heading.default\">\n\t\t\t\t<div class=\"elementor-widget-container\">\n\t\t\t\t\t<h2 class=\"elementor-heading-title elementor-size-default\">Gerente\n\n<\/h2>\t\t\t\t<\/div>\n\t\t\t\t<\/div>\n\t\t\t\t<div class=\"elementor-element elementor-element-8f3db0b elementor-widget elementor-widget-heading\" data-id=\"8f3db0b\" data-element_type=\"widget\" data-e-type=\"widget\" data-widget_type=\"heading.default\">\n\t\t\t\t<div class=\"elementor-widget-container\">\n\t\t\t\t\t<h2 class=\"elementor-heading-title elementor-size-default\">En los \u00faltimos a\u00f1os, en nuestra universidad hemos vivido un gran cambio estructural que se ha traducido en nuevas inversiones en infraestructuras. Las diversas obras que se han llevado a cabo han respondido a la l\u00f3gica de la nueva dimensi\u00f3n que ha tomado la Universidad, y de las necesidades derivadas. Tenemos, en la actualidad, dos campus, en Barcelona y Sant Cugat del Vall\u00e8s, que acogen ocho facultades, cinco institutos de investigaci\u00f3n, tres cl\u00ednicas universitarias, una escuela de doctorado, y un campus de la experiencia.\n<br><br>\n \nA lo largo de los 25 a\u00f1os, la Instituci\u00f3n ha invertido fundamentalmente en las personas que la conforman. El crecimiento en infraestructuras o la dotaci\u00f3n tecnol\u00f3gica siempre han respondido con medida a la misi\u00f3n de la Universidad, para garantizar una docencia y una b\u00fasqueda de la excelencia, y centr\u00e1ndonos especialmente en la sostenibilidad en todo lo que hacemos\u201d.\n \n<br><br>\nLos tiempos actuales de crisis energ\u00e9tica y clim\u00e1tica exigen la responsabilidad de todo el mundo para hacer un uso responsable de los recursos, a la vez que no se puede dejar de velar para optimizar los procesos internos de la Instituci\u00f3n. En este sentido, nos encontramos inmersos en plena transformaci\u00f3n digital, lo que permitir\u00e1 dar un salto tecnol\u00f3gico y organizacional a nuestra universidad\u201d. \n<\/h2>\t\t\t\t<\/div>\n\t\t\t\t<\/div>\n\t\t\t\t<div class=\"elementor-element elementor-element-a6f43ac elementor-widget-divider--view-line elementor-widget elementor-widget-divider\" data-id=\"a6f43ac\" data-element_type=\"widget\" data-e-type=\"widget\" data-widget_type=\"divider.default\">\n\t\t\t\t<div class=\"elementor-widget-container\">\n\t\t\t\t\t\t\t<div class=\"elementor-divider\">\n\t\t\t<span class=\"elementor-divider-separator\">\n\t\t\t\t\t\t<\/span>\n\t\t<\/div>\n\t\t\t\t\t\t<\/div>\n\t\t\t\t<\/div>\n\t\t\t\t\t<\/div>\n\t\t<\/div>\n\t\t\t\t\t<\/div>\n\t\t<\/section>\n\t\t\t\t<section class=\"elementor-section elementor-top-section elementor-element elementor-element-53b334e elementor-section-boxed elementor-section-height-default elementor-section-height-default parallax_section_no qode_elementor_container_no\" data-id=\"53b334e\" data-element_type=\"section\" data-e-type=\"section\">\n\t\t\t\t\t\t<div class=\"elementor-container elementor-column-gap-default\">\n\t\t\t\t\t<div class=\"elementor-column elementor-col-50 elementor-top-column elementor-element elementor-element-acf1bcf\" data-id=\"acf1bcf\" data-element_type=\"column\" data-e-type=\"column\">\n\t\t\t<div class=\"elementor-widget-wrap elementor-element-populated\">\n\t\t\t\t\t\t<div class=\"elementor-element elementor-element-09f9f3e elementor-widget elementor-widget-image\" data-id=\"09f9f3e\" data-element_type=\"widget\" data-e-type=\"widget\" data-widget_type=\"image.default\">\n\t\t\t\t<div class=\"elementor-widget-container\">\n\t\t\t\t\t\t\t\t\t\t\t\t\t\t\t<img loading=\"lazy\" decoding=\"async\" width=\"799\" height=\"557\" src=\"https:\/\/25anys.uic.es\/wp-content\/uploads\/2022\/09\/CARME-RIERA-181001.jpg\" class=\"attachment-large size-large wp-image-2264\" alt=\"\" srcset=\"https:\/\/25anys.uic.es\/wp-content\/uploads\/2022\/09\/CARME-RIERA-181001.jpg 799w, https:\/\/25anys.uic.es\/wp-content\/uploads\/2022\/09\/CARME-RIERA-181001-300x209.jpg 300w, https:\/\/25anys.uic.es\/wp-content\/uploads\/2022\/09\/CARME-RIERA-181001-768x535.jpg 768w, https:\/\/25anys.uic.es\/wp-content\/uploads\/2022\/09\/CARME-RIERA-181001-700x488.jpg 700w\" sizes=\"(max-width: 799px) 100vw, 799px\" \/>\t\t\t\t\t\t\t\t\t\t\t\t\t\t\t<\/div>\n\t\t\t\t<\/div>\n\t\t\t\t\t<\/div>\n\t\t<\/div>\n\t\t\t\t<div class=\"elementor-column elementor-col-50 elementor-top-column elementor-element elementor-element-c24e2cc\" data-id=\"c24e2cc\" data-element_type=\"column\" data-e-type=\"column\">\n\t\t\t<div class=\"elementor-widget-wrap elementor-element-populated\">\n\t\t\t\t\t\t<div class=\"elementor-element elementor-element-e2edf85 elementor-widget elementor-widget-heading\" data-id=\"e2edf85\" data-element_type=\"widget\" data-e-type=\"widget\" data-widget_type=\"heading.default\">\n\t\t\t\t<div class=\"elementor-widget-container\">\n\t\t\t\t\t<h2 class=\"elementor-heading-title elementor-size-default\">Sra. Carme Riera\n<\/h2>\t\t\t\t<\/div>\n\t\t\t\t<\/div>\n\t\t\t\t<div class=\"elementor-element elementor-element-909cb56 elementor-widget elementor-widget-heading\" data-id=\"909cb56\" data-element_type=\"widget\" data-e-type=\"widget\" data-widget_type=\"heading.default\">\n\t\t\t\t<div class=\"elementor-widget-container\">\n\t\t\t\t\t<h2 class=\"elementor-heading-title elementor-size-default\">Directora de Gesti\u00f3n Econ\u00f3mica\n\n<\/h2>\t\t\t\t<\/div>\n\t\t\t\t<\/div>\n\t\t\t\t<div class=\"elementor-element elementor-element-358ae9b elementor-widget elementor-widget-heading\" data-id=\"358ae9b\" data-element_type=\"widget\" data-e-type=\"widget\" data-widget_type=\"heading.default\">\n\t\t\t\t<div class=\"elementor-widget-container\">\n\t\t\t\t\t<h2 class=\"elementor-heading-title elementor-size-default\">M\u00e1s all\u00e1 de los datos num\u00e9ricos, lo m\u00e1s importante para nuestra universidad\nson las personas. Una universidad al servicio de la sociedad, con una comunidad comprometida que, con su esfuerzo, hace un mundo m\u00e1s humano. \nDesde aqu\u00ed y con motivo de los 25 a\u00f1os, es momento de agradecer a todo el personal docente, de administraci\u00f3n y servicios, alumnos y antiguos alumnos su dedicaci\u00f3n para hacerlo posible. Damos las gracias especialmente a todas las personas, empresas e instituciones que de alguna manera han colaborado con el proyecto de la Universidad, as\u00ed como tambi\u00e9n a todas las entidades que nos prestan su apoyo estrat\u00e9gico.\n\n<br><br>\u00a1Felicidades por estos 25 a\u00f1os! Es un orgullo formar parte de una instituci\u00f3n en la que su principal activo son las personas. UIC Barcelona es una universidad que se ha hecho a s\u00ed misma, que ha crecido como una gran familia en la que el mayor patrimonio es el trabajo y el esfuerzo diario de todos los que la conforman y que participan en ella.\n<\/h2>\t\t\t\t<\/div>\n\t\t\t\t<\/div>\n\t\t\t\t\t<\/div>\n\t\t<\/div>\n\t\t\t\t\t<\/div>\n\t\t<\/section>\n\t\t\t\t<\/div>\n\t\t","protected":false},"excerpt":{"rendered":"<p>Saludos institucionales 25 a\u00f1os de dedicaci\u00f3n y pasi\u00f3n COMPROMETIDOS COMPROMETIDOS UIC Barcelona es hoy en d\u00eda la instituci\u00f3n que es gracias al compromiso de las personas que creyeron y creen en el proyecto. Comprometidos con la misi\u00f3n de la Universidad: promover el conocimiento, la investigaci\u00f3n&#8230;<\/p>\n","protected":false},"author":2,"featured_media":0,"parent":0,"menu_order":2,"comment_status":"closed","ping_status":"closed","template":"full_width.php","meta":{"om_disable_all_campaigns":false,"_monsterinsights_skip_tracking":false,"_monsterinsights_sitenote_active":false,"_monsterinsights_sitenote_note":"","_monsterinsights_sitenote_category":0,"_uf_show_specific_survey":0,"_uf_disable_surveys":false,"footnotes":""},"class_list":["post-2244","page","type-page","status-publish","hentry"],"aioseo_notices":[],"_links":{"self":[{"href":"https:\/\/25anys.uic.es\/es\/wp-json\/wp\/v2\/pages\/2244","targetHints":{"allow":["GET"]}}],"collection":[{"href":"https:\/\/25anys.uic.es\/es\/wp-json\/wp\/v2\/pages"}],"about":[{"href":"https:\/\/25anys.uic.es\/es\/wp-json\/wp\/v2\/types\/page"}],"author":[{"embeddable":true,"href":"https:\/\/25anys.uic.es\/es\/wp-json\/wp\/v2\/users\/2"}],"replies":[{"embeddable":true,"href":"https:\/\/25anys.uic.es\/es\/wp-json\/wp\/v2\/comments?post=2244"}],"version-history":[{"count":0,"href":"https:\/\/25anys.uic.es\/es\/wp-json\/wp\/v2\/pages\/2244\/revisions"}],"wp:attachment":[{"href":"https:\/\/25anys.uic.es\/es\/wp-json\/wp\/v2\/media?parent=2244"}],"curies":[{"name":"wp","href":"https:\/\/api.w.org\/{rel}","templated":true}]}}